{"id":786007,"date":"2026-04-15T02:31:45","date_gmt":"2026-04-14T23:31:45","guid":{"rendered":"https:\/\/roveyayinevi.com.tr\/index.php\/urun\/genc-emekli-ozyasam-oykusu-06\/"},"modified":"2026-04-15T02:31:45","modified_gmt":"2026-04-14T23:31:45","slug":"genc-emekli-ozyasam-oykusu-06","status":"publish","type":"product","link":"https:\/\/roveyayinevi.com.tr\/index.php\/urun\/genc-emekli-ozyasam-oykusu-06\/","title":{"rendered":"Gen\u00e7 Emekli \u00d6zya\u015fam \u00d6yk\u00fcs\u00fc &#8211; 06"},"content":{"rendered":"<p>Bir ya\u015fam bu, \u00f6zya\u015fam&#8230; Kurulu\u015funu, serpilip geli\u015fmesine kat\u0131ld\u0131\u011f\u0131m T\u00fcrkiye \u00d6\u011fretmenler Sendikas\u0131 (T\u00d6S), askersel yarg\u0131 \u00f6n\u00fcnde akland\u0131\u011f\u0131 halde, anayasa de\u011fi\u015fikli\u011fiyle kapat\u0131ld\u0131. Ben de beraat etti\u011fim halde mesle\u011fim \u00f6\u011fretmenli\u011fe d\u00f6nd\u00fcr\u00fclmedim. \u0130stemeyerek emeklili\u011fe ayr\u0131ld\u0131m. Benim gibisine \u201cGen\u00e7 Emekli\u201d derler. Vaktimi yaz\u0131lar\u0131ma, kitaplar\u0131ma verdim. F\u0131rsat bulunca da gezdim. Bir ara bizlere biraz soluk ald\u0131ran bir h\u00fck\u00fcmet kuruldu, K\u00fclt\u00fcr Bakanl\u0131\u011f\u0131 dan\u0131\u015fmanl\u0131\u011f\u0131na \u00e7a\u011fr\u0131ld\u0131m. Ne yaz\u0131k uzun s\u00fcrmedi bu. Ayr\u0131l\u0131p Avrupa\u2019daki g\u00f6\u00e7men i\u015f\u00e7i ya\u015fam\u0131n\u0131 izlemeye gittim. Yurtta \u00f6l\u00fcm kol geziyordu. Ter\u00f6r t\u0131rmana t\u0131rmana b\u00fct\u00fcn k\u00f6y\u00fc k\u00f6\u015feyi, yurdu buca\u011f\u0131 sard\u0131. \u00c7ok ac\u0131 \u00f6yk\u00fclerdir bunlar ne yaz\u0131k. <\/p>\n","protected":false},"excerpt":{"rendered":"<p>Bir ya\u015fam bu, \u00f6zya\u015fam&#8230; Kurulu\u015funu, serpilip geli\u015fmesine kat\u0131ld\u0131\u011f\u0131m T\u00fcrkiye \u00d6\u011fretmenler Sendikas\u0131 (T\u00d6S), askersel yarg\u0131 \u00f6n\u00fcnde akland\u0131\u011f\u0131 halde, anayasa de\u011fi\u015fikli\u011fiyle kapat\u0131ld\u0131. Ben de beraat etti\u011fim halde mesle\u011fim<span class=\"excerpt-hellip\"> [\u2026]<\/span><\/p>\n","protected":false},"featured_media":0,"template":"","meta":{"_monsterinsights_skip_tracking":false,"_monsterinsights_sitenote_active":false,"_monsterinsights_sitenote_note":"","_monsterinsights_sitenote_category":0},"product_brand":[],"product_cat":[14009,12291],"product_tag":[],"class_list":{"0":"post-786007","1":"product","2":"type-product","3":"status-publish","5":"product_cat-biyografi-otobiyografi-edebiyat","6":"product_cat-edebiyat","7":"pa_cilt-ciltsiz","8":"pa_tur-kitap","9":"pa_yayinevi-literatur-yayinevi","10":"pa_yazar-fakir-baykurt","12":"first","13":"instock","14":"sale","15":"shipping-taxable","16":"purchasable","17":"product-type-simple"},"_links":{"self":[{"href":"https:\/\/roveyayinevi.com.tr\/index.php\/wp-json\/wp\/v2\/product\/786007","targetHints":{"allow":["GET"]}}],"collection":[{"href":"https:\/\/roveyayinevi.com.tr\/index.php\/wp-json\/wp\/v2\/product"}],"about":[{"href":"https:\/\/roveyayinevi.com.tr\/index.php\/wp-json\/wp\/v2\/types\/product"}],"wp:attachment":[{"href":"https:\/\/roveyayinevi.com.tr\/index.php\/wp-json\/wp\/v2\/media?parent=786007"}],"wp:term":[{"taxonomy":"product_brand","embeddable":true,"href":"https:\/\/roveyayinevi.com.tr\/index.php\/wp-json\/wp\/v2\/product_brand?post=786007"},{"taxonomy":"product_cat","embeddable":true,"href":"https:\/\/roveyayinevi.com.tr\/index.php\/wp-json\/wp\/v2\/product_cat?post=786007"},{"taxonomy":"product_tag","embeddable":true,"href":"https:\/\/roveyayinevi.com.tr\/index.php\/wp-json\/wp\/v2\/product_tag?post=786007"}],"curies":[{"name":"wp","href":"https:\/\/api.w.org\/{rel}","templated":true}]}}