{"id":785917,"date":"2026-04-11T03:53:09","date_gmt":"2026-04-11T00:53:09","guid":{"rendered":"https:\/\/roveyayinevi.com.tr\/index.php\/urun\/abdulkadir-asi-bencil-ve-capkin\/"},"modified":"2026-04-15T03:49:56","modified_gmt":"2026-04-15T00:49:56","slug":"abdulkadir-asi-bencil-ve-capkin","status":"publish","type":"product","link":"https:\/\/roveyayinevi.com.tr\/index.php\/urun\/abdulkadir-asi-bencil-ve-capkin\/","title":{"rendered":"Abd\u00fclkadir &#8211; Asi, Bencil ve \u00c7apk\u0131n"},"content":{"rendered":"<p>Yapt\u0131\u011f\u0131 \u00f6zg\u00fcn \u00e7al\u0131\u015fmalarla T\u00fcrk ve d\u00fcnya tarih literat\u00fcr\u00fcne \u00f6nemli katk\u0131larda bulunmu\u015f \u00e7ok de\u011ferli bir isim olan Prof. Dr. Ali Aky\u0131ld\u0131z bu \u00e7al\u0131\u015fmas\u0131nda, Sultan II. Abd\u00fclhamid\u2019in ele avuca s\u0131\u011fmaz, kural tan\u0131maz, isyank\u00e2r, ahlak\u00ee a\u00e7\u0131dan s\u0131k\u0131nt\u0131l\u0131, ha\u015far\u0131, \u00e7apk\u0131n ve aile sorumlulu\u011fundan uzak o\u011flu Abd\u00fclkadir Efendi\u2019nin hayat\u0131n\u0131 anlat\u0131yor. \u2022       \u015eehzade Abd\u00fclkadir Efendi\u2019nin do\u011fumu, ailesi, e\u011fitimi, s\u00fcnnet d\u00fc\u011f\u00fcn\u00fc\u2026 \u2022       Askeriyeye intisab\u0131 ve bir \u015fehzade olarak resm\u00ee t\u00f6renlerdeki konumu ve Y\u0131ld\u0131z Saray\u0131\u2019ndaki hayat\u0131\u2026 \u2022       Babas\u0131 Sultan II. Abd\u00fclhamid\u2019in tahttan indirilmesi \u00f6ncesinde \u015fehzadenin \u015fehre yerle\u015fmesi, padi\u015fah ve hanedan \u00fcyeleriyle ili\u015fkileri\u2026 \u2022       Beyo\u011flu \u00e2lemlerine h\u0131zl\u0131 bir giri\u015f yaparak ve hanedan\u0131n haysiyet ve \u015ferefiyle ba\u011fda\u015fmayan t\u00fcrl\u00fc skandallar\u0131n \u00f6znesi olarak kendi sosyal stat\u00fcs\u00fcn\u00fcn alt\u0131ndaki kad\u0131nlarla kurdu\u011fu ili\u015fkiler\u2026 \u2022       E\u015fi Macide Han\u0131m\u2019\u0131n tedavisi i\u00e7in gitmi\u015f oldu\u011fu Viyana\u2019da ve daha sonra ge\u00e7ti\u011fi Budape\u015fte\u2019de Birinci D\u00fcnya Sava\u015f\u0131\u2019n\u0131n ortaya \u00e7\u0131kard\u0131\u011f\u0131 ko\u015fullardan \u00f6t\u00fcr\u00fc mahsur kal\u0131\u015f\u0131\u2026<\/p>\n","protected":false},"excerpt":{"rendered":"<p>Yapt\u0131\u011f\u0131 \u00f6zg\u00fcn \u00e7al\u0131\u015fmalarla T\u00fcrk ve d\u00fcnya tarih literat\u00fcr\u00fcne \u00f6nemli katk\u0131larda bulunmu\u015f \u00e7ok de\u011ferli bir isim olan Prof. Dr. Ali Aky\u0131ld\u0131z bu \u00e7al\u0131\u015fmas\u0131nda, Sultan II. Abd\u00fclhamid\u2019in ele<span class=\"excerpt-hellip\"> [\u2026]<\/span><\/p>\n","protected":false},"featured_media":0,"template":"","meta":{"_monsterinsights_skip_tracking":false,"_monsterinsights_sitenote_active":false,"_monsterinsights_sitenote_note":"","_monsterinsights_sitenote_category":0},"product_brand":[],"product_cat":[13517,12304],"product_tag":[],"class_list":{"0":"post-785917","1":"product","2":"type-product","3":"status-publish","5":"product_cat-osmanli-tarihi","6":"product_cat-tarih","7":"pa_cilt-ciltsiz","8":"pa_tur-kitap","9":"pa_yayinevi-timas-yayinlari","10":"pa_yazar-ali-akyildiz","12":"first","13":"instock","14":"sale","15":"shipping-taxable","16":"purchasable","17":"product-type-simple"},"_links":{"self":[{"href":"https:\/\/roveyayinevi.com.tr\/index.php\/wp-json\/wp\/v2\/product\/785917","targetHints":{"allow":["GET"]}}],"collection":[{"href":"https:\/\/roveyayinevi.com.tr\/index.php\/wp-json\/wp\/v2\/product"}],"about":[{"href":"https:\/\/roveyayinevi.com.tr\/index.php\/wp-json\/wp\/v2\/types\/product"}],"wp:attachment":[{"href":"https:\/\/roveyayinevi.com.tr\/index.php\/wp-json\/wp\/v2\/media?parent=785917"}],"wp:term":[{"taxonomy":"product_brand","embeddable":true,"href":"https:\/\/roveyayinevi.com.tr\/index.php\/wp-json\/wp\/v2\/product_brand?post=785917"},{"taxonomy":"product_cat","embeddable":true,"href":"https:\/\/roveyayinevi.com.tr\/index.php\/wp-json\/wp\/v2\/product_cat?post=785917"},{"taxonomy":"product_tag","embeddable":true,"href":"https:\/\/roveyayinevi.com.tr\/index.php\/wp-json\/wp\/v2\/product_tag?post=785917"}],"curies":[{"name":"wp","href":"https:\/\/api.w.org\/{rel}","templated":true}]}}