{"id":785813,"date":"2026-04-11T03:49:41","date_gmt":"2026-04-11T00:49:41","guid":{"rendered":"https:\/\/roveyayinevi.com.tr\/index.php\/urun\/avrupanin-vicdani-felsefe-ve-kriz\/"},"modified":"2026-04-15T03:49:20","modified_gmt":"2026-04-15T00:49:20","slug":"avrupanin-vicdani-felsefe-ve-kriz","status":"publish","type":"product","link":"https:\/\/roveyayinevi.com.tr\/index.php\/urun\/avrupanin-vicdani-felsefe-ve-kriz\/","title":{"rendered":"Avrupa\u2019n\u0131n Vicdan\u0131 &#8211; Felsefe ve Kriz"},"content":{"rendered":"<p>Avrupa, y\u00fczy\u0131llar boyunca akl\u0131n ve felsefenin rehberli\u011finde kendi anlam\u0131n\u0131 kurdu. Ancak modern \u00e7a\u011fda bu anlam giderek silikle\u015fti; bilim ilerledik\u00e7e insan, kendi varolu\u015funun temelini sorgulamay\u0131 unuttu. Edmund Husserl, bu eserde Avrupa\u2019n\u0131n i\u00e7inde bulundu\u011fu krizi yaln\u0131zca tarihsel bir durum olarak de\u011fil, akl\u0131n yanl\u0131\u015f anla\u015f\u0131lmas\u0131n\u0131n sonucu olan derin bir tinsel kopu\u015f olarak ele al\u0131r.Bu kitap, Avrupa\u2019n\u0131n krizini anlamak isteyenler i\u00e7in oldu\u011fu kadar, insanl\u0131\u011f\u0131n gelece\u011fini ak\u0131l ve felsefe \u0131\u015f\u0131\u011f\u0131nda yeniden d\u00fc\u015f\u00fcnmek isteyen herkes i\u00e7in g\u00fc\u00e7l\u00fc bir \u00e7a\u011fr\u0131d\u0131r. \u00c7\u00fcnk\u00fc Husserl\u2019in i\u015faret etti\u011fi gibi, ger\u00e7ek yenilenme ancak d\u00fc\u015f\u00fcncenin kendisini yeniden ke\u015ffetmesiyle m\u00fcmk\u00fcnd\u00fcr.<\/p>\n","protected":false},"excerpt":{"rendered":"<p>Avrupa, y\u00fczy\u0131llar boyunca akl\u0131n ve felsefenin rehberli\u011finde kendi anlam\u0131n\u0131 kurdu. Ancak modern \u00e7a\u011fda bu anlam giderek silikle\u015fti; bilim ilerledik\u00e7e insan, kendi varolu\u015funun temelini sorgulamay\u0131 unuttu. Edmund<span class=\"excerpt-hellip\"> [\u2026]<\/span><\/p>\n","protected":false},"featured_media":0,"template":"","meta":{"_monsterinsights_skip_tracking":false,"_monsterinsights_sitenote_active":false,"_monsterinsights_sitenote_note":"","_monsterinsights_sitenote_category":0},"product_brand":[],"product_cat":[20351,12388],"product_tag":[],"class_list":{"0":"post-785813","1":"product","2":"type-product","3":"status-publish","5":"product_cat-dusunce","6":"product_cat-felsefe","7":"pa_cilt-ciltsiz","8":"pa_tur-kitap","9":"pa_yayinevi-profil-kitap","10":"pa_yazar-edmund-husserl","12":"first","13":"instock","14":"sale","15":"shipping-taxable","16":"purchasable","17":"product-type-simple"},"_links":{"self":[{"href":"https:\/\/roveyayinevi.com.tr\/index.php\/wp-json\/wp\/v2\/product\/785813","targetHints":{"allow":["GET"]}}],"collection":[{"href":"https:\/\/roveyayinevi.com.tr\/index.php\/wp-json\/wp\/v2\/product"}],"about":[{"href":"https:\/\/roveyayinevi.com.tr\/index.php\/wp-json\/wp\/v2\/types\/product"}],"wp:attachment":[{"href":"https:\/\/roveyayinevi.com.tr\/index.php\/wp-json\/wp\/v2\/media?parent=785813"}],"wp:term":[{"taxonomy":"product_brand","embeddable":true,"href":"https:\/\/roveyayinevi.com.tr\/index.php\/wp-json\/wp\/v2\/product_brand?post=785813"},{"taxonomy":"product_cat","embeddable":true,"href":"https:\/\/roveyayinevi.com.tr\/index.php\/wp-json\/wp\/v2\/product_cat?post=785813"},{"taxonomy":"product_tag","embeddable":true,"href":"https:\/\/roveyayinevi.com.tr\/index.php\/wp-json\/wp\/v2\/product_tag?post=785813"}],"curies":[{"name":"wp","href":"https:\/\/api.w.org\/{rel}","templated":true}]}}