{"id":785710,"date":"2026-04-07T03:42:18","date_gmt":"2026-04-07T00:42:18","guid":{"rendered":"https:\/\/roveyayinevi.com.tr\/index.php\/urun\/18-yuzyil-osmanli-iktisat-dusuncesinde-kameralizm\/"},"modified":"2026-04-15T03:49:42","modified_gmt":"2026-04-15T00:49:42","slug":"18-yuzyil-osmanli-iktisat-dusuncesinde-kameralizm","status":"publish","type":"product","link":"https:\/\/roveyayinevi.com.tr\/index.php\/urun\/18-yuzyil-osmanli-iktisat-dusuncesinde-kameralizm\/","title":{"rendered":"18. Y\u00fczy\u0131l Osmanl\u0131 \u0130ktisat D\u00fc\u015f\u00fcncesinde Kameralizm"},"content":{"rendered":"<p>18. Y\u00fczy\u0131l Osmanl\u0131 \u0130ktisat D\u00fc\u015f\u00fcncesinde Kameralizm, \u00f6zelde bir \u201cihtimal\u201din ger\u00e7ekli\u011fi \u00fczerine odaklanmakta ve bu \u00e7er\u00e7evede literat\u00fcr\u00fcn yeniden de\u011ferlendirilmesine dayanmaktad\u0131r. Kitaptaki temel iddia \u015fudur: Ebubekir R\u00e2tip Efendi\u2019nin B\u00fcy\u00fck Lahiya\u2019da yer verip uzun uzun a\u00e7\u0131klad\u0131\u011f\u0131, d\u00f6nemin Avusturyas\u0131\u2019nda g\u00f6zlemledi\u011fi ve politika fenn-i olarak adland\u0131rd\u0131\u011f\u0131 \u201cbilim\u201d Kameralizm\u2019dir. \u201cG\u00fcndelik hayatta kulland\u0131\u011f\u0131m\u0131z iktisadi kavramlar\u0131n \u00f6nemli k\u0131sm\u0131, 19. Y\u00fczy\u0131lda geleneksel de\u011ferlerle modern politik ekonomiyi sentezleyen yerel iktisat yaz\u0131n\u0131na dayan\u0131r. Bu senteze temel te\u015fkil eden 18. Y\u00fczy\u0131l, \u00f6zg\u00fcl bir \u2018iktisat literat\u00fcr\u00fcn\u00fcn\u2019 yoklu\u011fu nedeniyle h\u00e2l\u00e2 b\u00fcy\u00fck \u00f6l\u00e7\u00fcde karanl\u0131ktad\u0131r. Bu kitap, d\u00f6neme alternatif kaynaklar \u00fczerinden yakla\u015farak gelecekteki tart\u0131\u015fmalara \u00f6nemli bir katk\u0131 yap\u0131yor\u201d Deniz T. K\u0131l\u0131n\u00e7o\u011flu \u201cOsmanl\u0131 iktisadi d\u00fc\u015f\u00fcncesi genellikle XIX. Y\u00fczy\u0131l reformlar\u0131 ve Tanzimat\u2019la birlikte ele al\u0131n\u0131r. Oysa bu kitap, h\u00e2kim kabulleri sorgulayarak Osmanl\u0131 d\u00fc\u015f\u00fcnce d\u00fcnyas\u0131nda iktisadi d\u00f6n\u00fc\u015f\u00fcm\u00fcn izlerini \u00e7ok daha erken bir d\u00f6nemde, XVIII. Y\u00fczy\u0131lda s\u00fcrmektedir. 18. Y\u00fczy\u0131l Osmanl\u0131 \u0130ktisat D\u00fc\u015f\u00fcncesinde Kameralizm, Osmanl\u0131 entelekt\u00fcel tarihine yerle\u015fik modernle\u015fme anlat\u0131lar\u0131n\u0131 yeniden d\u00fc\u015f\u00fcnmeye davet eden \u00f6zg\u00fcn bir \u00e7al\u0131\u015fmad\u0131r.\u201d M. Erdem \u00d6zg\u00fcr<\/p>\n","protected":false},"excerpt":{"rendered":"<p>18. Y\u00fczy\u0131l Osmanl\u0131 \u0130ktisat D\u00fc\u015f\u00fcncesinde Kameralizm, \u00f6zelde bir \u201cihtimal\u201din ger\u00e7ekli\u011fi \u00fczerine odaklanmakta ve bu \u00e7er\u00e7evede literat\u00fcr\u00fcn yeniden de\u011ferlendirilmesine dayanmaktad\u0131r. Kitaptaki temel iddia \u015fudur: Ebubekir R\u00e2tip Efendi\u2019nin<span class=\"excerpt-hellip\"> [\u2026]<\/span><\/p>\n","protected":false},"featured_media":0,"template":"","meta":{"_monsterinsights_skip_tracking":false,"_monsterinsights_sitenote_active":false,"_monsterinsights_sitenote_note":"","_monsterinsights_sitenote_category":0},"product_brand":[],"product_cat":[14841,13043],"product_tag":[],"class_list":{"0":"post-785710","1":"product","2":"type-product","3":"status-publish","5":"product_cat-arastirma-inceleme-kuram","6":"product_cat-ekonomi","7":"pa_cilt-ciltsiz","8":"pa_tur-kitap","9":"pa_yayinevi-heretik-yayincilik","10":"pa_yazar-mesut-sert","12":"first","13":"instock","14":"sale","15":"shipping-taxable","16":"purchasable","17":"product-type-simple"},"_links":{"self":[{"href":"https:\/\/roveyayinevi.com.tr\/index.php\/wp-json\/wp\/v2\/product\/785710","targetHints":{"allow":["GET"]}}],"collection":[{"href":"https:\/\/roveyayinevi.com.tr\/index.php\/wp-json\/wp\/v2\/product"}],"about":[{"href":"https:\/\/roveyayinevi.com.tr\/index.php\/wp-json\/wp\/v2\/types\/product"}],"wp:attachment":[{"href":"https:\/\/roveyayinevi.com.tr\/index.php\/wp-json\/wp\/v2\/media?parent=785710"}],"wp:term":[{"taxonomy":"product_brand","embeddable":true,"href":"https:\/\/roveyayinevi.com.tr\/index.php\/wp-json\/wp\/v2\/product_brand?post=785710"},{"taxonomy":"product_cat","embeddable":true,"href":"https:\/\/roveyayinevi.com.tr\/index.php\/wp-json\/wp\/v2\/product_cat?post=785710"},{"taxonomy":"product_tag","embeddable":true,"href":"https:\/\/roveyayinevi.com.tr\/index.php\/wp-json\/wp\/v2\/product_tag?post=785710"}],"curies":[{"name":"wp","href":"https:\/\/api.w.org\/{rel}","templated":true}]}}