{"id":785636,"date":"2026-04-05T03:49:40","date_gmt":"2026-04-05T00:49:40","guid":{"rendered":"https:\/\/roveyayinevi.com.tr\/index.php\/urun\/biten-seylerin-gelecegi\/"},"modified":"2026-04-15T03:48:53","modified_gmt":"2026-04-15T00:48:53","slug":"biten-seylerin-gelecegi","status":"publish","type":"product","link":"https:\/\/roveyayinevi.com.tr\/index.php\/urun\/biten-seylerin-gelecegi\/","title":{"rendered":"Biten \u015eeylerin Gelece\u011fi"},"content":{"rendered":"<p>H\u00fcseyin K\u00f6se, ilk kitab\u0131 \u00dcz\u00fclm\u00fc\u015f Evler Krali\u00e7esi\u2019ni 2000 y\u0131l\u0131nda yay\u0131mlad\u0131. Bir tren yolculu\u011funda okumu\u015ftum kitab\u0131. Bir i\u00e7sel ba\u015fkald\u0131r\u0131, bir \u00e7a\u011f ele\u015ftirisi de e\u015flik edip durdu benimle birlikte akmakta olan d\u00fcnyaya. Ya\u015fl\u0131s\u0131 bol, hayat\u0131, s\u00f6z\u00fc tedirgin eden memleketlerde uzun y\u0131llar \u00f6m\u00fcr t\u00fcketti. \u015eiir d\u0131\u015f\u0131nda da imrenilecek kitaplar yazd\u0131, ama \u015fiirden asla \u00f6d\u00fcn vermedi. \u201c\u015eiir, insan\u0131n ac\u0131lar\u0131na uzanan gizli bir k\u00f6pr\u00fcd\u00fcr\u201d der Neruda. Giz(li) olmasa, \u00fcz\u00fcnt\u00fc b\u00f6yle katlan\u0131p durur muydu dizelerinde hi\u00e7? &#8211; \u015eeref Bilsel \u201cJiletsiz ve tenden hasarl\u0131 o\u011fullara\u201d ithaf eder \u015fiirini. \u201cBu \u0131\u015f\u0131klar niye var ki karanl\u0131k me\u015fhur bir avc\u0131ysa?\u201d diye sorar Ali \u0130smail Korkmaz\u2019\u0131n ard\u0131ndan. \u201cA\u015fka ve iyili\u011fe kapal\u0131 g\u00f6zlerin do\u011fumsuz sanc\u0131s\u0131ndan ge\u00e7erek \/ \u00c7ocuklu\u011fu yaral\u0131 yerinden tutan eller kurusun!\u201d diye \u00f6fkelenir y\u00fcre\u011fini yumruk yaparak Berkin i\u00e7in. Ve her ko\u015fulda huzursuz eder. Groteskin lirik dille bulu\u015fmas\u0131d\u0131r da denebilir H\u00fcseyin K\u00f6se \u015fiiri i\u00e7in. Ey Hayat! Bizi bir \u015fairle s\u0131namaya devam et! &#8211; C. Hakk\u0131 Zari\u00e7<\/p>\n","protected":false},"excerpt":{"rendered":"<p>H\u00fcseyin K\u00f6se, ilk kitab\u0131 \u00dcz\u00fclm\u00fc\u015f Evler Krali\u00e7esi\u2019ni 2000 y\u0131l\u0131nda yay\u0131mlad\u0131. Bir tren yolculu\u011funda okumu\u015ftum kitab\u0131. Bir i\u00e7sel ba\u015fkald\u0131r\u0131, bir \u00e7a\u011f ele\u015ftirisi de e\u015flik edip durdu benimle<span class=\"excerpt-hellip\"> [\u2026]<\/span><\/p>\n","protected":false},"featured_media":0,"template":"","meta":{"_monsterinsights_skip_tracking":false,"_monsterinsights_sitenote_active":false,"_monsterinsights_sitenote_note":"","_monsterinsights_sitenote_category":0},"product_brand":[],"product_cat":[12291,12509],"product_tag":[],"class_list":{"0":"post-785636","1":"product","2":"type-product","3":"status-publish","5":"product_cat-edebiyat","6":"product_cat-siir","7":"pa_cilt-ciltsiz","8":"pa_tur-kitap","9":"pa_yayinevi-yitik-ulke-yayinlari","10":"pa_yazar-huseyin-kose","12":"first","13":"instock","14":"sale","15":"shipping-taxable","16":"purchasable","17":"product-type-simple"},"_links":{"self":[{"href":"https:\/\/roveyayinevi.com.tr\/index.php\/wp-json\/wp\/v2\/product\/785636","targetHints":{"allow":["GET"]}}],"collection":[{"href":"https:\/\/roveyayinevi.com.tr\/index.php\/wp-json\/wp\/v2\/product"}],"about":[{"href":"https:\/\/roveyayinevi.com.tr\/index.php\/wp-json\/wp\/v2\/types\/product"}],"wp:attachment":[{"href":"https:\/\/roveyayinevi.com.tr\/index.php\/wp-json\/wp\/v2\/media?parent=785636"}],"wp:term":[{"taxonomy":"product_brand","embeddable":true,"href":"https:\/\/roveyayinevi.com.tr\/index.php\/wp-json\/wp\/v2\/product_brand?post=785636"},{"taxonomy":"product_cat","embeddable":true,"href":"https:\/\/roveyayinevi.com.tr\/index.php\/wp-json\/wp\/v2\/product_cat?post=785636"},{"taxonomy":"product_tag","embeddable":true,"href":"https:\/\/roveyayinevi.com.tr\/index.php\/wp-json\/wp\/v2\/product_tag?post=785636"}],"curies":[{"name":"wp","href":"https:\/\/api.w.org\/{rel}","templated":true}]}}