{"id":785620,"date":"2026-04-05T03:48:39","date_gmt":"2026-04-05T00:48:39","guid":{"rendered":"https:\/\/roveyayinevi.com.tr\/index.php\/urun\/devletin-ulkuculeri-ulkuculerin-devleti\/"},"modified":"2026-04-15T03:48:50","modified_gmt":"2026-04-15T00:48:50","slug":"devletin-ulkuculeri-ulkuculerin-devleti","status":"publish","type":"product","link":"https:\/\/roveyayinevi.com.tr\/index.php\/urun\/devletin-ulkuculeri-ulkuculerin-devleti\/","title":{"rendered":"Devletin \u00dclk\u00fcc\u00fcleri, \u00dclk\u00fcc\u00fclerin Devlet\u2019i"},"content":{"rendered":"<p>Fatih Ya\u015fl\u0131, T\u00fcrkiye\u2019de milliyet\u00e7ili\u011fin, sa\u011f\u0131n ve antikom\u00fcnizmin tarihine dair ufuk a\u00e7\u0131c\u0131 \u00e7al\u0131\u015fmalar\u0131na Devletin \u00dclk\u00fcc\u00fcleri, \u00dclk\u00fcc\u00fclerin Devlet\u2019i ile devam ediyor. MHP \u00e7izgisindeki isimler taraf\u0131ndan 1969\u2019dan 1979\u2019a kadar yakla\u015f\u0131k on y\u0131l boyunca neredeyse kesintisiz yay\u0131nlanan Devlet dergisini mercek alt\u0131na alan kitap, T\u00fcrkiye\u2019de MHP\u2019nin bug\u00fcn bir iktidar oda\u011f\u0131 olarak izledi\u011fi stratejilerin, ancak kurulu\u015fundan itibaren benimsedi\u011fi siyaset yapma tarz\u0131 dikkate al\u0131narak kavranabilece\u011fi saptamas\u0131ndan yola \u00e7\u0131k\u0131yor.Bu \u00e7er\u00e7evede, kitap, bir yandan 1970\u2019ler T\u00fcrkiye\u2019sini kadraja al\u0131rken, di\u011fer yandan \u00fclk\u00fcc\u00fc hareketin 12 Eyl\u00fcl \u00f6ncesi tarihine ili\u015fkin literat\u00fcrdeki \u00f6nemli bir bo\u015flu\u011fu doldurmay\u0131 ama\u00e7l\u0131yor. Devletin \u00dclk\u00fcc\u00fcleri, \u00dclk\u00fcc\u00fclerin Devlet\u2019i, Devlet dergisinin yay\u0131n hayat\u0131n\u0131 T\u00fcrkiye tarihinin belki de en belirleyici on y\u0131l\u0131nda ya\u015fanan k\u0131r\u0131lma anlar\u0131 \u00fczerinden d\u00f6nemselle\u015ftiriyor; MHP\u2019nin ve \u00fclk\u00fcc\u00fc hareketin bu k\u0131r\u0131lma anlar\u0131nda siyasetini ve s\u00f6ylemini nas\u0131l in\u015fa etti\u011fini ayr\u0131nt\u0131l\u0131 bi\u00e7imde sergiliyor.Solun yay\u0131nc\u0131l\u0131k alan\u0131nda 1960\u2019l\u0131 y\u0131llar\u0131n ortalar\u0131ndan itibaren kurmu\u015f oldu\u011fu hegemonyay\u0131 sarsmak amac\u0131yla yay\u0131n hayat\u0131na ba\u015flayan ve on y\u0131l boyunca \u2018\u2018anar\u015fi\u2019\u2019nin milliyet\u00e7iler\/\u00fclk\u00fcc\u00fcler taraf\u0131ndan y\u00f6netilen bir devlet taraf\u0131ndan engellenebilece\u011fi iddias\u0131n\u0131n ta\u015f\u0131y\u0131c\u0131l\u0131\u011f\u0131n\u0131 \u00fcstlenen Devlet dergisi, MHP\u2019nin siyasi ve ideolojik haritas\u0131n\u0131 \u00e7\u0131karmak i\u00e7in e\u015fsiz bir kaynak niteli\u011fi ta\u015f\u0131yor. Bug\u00fcne kadar b\u00fcy\u00fck \u00f6l\u00e7\u00fcde g\u00f6zlerden uzak kalm\u0131\u015f bu kayna\u011f\u0131 say\u0131 say\u0131, sayfa sayfa inceleyen Ya\u015fl\u0131, titiz \u00e7al\u0131\u015fmas\u0131yla, MHP\u2019nin ge\u00e7mi\u015fi kadar bug\u00fcn\u00fcn\u00fc ve gelece\u011fini de merak eden okurlar i\u00e7in, 1970\u2019lerden g\u00fcn\u00fcm\u00fcze uzanan bir k\u00f6pr\u00fc kuruyor.<\/p>\n","protected":false},"excerpt":{"rendered":"<p>Fatih Ya\u015fl\u0131, T\u00fcrkiye\u2019de milliyet\u00e7ili\u011fin, sa\u011f\u0131n ve antikom\u00fcnizmin tarihine dair ufuk a\u00e7\u0131c\u0131 \u00e7al\u0131\u015fmalar\u0131na Devletin \u00dclk\u00fcc\u00fcleri, \u00dclk\u00fcc\u00fclerin Devlet\u2019i ile devam ediyor. MHP \u00e7izgisindeki isimler taraf\u0131ndan 1969\u2019dan 1979\u2019a kadar<span class=\"excerpt-hellip\"> [\u2026]<\/span><\/p>\n","protected":false},"featured_media":0,"template":"","meta":{"_monsterinsights_skip_tracking":false,"_monsterinsights_sitenote_active":false,"_monsterinsights_sitenote_note":"","_monsterinsights_sitenote_category":0},"product_brand":[],"product_cat":[13059,12337],"product_tag":[],"class_list":{"0":"post-785620","1":"product","2":"type-product","3":"status-publish","5":"product_cat-diger-politika-siyaset","6":"product_cat-politika-siyaset","7":"pa_cilt-ciltsiz","8":"pa_tur-kitap","9":"pa_yayinevi-yordam-kitap","10":"pa_yazar-fatih-yasli","12":"first","13":"instock","14":"sale","15":"shipping-taxable","16":"purchasable","17":"product-type-simple"},"_links":{"self":[{"href":"https:\/\/roveyayinevi.com.tr\/index.php\/wp-json\/wp\/v2\/product\/785620","targetHints":{"allow":["GET"]}}],"collection":[{"href":"https:\/\/roveyayinevi.com.tr\/index.php\/wp-json\/wp\/v2\/product"}],"about":[{"href":"https:\/\/roveyayinevi.com.tr\/index.php\/wp-json\/wp\/v2\/types\/product"}],"wp:attachment":[{"href":"https:\/\/roveyayinevi.com.tr\/index.php\/wp-json\/wp\/v2\/media?parent=785620"}],"wp:term":[{"taxonomy":"product_brand","embeddable":true,"href":"https:\/\/roveyayinevi.com.tr\/index.php\/wp-json\/wp\/v2\/product_brand?post=785620"},{"taxonomy":"product_cat","embeddable":true,"href":"https:\/\/roveyayinevi.com.tr\/index.php\/wp-json\/wp\/v2\/product_cat?post=785620"},{"taxonomy":"product_tag","embeddable":true,"href":"https:\/\/roveyayinevi.com.tr\/index.php\/wp-json\/wp\/v2\/product_tag?post=785620"}],"curies":[{"name":"wp","href":"https:\/\/api.w.org\/{rel}","templated":true}]}}