{"id":785363,"date":"2026-04-01T03:28:04","date_gmt":"2026-04-01T00:28:04","guid":{"rendered":"https:\/\/roveyayinevi.com.tr\/index.php\/urun\/soylemez-hanim\/"},"modified":"2026-04-15T03:37:04","modified_gmt":"2026-04-15T00:37:04","slug":"soylemez-hanim","status":"publish","type":"product","link":"https:\/\/roveyayinevi.com.tr\/index.php\/urun\/soylemez-hanim\/","title":{"rendered":"S\u00f6ylemez Han\u0131m"},"content":{"rendered":"<p>\u201cGelenek g\u00f6renek olmasa \u00e7\u0131plak kal\u0131r\u0131z. Ge\u00e7mi\u015fini unutan ki\u015filer kendisini \u00e7\u0131plak ve y\u00fczs\u00fcz hisseder.\u201d Ya\u015fam \u00f6yk\u00fcs\u00fcn\u00fc ki\u015finin do\u011fumu, e\u011fitimi, g\u00f6revleriyle s\u0131n\u0131rlamak, ki\u015finin \u00f6zg\u00fcn kimli\u011fine ayk\u0131r\u0131d\u0131r. \u00dcstelik \u00fclke ger\u00e7e\u011fi yan\u0131nda yavan kal\u0131r. Ya\u015fam \u00f6yk\u00fcleri; ya\u015fan\u0131lan kentin k\u00fclt\u00fcr de\u011ferleriyle yo\u011fruldu\u011fundan   d\u00f6neminin izlerini ta\u015f\u0131r. Ku\u015fkusuz bu izler, toplumun kimli\u011fine yans\u0131y\u0131p ki\u015filikleri bir bi\u00e7imde etkiler.    Bu betikte Sevim Kandemir\u2019in ya\u015fam \u00f6yk\u00fcs\u00fcn\u00fc vermeye \u00e7al\u0131\u015ft\u0131k. Sevim Kansav Kandemir\u2019in baba soyu Kafkasya\u2019dan T\u00fcrkiye\u2019ye savrulup, yurt \u00f6zlemini iliklerinde duyan \u00c7erkez bir aileden gelir. Anne soyu 300 y\u0131ll\u0131k \u015feceresi olan K\u00fcr\u00fcmo\u011flu ailesine dayan\u0131r. \u015eu anda (2024) 88 ya\u015f\u0131n\u0131 s\u00fcrmektedir. Sevim Kansav\u0131\u2019\u0131n ge\u00e7mi\u015finde kalan o g\u00fczelim y\u0131llar\u0131n \u00f6z\u00fcn\u00fc, yans\u0131tmak ad\u0131na buraya k\u0131sa bir kesit ald\u0131k. \u201c\u00c7ocuklu\u011fumuz ilk gen\u00e7li\u011fimiz, Cumhuriyet co\u015fkusunun yo\u011fun oldu\u011fu y\u0131llarda ge\u00e7ti. Ya\u015fananlardan geriye s\u0131ms\u0131cak an\u0131lar kald\u0131. Sayg\u0131n\u0131n, sevginin toplumu sar\u0131p sarmalad\u0131\u011f\u0131 bir d\u00f6nemdi. And\u0131m\u0131zda oldu\u011fu gibi b\u00fcy\u00fc\u011fe sayg\u0131 k\u00fc\u00e7\u00fc\u011fe sevgi beslenirdi. Yurt, insan, do\u011fa, aile mahalle sevgisi y\u00fcre\u011fimizde ar\u0131 ve duruydu. Yokluk toplumun \u00e7o\u011funlu\u011funda ge\u00e7erliydi. Ancak yokluk varl\u0131k aras\u0131nda derin ayr\u0131m yoktu. \u00dcstelik varl\u0131kta yoklukta ailelere \u00f6zg\u00fcyd\u00fc d\u0131\u015far\u0131ya pek yans\u0131t\u0131lmazd\u0131. Evler kerpi\u00e7ti.  Bah\u00e7e i\u00e7inde y\u00fcksek daml\u0131 havadar her aliye \u00f6zg\u00fc yap\u0131lard\u0131. Ya\u015fam herkes i\u00e7in g\u00fc\u00e7t\u00fc. Ancak Cumhuriyetin yaralar\u0131 sarmas\u0131yla kimse yoklu\u011fun ac\u0131s\u0131n\u0131 duymaz olanla g\u00f6nenir, k\u0131van\u0131rd\u0131. Toplumu en \u00e7ok etkileyen ulusal ile dinsel bayramlar yediden yetmi\u015fe herkesin ortak e\u011flencesiydi. Halk\u0131 b\u00fct\u00fcnle\u015ftiren, e\u011flendiren g\u00f6nendiren k\u0131vand\u0131ran, ola\u011fan\u00fcst\u00fc co\u015fkulu anlard\u0131. Kimli\u011fimiz bu duygularla beslendi.\u201d   Engin Kansav Ortak\u00f6yl\u00fco\u011flu <\/p>\n","protected":false},"excerpt":{"rendered":"<p>\u201cGelenek g\u00f6renek olmasa \u00e7\u0131plak kal\u0131r\u0131z. Ge\u00e7mi\u015fini unutan ki\u015filer kendisini \u00e7\u0131plak ve y\u00fczs\u00fcz hisseder.\u201d Ya\u015fam \u00f6yk\u00fcs\u00fcn\u00fc ki\u015finin do\u011fumu, e\u011fitimi, g\u00f6revleriyle s\u0131n\u0131rlamak, ki\u015finin \u00f6zg\u00fcn kimli\u011fine ayk\u0131r\u0131d\u0131r. \u00dcstelik \u00fclke<span class=\"excerpt-hellip\"> [\u2026]<\/span><\/p>\n","protected":false},"featured_media":0,"template":"","meta":{"_monsterinsights_skip_tracking":false,"_monsterinsights_sitenote_active":false,"_monsterinsights_sitenote_note":"","_monsterinsights_sitenote_category":0},"product_brand":[],"product_cat":[14009,12291],"product_tag":[],"class_list":{"0":"post-785363","1":"product","2":"type-product","3":"status-publish","5":"product_cat-biyografi-otobiyografi-edebiyat","6":"product_cat-edebiyat","7":"pa_cilt-ciltsiz","8":"pa_tur-kitap","9":"pa_yayinevi-gulnar-yayinlari","10":"pa_yazar-engin-kansav-ortakoyluoglu","12":"first","13":"instock","14":"sale","15":"shipping-taxable","16":"purchasable","17":"product-type-simple"},"_links":{"self":[{"href":"https:\/\/roveyayinevi.com.tr\/index.php\/wp-json\/wp\/v2\/product\/785363","targetHints":{"allow":["GET"]}}],"collection":[{"href":"https:\/\/roveyayinevi.com.tr\/index.php\/wp-json\/wp\/v2\/product"}],"about":[{"href":"https:\/\/roveyayinevi.com.tr\/index.php\/wp-json\/wp\/v2\/types\/product"}],"wp:attachment":[{"href":"https:\/\/roveyayinevi.com.tr\/index.php\/wp-json\/wp\/v2\/media?parent=785363"}],"wp:term":[{"taxonomy":"product_brand","embeddable":true,"href":"https:\/\/roveyayinevi.com.tr\/index.php\/wp-json\/wp\/v2\/product_brand?post=785363"},{"taxonomy":"product_cat","embeddable":true,"href":"https:\/\/roveyayinevi.com.tr\/index.php\/wp-json\/wp\/v2\/product_cat?post=785363"},{"taxonomy":"product_tag","embeddable":true,"href":"https:\/\/roveyayinevi.com.tr\/index.php\/wp-json\/wp\/v2\/product_tag?post=785363"}],"curies":[{"name":"wp","href":"https:\/\/api.w.org\/{rel}","templated":true}]}}