{"id":785356,"date":"2026-03-31T11:14:24","date_gmt":"2026-03-31T08:14:24","guid":{"rendered":"https:\/\/roveyayinevi.com.tr\/index.php\/urun\/reform-icin-reflektif-dusuncenin-kenti-ve-belediyesi\/"},"modified":"2026-04-15T03:48:55","modified_gmt":"2026-04-15T00:48:55","slug":"reform-icin-reflektif-dusuncenin-kenti-ve-belediyesi","status":"publish","type":"product","link":"https:\/\/roveyayinevi.com.tr\/index.php\/urun\/reform-icin-reflektif-dusuncenin-kenti-ve-belediyesi\/","title":{"rendered":"Reform \u0130\u00e7in Reflektif D\u00fc\u015f\u00fcncenin Kenti ve Belediyesi"},"content":{"rendered":"<p>\u0130lhan Tekeli\u2019nin Reform \u0130\u00e7in Reflektif D\u00fc\u015f\u00fcncenin Kenti ve Belediyesi kitab\u0131, yerel y\u00f6netim reformunu \u201cbitmi\u015f bir proje\u201d olarak de\u011fil; kentte, belediyede ve g\u00fcndelik ya\u015famda deneyimle s\u0131nanan, geri beslemeyle \u015fekillenen ve s\u00fcrekli yeniden kurulan bir s\u00fcre\u00e7 olarak ele al\u0131r. Metin, iyi uygulama listeleri ya da h\u0131zl\u0131 \u00e7\u00f6z\u00fcmler \u00fcretmek yerine, reform d\u00fc\u015f\u00fcncesinin arkas\u0131ndaki \u201ckamusal ak\u0131l\u201d alan\u0131n\u0131 g\u00f6r\u00fcn\u00fcr k\u0131l\u0131yor ve bu akl\u0131n normatif, \u00f6\u011frenen ve refleksif bir bi\u00e7imde olu\u015ftu\u011funu tart\u0131\u015f\u0131yor. T\u00fcrkiye\u2019de yerel y\u00f6netimleri \u00f6zg\u00fcn k\u0131lan \u201cs\u0131k\u0131\u015fm\u0131\u015fl\u0131k\u201d, \u201cku\u015fku\u201d, a\u015f\u0131r\u0131 h\u0131zl\u0131 kentle\u015fmenin yaratt\u0131\u011f\u0131 gecikmi\u015flik duygusu ve d\u00fczensiz\/yetersiz sermaye birikimi, kitab\u0131n ana omurgas\u0131n\u0131 olu\u015fturuyor. Belediyecili\u011fin tarihsel kurumsalla\u015fma sorunlar\u0131 Osmanl\u0131\u2019dan Cumhuriyet\u2019e, 1950\u20131980 h\u0131zl\u0131 kentle\u015fme d\u00f6neminden neoliberal belediyecili\u011fe ve 2002\u20132025 d\u00f6nemindeki yeni merkezile\u015fme dalgalar\u0131na uzanan bir \u00e7izgide izleniyor. Bu \u00e7er\u00e7evede reform, model aktar\u0131m\u0131 ya da mevzuat d\u00fczenlemesi tart\u0131\u015fmas\u0131n\u0131n \u00f6tesine ta\u015f\u0131narak, kurumsal \u00f6\u011frenme, demokratik kapasite ve refleksif normativite kavramlar\u0131 etraf\u0131nda yeniden kurulmaktad\u0131r. Kent, kitap boyunca; etik, estetik, ekolojik ve zamansal bir varl\u0131k olarak d\u00fc\u015f\u00fcn\u00fcl\u00fcyor. Ya\u015fam kalitesi, tam iyi olma, yerel haklar, adalet ve sosyal belediyecilik reformun normatif ufkunu belirlerken; arsa politikas\u0131, kamusal mek\u00e2n, altyap\u0131 a\u011flar\u0131 ve kentsel metabolizma gibi somut alanlar reformun \u201ce\u015fik\u201d mant\u0131\u011f\u0131n\u0131 kent \u00f6l\u00e7e\u011finde a\u00e7\u0131\u011fa \u00e7\u0131kar\u0131yor. Metin, kapanm\u0131\u015f bir sonu\u00e7 yerine a\u00e7\u0131k u\u00e7lu bir d\u00fc\u015f\u00fcnme hatt\u0131 kurarak; reformu ancak birlikte \u00f6\u011frenme ve birlikte \u00fcretme i\u00e7inde anlam kazanan bir ortak ya\u015fam aray\u0131\u015f\u0131 olarak konumland\u0131r\u0131yor.<\/p>\n","protected":false},"excerpt":{"rendered":"<p>\u0130lhan Tekeli\u2019nin Reform \u0130\u00e7in Reflektif D\u00fc\u015f\u00fcncenin Kenti ve Belediyesi kitab\u0131, yerel y\u00f6netim reformunu \u201cbitmi\u015f bir proje\u201d olarak de\u011fil; kentte, belediyede ve g\u00fcndelik ya\u015famda deneyimle s\u0131nanan, geri<span class=\"excerpt-hellip\"> [\u2026]<\/span><\/p>\n","protected":false},"featured_media":0,"template":"","meta":{"_monsterinsights_skip_tracking":false,"_monsterinsights_sitenote_active":false,"_monsterinsights_sitenote_note":"","_monsterinsights_sitenote_category":0},"product_brand":[],"product_cat":[13059,12337],"product_tag":[],"class_list":{"0":"post-785356","1":"product","2":"type-product","3":"status-publish","5":"product_cat-diger-politika-siyaset","6":"product_cat-politika-siyaset","7":"pa_cilt-ciltsiz","8":"pa_tur-kitap","9":"pa_yayinevi-idealkent-yayinlari","10":"pa_yazar-ilhan-tekeli","12":"first","13":"instock","14":"sale","15":"shipping-taxable","16":"purchasable","17":"product-type-simple"},"_links":{"self":[{"href":"https:\/\/roveyayinevi.com.tr\/index.php\/wp-json\/wp\/v2\/product\/785356","targetHints":{"allow":["GET"]}}],"collection":[{"href":"https:\/\/roveyayinevi.com.tr\/index.php\/wp-json\/wp\/v2\/product"}],"about":[{"href":"https:\/\/roveyayinevi.com.tr\/index.php\/wp-json\/wp\/v2\/types\/product"}],"wp:attachment":[{"href":"https:\/\/roveyayinevi.com.tr\/index.php\/wp-json\/wp\/v2\/media?parent=785356"}],"wp:term":[{"taxonomy":"product_brand","embeddable":true,"href":"https:\/\/roveyayinevi.com.tr\/index.php\/wp-json\/wp\/v2\/product_brand?post=785356"},{"taxonomy":"product_cat","embeddable":true,"href":"https:\/\/roveyayinevi.com.tr\/index.php\/wp-json\/wp\/v2\/product_cat?post=785356"},{"taxonomy":"product_tag","embeddable":true,"href":"https:\/\/roveyayinevi.com.tr\/index.php\/wp-json\/wp\/v2\/product_tag?post=785356"}],"curies":[{"name":"wp","href":"https:\/\/api.w.org\/{rel}","templated":true}]}}