{"id":784979,"date":"2026-03-16T22:31:13","date_gmt":"2026-03-16T19:31:13","guid":{"rendered":"https:\/\/roveyayinevi.com.tr\/index.php\/urun\/hasret-ve-elemlerim\/"},"modified":"2026-04-15T03:46:13","modified_gmt":"2026-04-15T00:46:13","slug":"hasret-ve-elemlerim","status":"publish","type":"product","link":"https:\/\/roveyayinevi.com.tr\/index.php\/urun\/hasret-ve-elemlerim\/","title":{"rendered":"Hasret ve Elemlerim"},"content":{"rendered":"<p>\u201cAilem, iyi dostlar\u0131m ve vekilim taraf\u0131ndan yap\u0131lan b\u00fct\u00fcn telkinler neticesiz kald\u0131: Sebatta devam ettim. Me\u00e7hulden korkmad\u0131m; zira beni bekleyen daha beter bir ak\u0131bet olamazd\u0131. H\u00fck\u00fcmdar hanedan\u0131na mensubiyetimin bana bah\u015fedebilece\u011fi debdebe ve kudretten hi\u00e7bir vakit zevk almad\u0131m. B\u00fcy\u00fck iddialar\u0131m olmad\u0131; m\u00fctevaz\u0131 baba oca\u011f\u0131mda, bir\u00e7o\u011funun g\u0131pta etti\u011fi prenseslik r\u00fctbesine n\u00e2il oldu\u011fum zamandan ziyade rahatt\u0131m ve huzurluydum. Mesele, kocam\u0131n yan\u0131nda kalmakla kendime birtak\u0131m imtiyazlar\u0131 muhafaza etmek de\u011fildi; bil\u00e2kis, ayr\u0131l\u0131k her cihetten benim i\u00e7in bir hal\u00e2s olacakt\u0131.\u201d   Mustafa Macide Han\u0131m Macide Mustafa Han\u0131m, yak\u0131n tarihimizin \u00e7ok tart\u0131\u015f\u0131lan padi\u015fahlar\u0131ndan biri olan Sultan II. Abd\u00fclhamid&#8217;in o\u011flu \u015eehzade Abd\u00fclkadir Efendi\u2019nin, saray\u0131n onay\u0131n\u0131 almadan evlendi\u011fi ikinci e\u015fidir. Macide Han\u0131m\u2019\u0131n hat\u0131ralar\u0131 1926 y\u0131l\u0131nda \u00d6zlemler ve Izd\u0131raplar ad\u0131yla Macarca yay\u0131mland\u0131. Ancak kitap, orijinal metin \u00fczerinden de\u011fil, yay\u0131nc\u0131 Adam Perser\u2019in d\u00fczenledi\u011fi bi\u00e7imiyle bas\u0131ld\u0131. Elinizdeki bu n\u00fcsha, onun kendi kaleminden \u00e7\u0131kan, eksiksiz ve ger\u00e7ek hat\u0131ralar\u0131 i\u00e7ermektedir. * Sultan II. Abd\u00fclhamid\u2019in ele avuca s\u0131\u011fmaz o\u011flu \u015eehzade Abd\u00fclkadir Efendi ile \u00c7erkez Miralay Karacehennemzade Mustafa Bey\u2019in k\u00fc\u00e7\u00fck k\u0131z\u0131 Macide Mustafa Han\u0131m nas\u0131l evlendi? * Macide Mustafa Han\u0131m evlendi\u011finde ka\u00e7 ya\u015f\u0131ndayd\u0131? * Sultan II. Abd\u00fclhamid, \u015eehzade Abd\u00fclkadir Efendi\u2019nin Macide Mustafa Han\u0131m\u2019la evlili\u011fini neden onaylamam\u0131\u015ft\u0131? * Bu evlilikten do\u011fan \u00e7ocuklar neden \u015fehzadelik haklar\u0131ndan men edildi? * \u015eehzade Abd\u00fclkadir Efendi\u2019nin \u0130ttihat ve Terakki liderleriyle ili\u015fkileri\u2026 * Sultan II. Abd\u00fclhamid\u2019in hal\u2018inden ve vefat\u0131ndan sonra ya\u015fananlar\u2026 * Osmanl\u0131 Hanedan \u00fcyelerinin s\u00fcrg\u00fcn\u00fc ile \u015eehzade Abd\u00fclkadir Efendi ve ailesinin Macaristan\u2019a yerle\u015fmesi ve oradaki ya\u015fant\u0131lar\u0131\u2026 * Yahudi di\u015f hekimi Sami G\u00fcnzberg\u2019in \u00e7e\u015fitli vaatlerle Abd\u00fclkadir Efendi\u2019den vek\u00e2let almas\u0131 ve Sultan II. Abd\u00fclhamid\u2019den kalan miras\u0131 kendine m\u00e2l etmesi.. Macide Han\u0131m\u2019\u0131n kendi el yaz\u0131s\u0131yla tuttu\u011fu bu hat\u0131ralar\u0131; harem hayat\u0131, toplumsal ve siyasi olaylar\u0131n saray ve \u00e7evresindeki yans\u0131malar\u0131 gibi ya\u015fad\u0131\u011f\u0131 d\u00f6nemin pek \u00e7ok ger\u00e7e\u011fini t\u00fcm a\u00e7\u0131kl\u0131\u011f\u0131yla ortaya koyarken, yak\u0131n tarihimize, saray ve s\u00fcrg\u00fcn hayat\u0131na dair konular\u0131 da tart\u0131\u015fmal\u0131 hale getiriyor.<\/p>\n","protected":false},"excerpt":{"rendered":"<p>\u201cAilem, iyi dostlar\u0131m ve vekilim taraf\u0131ndan yap\u0131lan b\u00fct\u00fcn telkinler neticesiz kald\u0131: Sebatta devam ettim. Me\u00e7hulden korkmad\u0131m; zira beni bekleyen daha beter bir ak\u0131bet olamazd\u0131. H\u00fck\u00fcmdar hanedan\u0131na<span class=\"excerpt-hellip\"> [\u2026]<\/span><\/p>\n","protected":false},"featured_media":0,"template":"","meta":{"_monsterinsights_skip_tracking":false,"_monsterinsights_sitenote_active":false,"_monsterinsights_sitenote_note":"","_monsterinsights_sitenote_category":0},"product_brand":[],"product_cat":[13946,12304],"product_tag":[],"class_list":{"0":"post-784979","1":"product","2":"type-product","3":"status-publish","5":"product_cat-biyografi-otobiyografi","6":"product_cat-tarih","7":"pa_cilt-ciltsiz","8":"pa_tur-kitap","9":"pa_yayinevi-timas-yayinlari","10":"pa_yazar-macide-mustafa","12":"first","13":"instock","14":"sale","15":"shipping-taxable","16":"purchasable","17":"product-type-simple"},"_links":{"self":[{"href":"https:\/\/roveyayinevi.com.tr\/index.php\/wp-json\/wp\/v2\/product\/784979","targetHints":{"allow":["GET"]}}],"collection":[{"href":"https:\/\/roveyayinevi.com.tr\/index.php\/wp-json\/wp\/v2\/product"}],"about":[{"href":"https:\/\/roveyayinevi.com.tr\/index.php\/wp-json\/wp\/v2\/types\/product"}],"wp:attachment":[{"href":"https:\/\/roveyayinevi.com.tr\/index.php\/wp-json\/wp\/v2\/media?parent=784979"}],"wp:term":[{"taxonomy":"product_brand","embeddable":true,"href":"https:\/\/roveyayinevi.com.tr\/index.php\/wp-json\/wp\/v2\/product_brand?post=784979"},{"taxonomy":"product_cat","embeddable":true,"href":"https:\/\/roveyayinevi.com.tr\/index.php\/wp-json\/wp\/v2\/product_cat?post=784979"},{"taxonomy":"product_tag","embeddable":true,"href":"https:\/\/roveyayinevi.com.tr\/index.php\/wp-json\/wp\/v2\/product_tag?post=784979"}],"curies":[{"name":"wp","href":"https:\/\/api.w.org\/{rel}","templated":true}]}}