{"id":784867,"date":"2026-03-15T03:03:53","date_gmt":"2026-03-15T00:03:53","guid":{"rendered":"https:\/\/roveyayinevi.com.tr\/index.php\/urun\/21inci-yuzyilda-turkiyenin-dis-politikasi\/"},"modified":"2026-04-16T03:07:19","modified_gmt":"2026-04-16T00:07:19","slug":"21inci-yuzyilda-turkiyenin-dis-politikasi","status":"publish","type":"product","link":"https:\/\/roveyayinevi.com.tr\/index.php\/urun\/21inci-yuzyilda-turkiyenin-dis-politikasi\/","title":{"rendered":"21&#8217;inci Y\u00fczy\u0131lda T\u00fcrkiye&#8217;nin D\u0131\u015f Politikas\u0131"},"content":{"rendered":"<p>Bu kitap T\u00fcrk d\u0131\u015f politikas\u0131n\u0131n 21\u2019inci y\u00fczy\u0131l\u0131n ilk d\u00f6neminde (2000-2021 aras\u0131) ya\u015fanan geli\u015fmelerini uluslararas\u0131 sistemde ya\u015fanan k\u0131r\u0131lmalar do\u011frultusunda b\u00fct\u00fcnc\u00fcl bir yakla\u015f\u0131mla ele almay\u0131 planlamaktad\u0131r. Kitapta \u00f6ncelikle yeni y\u00fczy\u0131lda uluslararas\u0131 sistemde ya\u015fanan k\u0131r\u0131lmalar ve T\u00fcrk d\u0131\u015f politikas\u0131nda ya\u015fanan d\u00f6n\u00fc\u015f\u00fcm ele al\u0131nmaktad\u0131r. Kitapta T\u00fcrkiye\u2019nin d\u0131\u015f politikas\u0131nda \u00f6ne \u00e7\u0131kan b\u00f6lgeler, \u00fclkeler ile ikili ili\u015fkiler ve konular alan\u0131nda uzman akademisyenlerin analitik incelemeleriyle analiz edilmektedir. Kitab\u0131n \u00fcniversitelerin \u0130ktisadi ve \u0130dari Bilimler ve Siyasal Bilgiler Fak\u00fcltelerinin Uluslararas\u0131 \u0130li\u015fkiler B\u00f6l\u00fcmleri ba\u015fta olmak \u00fczere T\u00fcrk D\u0131\u015f Politikas\u0131 derslerinin okutuldu\u011fu Siyaset Bilimi ve Kamu Y\u00f6netimi, \u0130ktisat ve Maliye B\u00f6l\u00fcmlerinin lisans \u00f6\u011frencileriyle, ilgili alanda lisans\u00fcst\u00fc \u00f6\u011frencileri ve ara\u015ft\u0131rmac\u0131lar\u0131na referans kayna\u011f\u0131 olmas\u0131 hedeflenmektedir. <\/p>\n","protected":false},"excerpt":{"rendered":"<p>Bu kitap T\u00fcrk d\u0131\u015f politikas\u0131n\u0131n 21\u2019inci y\u00fczy\u0131l\u0131n ilk d\u00f6neminde (2000-2021 aras\u0131) ya\u015fanan geli\u015fmelerini uluslararas\u0131 sistemde ya\u015fanan k\u0131r\u0131lmalar do\u011frultusunda b\u00fct\u00fcnc\u00fcl bir yakla\u015f\u0131mla ele almay\u0131 planlamaktad\u0131r. Kitapta \u00f6ncelikle<span class=\"excerpt-hellip\"> [\u2026]<\/span><\/p>\n","protected":false},"featured_media":0,"template":"","meta":{"_monsterinsights_skip_tracking":false,"_monsterinsights_sitenote_active":false,"_monsterinsights_sitenote_note":"","_monsterinsights_sitenote_category":0},"product_brand":[],"product_cat":[12337,17225],"product_tag":[],"class_list":{"0":"post-784867","1":"product","2":"type-product","3":"status-publish","5":"product_cat-politika-siyaset","6":"product_cat-uluslararasi-iliskiler","7":"pa_cilt-ciltsiz","8":"pa_tur-kitap","9":"pa_yayinevi-kadim-yayinlari","10":"pa_yazar-kolektif","12":"first","13":"instock","14":"sale","15":"shipping-taxable","16":"purchasable","17":"product-type-simple"},"_links":{"self":[{"href":"https:\/\/roveyayinevi.com.tr\/index.php\/wp-json\/wp\/v2\/product\/784867","targetHints":{"allow":["GET"]}}],"collection":[{"href":"https:\/\/roveyayinevi.com.tr\/index.php\/wp-json\/wp\/v2\/product"}],"about":[{"href":"https:\/\/roveyayinevi.com.tr\/index.php\/wp-json\/wp\/v2\/types\/product"}],"wp:attachment":[{"href":"https:\/\/roveyayinevi.com.tr\/index.php\/wp-json\/wp\/v2\/media?parent=784867"}],"wp:term":[{"taxonomy":"product_brand","embeddable":true,"href":"https:\/\/roveyayinevi.com.tr\/index.php\/wp-json\/wp\/v2\/product_brand?post=784867"},{"taxonomy":"product_cat","embeddable":true,"href":"https:\/\/roveyayinevi.com.tr\/index.php\/wp-json\/wp\/v2\/product_cat?post=784867"},{"taxonomy":"product_tag","embeddable":true,"href":"https:\/\/roveyayinevi.com.tr\/index.php\/wp-json\/wp\/v2\/product_tag?post=784867"}],"curies":[{"name":"wp","href":"https:\/\/api.w.org\/{rel}","templated":true}]}}