{"id":784860,"date":"2026-03-15T03:03:04","date_gmt":"2026-03-15T00:03:04","guid":{"rendered":"https:\/\/roveyayinevi.com.tr\/index.php\/urun\/islam-ve-demokrasi-2\/"},"modified":"2026-04-16T03:06:40","modified_gmt":"2026-04-16T00:06:40","slug":"islam-ve-demokrasi-2","status":"publish","type":"product","link":"https:\/\/roveyayinevi.com.tr\/index.php\/urun\/islam-ve-demokrasi-2\/","title":{"rendered":"\u0130slam ve Demokrasi"},"content":{"rendered":"<p>Bu kitap, \u0130slam-demokrasi ili\u015fkisini tarihsel bir perspektif i\u00e7erisinde kuramsal, kavramsal ve eylemsel y\u00f6nden ele almaktad\u0131r. Mu\u0308slu\u0308manlar\u0131n \u00e7o\u011funlukta ya\u015fad\u0131\u011f\u0131 memleketlerin, daha genelleyici bir ifadeyle \u0130slam du\u0308nyas\u0131n\u0131n, 19. yu\u0308zy\u0131l ile birlikte Bat\u0131 du\u0308nyas\u0131n\u0131n her a\u00e7\u0131dan derin tesiri alt\u0131nda kalmaya ba\u015flamas\u0131, \u0130slam-demokrasi ili\u015fkisine y\u00f6nelik ilk tart\u0131\u015fmalar\u0131 gu\u0308ndeme getirmi\u015ftir. Bu yu\u0308zy\u0131l, \u0130slam du\u0308nyas\u0131n\u0131n, Bat\u0131\u2019n\u0131n askeri gu\u0308cu\u0308 kar\u015f\u0131s\u0131ndaki \u00e7aresizli\u011fine \u015fahit oldu\u011fu i\u00e7in Mu\u0308slu\u0308man entelektu\u0308eller Bat\u0131\u2019n\u0131n u\u0308stu\u0308nlu\u0308\u011fu\u0308nu\u0308n hangi unsurlara dayand\u0131\u011f\u0131n\u0131 ara\u015ft\u0131rmaya koyulmu\u015flard\u0131r. Askeri alan i\u00e7in talep edilen Bat\u0131l\u0131la\u015fma\/ modernle\u015fme, zamanla idari, bu\u0308rokratik ve siyasal alanlar\u0131n da modernle\u015ftirilmesi gerekti\u011fi anlay\u0131\u015f\u0131n\u0131 ortaya koymu\u015ftur. Ancak modernle\u015fme hamlelerini ger\u00e7ekle\u015ftirmek, ba\u015fka bir deyi\u015fle Bat\u0131\u2019ya mukavemet etmek i\u00e7in modernle\u015fmeye engel te\u015fkil eden dinsel unsurlar\u0131n tespit edilerek, bunlar\u0131n \u0131slah edilmesi anlay\u0131\u015f\u0131 ortaya \u00e7\u0131km\u0131\u015ft\u0131r. .u\u0308nku\u0308 dinsel olan\/alan \u0131slah edilmeden, siyasal olan\u0131n\/alan\u0131n \u0131slah edilmesi du\u0308\u015fu\u0308nu\u0308lemezdi. Bu noktada, otantik \u0130slam\u2019\u0131n ne siyasal modernle\u015fmeye ne de (daha sonraki yu\u0308zy\u0131lda demokratik siyaseti savunun Mu\u0308slu\u0308manlar taraf\u0131ndan \u015fiar haline getirilen) demokrasiye kar\u015f\u0131 oldu\u011fu, ancak tarihsel su\u0308re. i\u00e7erisinde ortaya \u00e7\u0131kan ve \u0130slam\u2019a dayand\u0131r\u0131lan uygulamalar\u0131n modernle\u015fme ve demokrasi .nu\u0308nde engel te\u015fkil etti\u011fi anlay\u0131\u015f\u0131 bask\u0131n hale gelmi\u015ftir. Dinsel \u0131slah s\u00f6ylemi ile siyasal \u0131slah\/modernle\u015fme s\u00f6ylemi aras\u0131nda kurulan ontolojik ba\u011f vas\u0131tas\u0131yla \u0130slam-demokrasi ili\u015fkisini \u015fekillendiren kavramlar ortaya \u00e7\u0131km\u0131\u015ft\u0131r. Demokratik siyaseti benimseyen Mu\u0308slu\u0308man du\u0308\u015fu\u0308nu\u0308rler, demokrasinin Bat\u0131\u2019ya \u00f6zgu\u0308 bir fenomen olmad\u0131\u011f\u0131n\u0131, Hz. Peygamber ve ilk d\u00f6rt halifenin siyasal uygulamas\u0131n\u0131 \u00f6rnek alan ve otantik \u0130slam\u2019\u0131n de\u011ferlerine ba\u011fl\u0131 kalarak ortaya konulan siyasal eylemlerin demokrasiyle uyumlu oldu\u011funu du\u0308\u015fu\u0308nmu\u0308\u015flerdir. Bu anlay\u0131\u015f, bir y\u00f6nu\u0308yle ekol haline gelerek, \u0130slam ile modern du\u0308nyas\u0131n\u0131n tek me\u015fru y\u00f6netim bi\u00e7imi olan demokrasi aras\u0131nda olumlu bir ili\u015fkiyi tesis etme u\u011fra\u015f\u0131n\u0131 devam ettirmektedir. <\/p>\n","protected":false},"excerpt":{"rendered":"<p>Bu kitap, \u0130slam-demokrasi ili\u015fkisini tarihsel bir perspektif i\u00e7erisinde kuramsal, kavramsal ve eylemsel y\u00f6nden ele almaktad\u0131r. Mu\u0308slu\u0308manlar\u0131n \u00e7o\u011funlukta ya\u015fad\u0131\u011f\u0131 memleketlerin, daha genelleyici bir ifadeyle \u0130slam du\u0308nyas\u0131n\u0131n, 19.<span class=\"excerpt-hellip\"> [\u2026]<\/span><\/p>\n","protected":false},"featured_media":0,"template":"","meta":{"_monsterinsights_skip_tracking":false,"_monsterinsights_sitenote_active":false,"_monsterinsights_sitenote_note":"","_monsterinsights_sitenote_category":0},"product_brand":[],"product_cat":[12337,14706],"product_tag":[],"class_list":{"0":"post-784860","1":"product","2":"type-product","3":"status-publish","5":"product_cat-politika-siyaset","6":"product_cat-siyaset-bilimi","7":"pa_cilt-ciltsiz","8":"pa_tur-kitap","9":"pa_yayinevi-kadim-yayinlari","10":"pa_yazar-onur-yildirim","12":"first","13":"instock","14":"sale","15":"shipping-taxable","16":"purchasable","17":"product-type-simple"},"_links":{"self":[{"href":"https:\/\/roveyayinevi.com.tr\/index.php\/wp-json\/wp\/v2\/product\/784860","targetHints":{"allow":["GET"]}}],"collection":[{"href":"https:\/\/roveyayinevi.com.tr\/index.php\/wp-json\/wp\/v2\/product"}],"about":[{"href":"https:\/\/roveyayinevi.com.tr\/index.php\/wp-json\/wp\/v2\/types\/product"}],"wp:attachment":[{"href":"https:\/\/roveyayinevi.com.tr\/index.php\/wp-json\/wp\/v2\/media?parent=784860"}],"wp:term":[{"taxonomy":"product_brand","embeddable":true,"href":"https:\/\/roveyayinevi.com.tr\/index.php\/wp-json\/wp\/v2\/product_brand?post=784860"},{"taxonomy":"product_cat","embeddable":true,"href":"https:\/\/roveyayinevi.com.tr\/index.php\/wp-json\/wp\/v2\/product_cat?post=784860"},{"taxonomy":"product_tag","embeddable":true,"href":"https:\/\/roveyayinevi.com.tr\/index.php\/wp-json\/wp\/v2\/product_tag?post=784860"}],"curies":[{"name":"wp","href":"https:\/\/api.w.org\/{rel}","templated":true}]}}