{"id":784856,"date":"2026-03-15T03:00:48","date_gmt":"2026-03-15T00:00:48","guid":{"rendered":"https:\/\/roveyayinevi.com.tr\/index.php\/urun\/sezai-karakoc-siyasal-dusuncesinde-toplum-devlet-ve-siyaset\/"},"modified":"2026-04-16T03:03:56","modified_gmt":"2026-04-16T00:03:56","slug":"sezai-karakoc-siyasal-dusuncesinde-toplum-devlet-ve-siyaset","status":"publish","type":"product","link":"https:\/\/roveyayinevi.com.tr\/index.php\/urun\/sezai-karakoc-siyasal-dusuncesinde-toplum-devlet-ve-siyaset\/","title":{"rendered":"Sezai Karako\u00e7 Siyasal D\u00fc\u015f\u00fcncesinde Toplum, Devlet ve Siyaset"},"content":{"rendered":"<p>T\u00fcrk \u015eiiri ba\u015fta olmak \u00fczere Cumhuriyet D\u00f6nemi T\u00fcrk D\u00fc\u015f\u00fcncesinin \u00f6nde gelen entelekt\u00fcellerden biri olan Sezai Karako\u00e7, bir neslin zihin d\u00fcnyas\u0131na damga vurmu\u015ftur. \u0130ster edebiyat alan\u0131nda olsun ister siyasal d\u00fc\u015f\u00fcnce alan\u0131nda olsun Sezai Karako\u00e7\u2019un her zaman \u00fczerinde d\u00fc\u015f\u00fcnece\u011fi bir meselesi olmu\u015ftur. Asl\u0131nda meselenin \u00e7\u00f6z\u00fcm\u00fcnden \u00e7ok meseleye yakla\u015f\u0131m bi\u00e7imi hepimizde hayranl\u0131k uyand\u0131rm\u0131\u015ft\u0131r. Sezai Karako\u00e7, T\u00fcrkiye topraklar\u0131nda yeti\u015fen \u00f6nemli bir entelekt\u00fceldir. Sadece teorik olarak kalmam\u0131\u015f, pratikte de fikirlerini eyleme ge\u00e7irme konusunda; \u201cMilletim! Uyan, kendine gel! Yeni bir sayfa a\u00e7. Yeni bir \u00e7a\u011f a\u00e7. Ge\u00e7mi\u015fte birka\u00e7 kez \u00e7a\u011f a\u00e7m\u0131\u015ft\u0131n. Yine a\u00e7abilirsin. Yine a\u00e7abilirsin. Yine a\u00e7abilirsin.\u201d mottolar\u0131yla Y\u00fcce Dirili\u015f Partisini kurarak T\u00fcrk siyasal hayat\u0131na at\u0131lm\u0131\u015ft\u0131r. S\u00fcrekli \u00fcreten, s\u00fcrekli akt\u00fcel konular\u0131 kendisine bir mesele edinen m\u00fcmtaz bir \u015fahsiyet olarak, koca bir nesli beslemi\u015ftir. Monna Rosa, S\u00fcrg\u00fcn \u00dclkeden Ba\u015fkentler Ba\u015fkentine, Veda, Benim Sevgim ve daha nice \u015fiiriyle bir\u00e7ok ki\u015fide iz b\u0131rakan Karako\u00e7, i\u015fledi\u011fi konular\u0131n zenginli\u011fi, dil seviyesi ve II. Yeni \u015eiiri, \u00f6ncesi ve sonras\u0131ndaki \u015fiir ser\u00fcveniyle Cumhuriyet D\u00f6nemi T\u00fcrk \u015fiirinin en \u00f6nemli temsilcilerinden biri olarak kabul edilmektedir. Mahmut Hakk\u0131 Ak\u0131n, Harun Akdemir, \u0130brahim Durmaz, Ay\u015fe Ayten Bakacak, Ejder Okumu\u015f, H\u00fcseyin \u00c7il ve Ahmet Y\u0131ld\u0131z\u2019\u0131n b\u00f6l\u00fcmleriyle katk\u0131 sundu\u011fu bu kitapta, Sezai Karako\u00e7\u2019un topluma, devlete ve siyasete bak\u0131\u015f a\u00e7\u0131s\u0131 ayr\u0131nt\u0131l\u0131 bir \u015fekilde incelenmektedir<\/p>\n","protected":false},"excerpt":{"rendered":"<p>T\u00fcrk \u015eiiri ba\u015fta olmak \u00fczere Cumhuriyet D\u00f6nemi T\u00fcrk D\u00fc\u015f\u00fcncesinin \u00f6nde gelen entelekt\u00fcellerden biri olan Sezai Karako\u00e7, bir neslin zihin d\u00fcnyas\u0131na damga vurmu\u015ftur. \u0130ster edebiyat alan\u0131nda olsun<span class=\"excerpt-hellip\"> [\u2026]<\/span><\/p>\n","protected":false},"featured_media":0,"template":"","meta":{"_monsterinsights_skip_tracking":false,"_monsterinsights_sitenote_active":false,"_monsterinsights_sitenote_note":"","_monsterinsights_sitenote_category":0},"product_brand":[],"product_cat":[14009,12291],"product_tag":[],"class_list":{"0":"post-784856","1":"product","2":"type-product","3":"status-publish","5":"product_cat-biyografi-otobiyografi-edebiyat","6":"product_cat-edebiyat","7":"pa_cilt-ciltsiz","8":"pa_tur-kitap","9":"pa_yayinevi-kadim-yayinlari","10":"pa_yazar-kolektif","12":"first","13":"instock","14":"sale","15":"shipping-taxable","16":"purchasable","17":"product-type-simple"},"_links":{"self":[{"href":"https:\/\/roveyayinevi.com.tr\/index.php\/wp-json\/wp\/v2\/product\/784856","targetHints":{"allow":["GET"]}}],"collection":[{"href":"https:\/\/roveyayinevi.com.tr\/index.php\/wp-json\/wp\/v2\/product"}],"about":[{"href":"https:\/\/roveyayinevi.com.tr\/index.php\/wp-json\/wp\/v2\/types\/product"}],"wp:attachment":[{"href":"https:\/\/roveyayinevi.com.tr\/index.php\/wp-json\/wp\/v2\/media?parent=784856"}],"wp:term":[{"taxonomy":"product_brand","embeddable":true,"href":"https:\/\/roveyayinevi.com.tr\/index.php\/wp-json\/wp\/v2\/product_brand?post=784856"},{"taxonomy":"product_cat","embeddable":true,"href":"https:\/\/roveyayinevi.com.tr\/index.php\/wp-json\/wp\/v2\/product_cat?post=784856"},{"taxonomy":"product_tag","embeddable":true,"href":"https:\/\/roveyayinevi.com.tr\/index.php\/wp-json\/wp\/v2\/product_tag?post=784856"}],"curies":[{"name":"wp","href":"https:\/\/api.w.org\/{rel}","templated":true}]}}