{"id":784855,"date":"2026-03-15T03:00:42","date_gmt":"2026-03-15T00:00:42","guid":{"rendered":"https:\/\/roveyayinevi.com.tr\/index.php\/urun\/turkiye-siyaset-tarihi-2-cilt\/"},"modified":"2026-04-16T03:03:40","modified_gmt":"2026-04-16T00:03:40","slug":"turkiye-siyaset-tarihi-2-cilt","status":"publish","type":"product","link":"https:\/\/roveyayinevi.com.tr\/index.php\/urun\/turkiye-siyaset-tarihi-2-cilt\/","title":{"rendered":"T\u00fcrkiye Siyaset Tarihi 2. Cilt"},"content":{"rendered":"<p>Bu kitap y\u00fczy\u0131l\u0131n (1923-2023) siyasetini anlatan tek kitapt\u0131r. Konular kronolojik bir s\u0131rayla ve anla\u015f\u0131labilir bir dille aktar\u0131lm\u0131\u015ft\u0131r: Cumhuriyet\u2019in kurulu\u015f s\u00fcrecinde siyasi kavgalar ve tek parti y\u00f6netimi\u2026 \u0130smet Pa\u015fa nas\u0131l y\u00fckseldi ve nas\u0131l d\u00fc\u015ft\u00fc? Celal Bayar ve Menderes nas\u0131l ba\u015far\u0131l\u0131 oldular? 27 May\u0131s darbesinin sebepleri ve sonu\u00e7lar\u0131\u2026 Demirel\u2019in y\u00fckseli\u015fi ve d\u00fc\u015f\u00fc\u015f\u00fc\u2026 12 Mart darbesinin sebepleri ve sonu\u00e7lar\u0131 Karao\u011flan Ecevit\u2019in y\u00fckseli\u015fi ve d\u00fc\u015f\u00fc\u015f\u00fc\u2026 12 Eyl\u00fcl Darbesi ve Kenan Evren\u2026 T\u00fcrkiye\u2019ye \u00e7a\u011f atlatan lider \u00d6zal\u2026 Erbakan ve 28 \u015eubat darbesi\u2026 90\u2019l\u0131 y\u0131llar\u0131n kaosu, sorunlar\u0131 ve \u00e7at\u0131\u015fmalar\u0131\u2026 Ak Parti\u2019nin kurulu\u015fu ve h\u0131zl\u0131 y\u00fckseli\u015fi\u2026 Ak Parti\u2019nin askeri vesayetle kavgas\u0131\u2026 Ak Parti\u2019in kurdu\u011fu Yeni T\u00fcrkiye\u2026 2023 se\u00e7imleri \u00f6ncesinde siyasi ve sosyal ortam\u2026 <\/p>\n","protected":false},"excerpt":{"rendered":"<p>Bu kitap y\u00fczy\u0131l\u0131n (1923-2023) siyasetini anlatan tek kitapt\u0131r. Konular kronolojik bir s\u0131rayla ve anla\u015f\u0131labilir bir dille aktar\u0131lm\u0131\u015ft\u0131r: Cumhuriyet\u2019in kurulu\u015f s\u00fcrecinde siyasi kavgalar ve tek parti y\u00f6netimi\u2026<span class=\"excerpt-hellip\"> [\u2026]<\/span><\/p>\n","protected":false},"featured_media":0,"template":"","meta":{"_monsterinsights_skip_tracking":false,"_monsterinsights_sitenote_active":false,"_monsterinsights_sitenote_note":"","_monsterinsights_sitenote_category":0},"product_brand":[],"product_cat":[12337,14706],"product_tag":[],"class_list":{"0":"post-784855","1":"product","2":"type-product","3":"status-publish","5":"product_cat-politika-siyaset","6":"product_cat-siyaset-bilimi","7":"pa_cilt-ciltsiz","8":"pa_tur-kitap","9":"pa_yayinevi-kadim-yayinlari","10":"pa_yazar-kolektif","12":"first","13":"instock","14":"sale","15":"shipping-taxable","16":"purchasable","17":"product-type-simple"},"_links":{"self":[{"href":"https:\/\/roveyayinevi.com.tr\/index.php\/wp-json\/wp\/v2\/product\/784855","targetHints":{"allow":["GET"]}}],"collection":[{"href":"https:\/\/roveyayinevi.com.tr\/index.php\/wp-json\/wp\/v2\/product"}],"about":[{"href":"https:\/\/roveyayinevi.com.tr\/index.php\/wp-json\/wp\/v2\/types\/product"}],"wp:attachment":[{"href":"https:\/\/roveyayinevi.com.tr\/index.php\/wp-json\/wp\/v2\/media?parent=784855"}],"wp:term":[{"taxonomy":"product_brand","embeddable":true,"href":"https:\/\/roveyayinevi.com.tr\/index.php\/wp-json\/wp\/v2\/product_brand?post=784855"},{"taxonomy":"product_cat","embeddable":true,"href":"https:\/\/roveyayinevi.com.tr\/index.php\/wp-json\/wp\/v2\/product_cat?post=784855"},{"taxonomy":"product_tag","embeddable":true,"href":"https:\/\/roveyayinevi.com.tr\/index.php\/wp-json\/wp\/v2\/product_tag?post=784855"}],"curies":[{"name":"wp","href":"https:\/\/api.w.org\/{rel}","templated":true}]}}