{"id":784854,"date":"2026-03-15T02:56:30","date_gmt":"2026-03-14T23:56:30","guid":{"rendered":"https:\/\/roveyayinevi.com.tr\/index.php\/urun\/sezai-karakoc-ve-dirilis-yazilari\/"},"modified":"2026-04-16T02:58:52","modified_gmt":"2026-04-15T23:58:52","slug":"sezai-karakoc-ve-dirilis-yazilari","status":"publish","type":"product","link":"https:\/\/roveyayinevi.com.tr\/index.php\/urun\/sezai-karakoc-ve-dirilis-yazilari\/","title":{"rendered":"Sezai Karako\u00e7 ve Dirili\u015f Yaz\u0131lar\u0131"},"content":{"rendered":"<p>Sezai Karako\u00e7; kavram olarak \u201cDirili\u015f\u201di, insanl\u0131k tarihinin b\u00fcy\u00fck de\u011fi\u015fim d\u00f6nemlerinde ger\u00e7ekle\u015fmi\u015f ve gelecekte yine ger\u00e7ekle\u015fecek olan somut bir vak\u0131a olarak tan\u0131mlam\u0131\u015ft\u0131r. Tarihin pek \u00e7ok d\u00f6neminde insanl\u0131\u011f\u0131n b\u00fcy\u00fck bunal\u0131mlar\u0131n\u0131 b\u00fcy\u00fck dirili\u015flerle a\u015ft\u0131\u011f\u0131n\u0131 d\u00fc\u015f\u00fcnen Karako\u00e7, bug\u00fcne de\u011fin de ayn\u0131 inanc\u0131 ta\u015f\u0131yarak bir \u201cDirili\u015f\u201d \u00f6zlemi ve umudu ta\u015f\u0131m\u0131\u015ft\u0131r. \u0130nsanl\u0131k, ge\u00e7mi\u015finden kopmadan; bug\u00fcn\u00fc aklen, kalben ve ruhen sa\u011fl\u0131kl\u0131 de\u011ferlendirebildi\u011finde; bununla birlikte gelece\u011fe kendi \u00f6z\u00fcnden katk\u0131da bulunabildi\u011finde \u201cDirili\u015f\u201d ger\u00e7ekle\u015fecektir. Karako\u00e7 taraf\u0131ndan in\u015fa edilen d\u00fc\u015f\u00fcnce sistemi; gerek \u00fclkemiz gerek t\u00fcm insanl\u0131k baz\u0131nda \u00e7a\u011f\u0131, tarih\u00ee-sosyolojik bir bak\u0131\u015f a\u00e7\u0131s\u0131yla yeniden okuma ve yorumlama y\u00f6ntemidir. Bu y\u00f6ntem, \u00f6ncelikle \u00e7a\u011f\u0131m\u0131z uygarl\u0131\u011f\u0131n\u0131n ve insan\u0131n\u0131n sorunlar\u0131 ile bu sorunlar\u0131n ortaya \u00e7\u0131kmas\u0131na neden olan d\u00fc\u015f\u00fcnsel zeminin kritik edilmesini, sonra da uygarl\u0131\u011f\u0131 \u015fekillendiren kavramlar \u00fczerinde yo\u011funla\u015farak bu kavramlar\u0131n anlam, i\u00e7erik ve s\u0131n\u0131rlar\u0131n\u0131n belirlenmesi y\u00f6n\u00fcnde yeniden bir d\u00fc\u015f\u00fcnsel \u00fcretimi hedeflemi\u015ftir. Sezai Karako\u00e7, hem fikri yaz\u0131lar\u0131yla hem de modern edebiyat anlay\u0131\u015f\u0131 i\u00e7erisinde kendine \u00f6zg\u00fc \u015fiir s\u00f6yleyi\u015fiyle bir\u00e7ok kalem i\u00e7in yol olmu\u015ftur. Dirili\u015f \u00fczerinden temellendirdi\u011fi d\u00fc\u015f\u00fcncelerini, kayna\u011f\u0131n\u0131 \u0130slam d\u00fc\u015f\u00fcncesinden, gelenekten alan bir mana ile yaz\u0131lar\u0131n\u0131 ve \u015fiirlerini b\u00fct\u00fcnc\u00fcl bir perspektifle kaleme alm\u0131\u015ft\u0131r. Dirili\u015f d\u00fc\u015f\u00fcncesi Karako\u00e7\u2019un her bir \u015fiirine, yaz\u0131s\u0131na, kavramlar\u0131na n\u00fcfuz etmi\u015ftir.<\/p>\n","protected":false},"excerpt":{"rendered":"<p>Sezai Karako\u00e7; kavram olarak \u201cDirili\u015f\u201di, insanl\u0131k tarihinin b\u00fcy\u00fck de\u011fi\u015fim d\u00f6nemlerinde ger\u00e7ekle\u015fmi\u015f ve gelecekte yine ger\u00e7ekle\u015fecek olan somut bir vak\u0131a olarak tan\u0131mlam\u0131\u015ft\u0131r. Tarihin pek \u00e7ok d\u00f6neminde insanl\u0131\u011f\u0131n<span class=\"excerpt-hellip\"> [\u2026]<\/span><\/p>\n","protected":false},"featured_media":0,"template":"","meta":{"_monsterinsights_skip_tracking":false,"_monsterinsights_sitenote_active":false,"_monsterinsights_sitenote_note":"","_monsterinsights_sitenote_category":0},"product_brand":[],"product_cat":[12337,14706],"product_tag":[],"class_list":{"0":"post-784854","1":"product","2":"type-product","3":"status-publish","5":"product_cat-politika-siyaset","6":"product_cat-siyaset-bilimi","7":"pa_cilt-ciltsiz","8":"pa_tur-kitap","9":"pa_yayinevi-kadim-yayinlari","10":"pa_yazar-munire-kevser-bas","12":"first","13":"instock","14":"sale","15":"shipping-taxable","16":"purchasable","17":"product-type-simple"},"_links":{"self":[{"href":"https:\/\/roveyayinevi.com.tr\/index.php\/wp-json\/wp\/v2\/product\/784854","targetHints":{"allow":["GET"]}}],"collection":[{"href":"https:\/\/roveyayinevi.com.tr\/index.php\/wp-json\/wp\/v2\/product"}],"about":[{"href":"https:\/\/roveyayinevi.com.tr\/index.php\/wp-json\/wp\/v2\/types\/product"}],"wp:attachment":[{"href":"https:\/\/roveyayinevi.com.tr\/index.php\/wp-json\/wp\/v2\/media?parent=784854"}],"wp:term":[{"taxonomy":"product_brand","embeddable":true,"href":"https:\/\/roveyayinevi.com.tr\/index.php\/wp-json\/wp\/v2\/product_brand?post=784854"},{"taxonomy":"product_cat","embeddable":true,"href":"https:\/\/roveyayinevi.com.tr\/index.php\/wp-json\/wp\/v2\/product_cat?post=784854"},{"taxonomy":"product_tag","embeddable":true,"href":"https:\/\/roveyayinevi.com.tr\/index.php\/wp-json\/wp\/v2\/product_tag?post=784854"}],"curies":[{"name":"wp","href":"https:\/\/api.w.org\/{rel}","templated":true}]}}