{"id":784828,"date":"2026-03-15T02:47:28","date_gmt":"2026-03-14T23:47:28","guid":{"rendered":"https:\/\/roveyayinevi.com.tr\/index.php\/urun\/said-halim-pasa-mesrutiyet-ve-cumhuriyet-arasindaki-son-halka\/"},"modified":"2026-04-16T02:46:48","modified_gmt":"2026-04-15T23:46:48","slug":"said-halim-pasa-mesrutiyet-ve-cumhuriyet-arasindaki-son-halka","status":"publish","type":"product","link":"https:\/\/roveyayinevi.com.tr\/index.php\/urun\/said-halim-pasa-mesrutiyet-ve-cumhuriyet-arasindaki-son-halka\/","title":{"rendered":"Said Halim Pa\u015fa &#8211; Me\u015frutiyet ve Cumhuriyet Aras\u0131ndaki Son Halka"},"content":{"rendered":"<p>Said Halim Pa\u015fa, bir devlet adam\u0131 oldu\u011fu kadar g\u00fc\u00e7l\u00fc bir entelekt\u00fceldir. Yakla\u015f\u0131k y\u00fcz y\u0131l \u00f6nce kendisinden \u00f6nceki y\u00fczy\u0131la dair \u2018Buhranlar\u0131m\u0131z\u2019 (Krizlerimiz) eserini yazarak sonraki ku\u015faklara iki y\u00fczy\u0131ll\u0131k bir tarihsel bak\u0131\u015f a\u00e7\u0131s\u0131 kazand\u0131rm\u0131\u015ft\u0131r. Osmanl\u0131-T\u00fcrk modernle\u015fme s\u00fcrecindeki temel felsefi duru\u015funu ve ilkelerini sonraki ku\u015faklara miras b\u0131rakm\u0131\u015ft\u0131r. Bat\u0131 modernle\u015fme tarihinde, jakoben devrimcili\u011fe kar\u015f\u0131 muhafazak\u00e2r evrimci tarz-\u0131 siyaseti savunan Edmund Burke ne ise Osmanl\u0131-T\u00fcrk-Cumhuriyet modernle\u015fmesi i\u00e7in de Said Halim Pa\u015fa odur.Said Halim Pa\u015fa \u00f6zellikle muhafazak\u00e2r literat\u00fcr\u00fcn en \u00e7ok at\u0131f yap\u0131lmas\u0131 gereken fakat yap\u0131lmayan d\u00fc\u015f\u00fcn\u00fcrlerin ba\u015f\u0131nda gelmektedir. Eserin ortaya \u00e7\u0131kma nedeni, tam da bu d\u00fc\u015f\u00fcnceden kaynaklanmaktad\u0131r. \u00c7\u00fcnk\u00fc hem bir m\u00fcnevver hem de bir devlet adam\u0131 olan Said Halim Pa\u015fa\u2019n\u0131n k\u0131ymetinin bilinmesi elzemdir. Asl\u0131nda, Said Halim Pa\u015fa jakoben, otoriter, totaliter, pozitivist ve elitist y\u00f6n, y\u00f6ntem ve y\u00f6netime kar\u015f\u0131 muhafazak\u00e2r evrimci anlay\u0131\u015f ile tarih sahnesindeki yerini de alm\u0131\u015ft\u0131r.<\/p>\n","protected":false},"excerpt":{"rendered":"<p>Said Halim Pa\u015fa, bir devlet adam\u0131 oldu\u011fu kadar g\u00fc\u00e7l\u00fc bir entelekt\u00fceldir. Yakla\u015f\u0131k y\u00fcz y\u0131l \u00f6nce kendisinden \u00f6nceki y\u00fczy\u0131la dair \u2018Buhranlar\u0131m\u0131z\u2019 (Krizlerimiz) eserini yazarak sonraki ku\u015faklara iki<span class=\"excerpt-hellip\"> [\u2026]<\/span><\/p>\n","protected":false},"featured_media":0,"template":"","meta":{"_monsterinsights_skip_tracking":false,"_monsterinsights_sitenote_active":false,"_monsterinsights_sitenote_note":"","_monsterinsights_sitenote_category":0},"product_brand":[],"product_cat":[13946,12304],"product_tag":[],"class_list":{"0":"post-784828","1":"product","2":"type-product","3":"status-publish","5":"product_cat-biyografi-otobiyografi","6":"product_cat-tarih","7":"pa_cilt-ciltsiz","8":"pa_tur-kitap","9":"pa_yayinevi-kadim-yayinlari","10":"pa_yazar-halis-cetin-fatih-yildiz","12":"first","13":"instock","14":"sale","15":"shipping-taxable","16":"purchasable","17":"product-type-simple"},"_links":{"self":[{"href":"https:\/\/roveyayinevi.com.tr\/index.php\/wp-json\/wp\/v2\/product\/784828","targetHints":{"allow":["GET"]}}],"collection":[{"href":"https:\/\/roveyayinevi.com.tr\/index.php\/wp-json\/wp\/v2\/product"}],"about":[{"href":"https:\/\/roveyayinevi.com.tr\/index.php\/wp-json\/wp\/v2\/types\/product"}],"wp:attachment":[{"href":"https:\/\/roveyayinevi.com.tr\/index.php\/wp-json\/wp\/v2\/media?parent=784828"}],"wp:term":[{"taxonomy":"product_brand","embeddable":true,"href":"https:\/\/roveyayinevi.com.tr\/index.php\/wp-json\/wp\/v2\/product_brand?post=784828"},{"taxonomy":"product_cat","embeddable":true,"href":"https:\/\/roveyayinevi.com.tr\/index.php\/wp-json\/wp\/v2\/product_cat?post=784828"},{"taxonomy":"product_tag","embeddable":true,"href":"https:\/\/roveyayinevi.com.tr\/index.php\/wp-json\/wp\/v2\/product_tag?post=784828"}],"curies":[{"name":"wp","href":"https:\/\/api.w.org\/{rel}","templated":true}]}}