{"id":784826,"date":"2026-03-15T02:47:23","date_gmt":"2026-03-14T23:47:23","guid":{"rendered":"https:\/\/roveyayinevi.com.tr\/index.php\/urun\/said-halim-pasa-gelenegin-muhafizi-degisimin-faili\/"},"modified":"2026-04-16T02:46:48","modified_gmt":"2026-04-15T23:46:48","slug":"said-halim-pasa-gelenegin-muhafizi-degisimin-faili","status":"publish","type":"product","link":"https:\/\/roveyayinevi.com.tr\/index.php\/urun\/said-halim-pasa-gelenegin-muhafizi-degisimin-faili\/","title":{"rendered":"Said Halim Pa\u015fa &#8211; Gelene\u011fin Muhaf\u0131z\u0131 De\u011fi\u015fimin Faili"},"content":{"rendered":"<p>Osmanl\u0131 Devleti\u2019nin zor zamanlar\u0131nda ya\u015fam\u0131\u015f bir devlet adam\u0131 olan Said Halim Pa\u015fa, bir\u00e7ok idar\u00ee g\u00f6rev \u00fcstlenmesinin yan\u0131 s\u0131ra y\u00f6netsel krizlerin mevcut oldu\u011fu bir d\u00f6nemde sadrazaml\u0131k makam\u0131n\u0131 deruhte eder. Sadrazaml\u0131\u011f\u0131 s\u0131ras\u0131nda Devlet-i Aliyye, I. D\u00fcnya Sava\u015f\u0131\u2019n\u0131n taraf\u0131 olma karar\u0131 al\u0131r. Pa\u015fa, \u0130mparatorlu\u011fun bekas\u0131 i\u00e7in zarur\u00ee oldu\u011funu d\u00fc\u015f\u00fcnd\u00fc\u011f\u00fc bu karar\u0131n arkas\u0131nda sava\u015ftan sonra da durabilmi\u015f ve yarg\u0131land\u0131\u011f\u0131 Divan-\u0131 Harpte g\u00f6r\u00fc\u015flerini savunabilmi\u015f nadir isimlerden biridir.Elinizde bulunan \u00e7al\u0131\u015fmada, Said Halim Pa\u015fa\u2019n\u0131n entelekt\u00fcel portresi, devlet adaml\u0131\u011f\u0131 ve fikirleri de\u011ferli hocalar\u0131m\u0131z taraf\u0131ndan serimlendi. Pa\u015fa\u2019n\u0131n \u0130sl\u00e2mc\u0131l\u0131k, Muhafazak\u00e2rl\u0131k ve Bat\u0131c\u0131l\u0131k\/Bat\u0131l\u0131la\u015fma eksenindeki fikir izle\u011fi temel hatlar\u0131yla \u00e7al\u0131\u015fma boyunca tahlil edildi. \u00c7ok y\u00f6nl\u00fc bir d\u00fc\u015f\u00fcn\u00fcr olan Said Halim Pa\u015fa\u2019n\u0131n toplum, ahl\u00e2k ve e\u011fitim gibi konulardaki fikirleri de \u00e7al\u0131\u015fmada ele al\u0131nan temalar aras\u0131nda yer ald\u0131. B\u00f6ylelikle b\u00fct\u00fcnl\u00fckl\u00fc bir Said Halim Pa\u015fa portresinin ortaya \u00e7\u0131kar\u0131lmas\u0131 ama\u00e7land\u0131. Benzer \u00e7al\u0131\u015fmalar arac\u0131l\u0131\u011f\u0131yla T\u00fcrk siyas\u00ee ve fikir hayat\u0131nda m\u00fcmtaz bir mevki i\u015fgal eden isimlerin k\u0131ymetlerinin teslim edilmesi hususundaki \u00fcmidimizi payla\u015f\u0131yoruz.<\/p>\n","protected":false},"excerpt":{"rendered":"<p>Osmanl\u0131 Devleti\u2019nin zor zamanlar\u0131nda ya\u015fam\u0131\u015f bir devlet adam\u0131 olan Said Halim Pa\u015fa, bir\u00e7ok idar\u00ee g\u00f6rev \u00fcstlenmesinin yan\u0131 s\u0131ra y\u00f6netsel krizlerin mevcut oldu\u011fu bir d\u00f6nemde sadrazaml\u0131k makam\u0131n\u0131<span class=\"excerpt-hellip\"> [\u2026]<\/span><\/p>\n","protected":false},"featured_media":0,"template":"","meta":{"_monsterinsights_skip_tracking":false,"_monsterinsights_sitenote_active":false,"_monsterinsights_sitenote_note":"","_monsterinsights_sitenote_category":0},"product_brand":[],"product_cat":[13946,12304],"product_tag":[],"class_list":{"0":"post-784826","1":"product","2":"type-product","3":"status-publish","5":"product_cat-biyografi-otobiyografi","6":"product_cat-tarih","7":"pa_cilt-ciltsiz","8":"pa_tur-kitap","9":"pa_yayinevi-kadim-yayinlari","10":"pa_yazar-vahdettin-isik-yunus-sahbaz","12":"first","13":"instock","14":"sale","15":"shipping-taxable","16":"purchasable","17":"product-type-simple"},"_links":{"self":[{"href":"https:\/\/roveyayinevi.com.tr\/index.php\/wp-json\/wp\/v2\/product\/784826","targetHints":{"allow":["GET"]}}],"collection":[{"href":"https:\/\/roveyayinevi.com.tr\/index.php\/wp-json\/wp\/v2\/product"}],"about":[{"href":"https:\/\/roveyayinevi.com.tr\/index.php\/wp-json\/wp\/v2\/types\/product"}],"wp:attachment":[{"href":"https:\/\/roveyayinevi.com.tr\/index.php\/wp-json\/wp\/v2\/media?parent=784826"}],"wp:term":[{"taxonomy":"product_brand","embeddable":true,"href":"https:\/\/roveyayinevi.com.tr\/index.php\/wp-json\/wp\/v2\/product_brand?post=784826"},{"taxonomy":"product_cat","embeddable":true,"href":"https:\/\/roveyayinevi.com.tr\/index.php\/wp-json\/wp\/v2\/product_cat?post=784826"},{"taxonomy":"product_tag","embeddable":true,"href":"https:\/\/roveyayinevi.com.tr\/index.php\/wp-json\/wp\/v2\/product_tag?post=784826"}],"curies":[{"name":"wp","href":"https:\/\/api.w.org\/{rel}","templated":true}]}}