{"id":784824,"date":"2026-03-15T02:41:48","date_gmt":"2026-03-14T23:41:48","guid":{"rendered":"https:\/\/roveyayinevi.com.tr\/index.php\/urun\/turk-toplum-sozlesmesi-cilt-ii\/"},"modified":"2026-04-16T02:39:12","modified_gmt":"2026-04-15T23:39:12","slug":"turk-toplum-sozlesmesi-cilt-ii","status":"publish","type":"product","link":"https:\/\/roveyayinevi.com.tr\/index.php\/urun\/turk-toplum-sozlesmesi-cilt-ii\/","title":{"rendered":"T\u00fcrk Toplum S\u00f6zle\u015fmesi Cilt II"},"content":{"rendered":"<p>Bu \u00e7al\u0131\u015fmay\u0131 \u015fekillendiren ana unsur, \u00f6ncelikle ya\u015fad\u0131\u011f\u0131m\u0131z s\u00f6zl\u00fc k\u00fclt\u00fcrel ortamda Orhon Abidelerinden siyasetnamelere, atas\u00f6zlerinden Nasreddin Hoca f\u0131kralar\u0131n\u0131n efkar-\u0131 umumiyeyi \u015fekillendirme g\u00fcc\u00fcne kadar T\u00fcrk k\u00fclt\u00fcr kodlar\u0131ndaki g\u00fc\u00e7l\u00fc etkisini ya\u015fayarak g\u00f6rm\u00fc\u015f olmam\u0131zd\u0131r.  T\u00fcrk toplum s\u00f6zle\u015fmesi sadece m\u00fckemmel bir hayat kurgusu tahayy\u00fcl\u00fc i\u00e7inde de\u011fil T\u00fcrk halk\u0131n\u0131n neredeyse b\u00fct\u00fcn akli ve ahlaki zaaflar\u0131n\u0131n da muhatab\u0131 hatta ma\u011fduru ve mazlumu olmu\u015ftur. T\u00fcrk toplum s\u00f6zle\u015fmesi bir olgu olarak do\u011fmu\u015f, bir alg\u0131 olarak ya\u015fat\u0131lm\u0131\u015f ve sonu\u00e7ta ya\u015fayan k\u00fclt\u00fcr evreninin asli s\u00f6zle\u015fme yasalar\u0131 olarak tekrar bir olguya d\u00f6n\u00fc\u015ft\u00fcr\u00fclm\u00fc\u015ft\u00fcr. Bu alg\u0131 ve olgu diyalekti\u011fi i\u00e7inde kendi alg\u0131s\u0131na g\u00f6re bir k\u00fclt\u00fcr olgusu ve kendi olgusuna g\u00f6re bir k\u00fclt\u00fcr alg\u0131s\u0131 yaratan herkes, yaratt\u0131\u011f\u0131 bu alg\u0131 ve olgu durumuna g\u00f6re s\u00f6zle\u015fme yasalar\u0131n\u0131 yorumlam\u0131\u015ft\u0131r: T\u0131pk\u0131 herkese g\u00f6rmek istedi\u011fi \u015feyleri g\u00f6steren Faust\u2019un aynas\u0131 gibi. Atas\u00f6zleri ve Nasreddin Hoca f\u0131kralar\u0131 \u00fczerinden g\u00fcn\u00fcm\u00fcze kadar aktar\u0131lan T\u00fcrk toplumsal, siyasal ve ekonomik hayat\u0131n\u0131n incelenmesinde, birbirine z\u0131t gibi g\u00f6r\u00fcnen ama birbirine olduk\u00e7a ba\u011fl\u0131 ve birbirini besleyen iki hayat felsefesinin izlerini bulmak m\u00fcmk\u00fcnd\u00fcr. T\u00fcrk k\u00fclt\u00fcr\u00fc, hem toplumsal, hem ekonomik, hem de siyasal hayatta trajedi ve komedinin t\u00fcm ya\u015fam felsefesini yans\u0131tmaktad\u0131r. K\u00fc\u00e7\u00fck \u015feyleri a\u015f\u0131r\u0131 abartma anlam\u0131nda trajedi, b\u00fcy\u00fck \u015feyleri a\u015f\u0131r\u0131 a\u015fa\u011f\u0131lama anlam\u0131nda komedi, T\u00fcrk k\u00fclt\u00fcr\u00fcn\u00fcn t\u00fcm alanlar\u0131na hakim bir ya\u015fam felsefesidir. Bu y\u00fczden, her t\u00fcrl\u00fc olguya bak\u0131\u015f\u0131m\u0131zda bu ikircikli ger\u00e7e\u011fi g\u00f6z ard\u0131 etmememiz gerekir<\/p>\n","protected":false},"excerpt":{"rendered":"<p>Bu \u00e7al\u0131\u015fmay\u0131 \u015fekillendiren ana unsur, \u00f6ncelikle ya\u015fad\u0131\u011f\u0131m\u0131z s\u00f6zl\u00fc k\u00fclt\u00fcrel ortamda Orhon Abidelerinden siyasetnamelere, atas\u00f6zlerinden Nasreddin Hoca f\u0131kralar\u0131n\u0131n efkar-\u0131 umumiyeyi \u015fekillendirme g\u00fcc\u00fcne kadar T\u00fcrk k\u00fclt\u00fcr kodlar\u0131ndaki g\u00fc\u00e7l\u00fc<span class=\"excerpt-hellip\"> [\u2026]<\/span><\/p>\n","protected":false},"featured_media":0,"template":"","meta":{"_monsterinsights_skip_tracking":false,"_monsterinsights_sitenote_active":false,"_monsterinsights_sitenote_note":"","_monsterinsights_sitenote_category":0},"product_brand":[],"product_cat":[12337,14706],"product_tag":[],"class_list":{"0":"post-784824","1":"product","2":"type-product","3":"status-publish","5":"product_cat-politika-siyaset","6":"product_cat-siyaset-bilimi","7":"pa_cilt-ciltsiz","8":"pa_tur-kitap","9":"pa_yayinevi-kadim-yayinlari","10":"pa_yazar-halis-cetin","12":"first","13":"instock","14":"sale","15":"shipping-taxable","16":"purchasable","17":"product-type-simple"},"_links":{"self":[{"href":"https:\/\/roveyayinevi.com.tr\/index.php\/wp-json\/wp\/v2\/product\/784824","targetHints":{"allow":["GET"]}}],"collection":[{"href":"https:\/\/roveyayinevi.com.tr\/index.php\/wp-json\/wp\/v2\/product"}],"about":[{"href":"https:\/\/roveyayinevi.com.tr\/index.php\/wp-json\/wp\/v2\/types\/product"}],"wp:attachment":[{"href":"https:\/\/roveyayinevi.com.tr\/index.php\/wp-json\/wp\/v2\/media?parent=784824"}],"wp:term":[{"taxonomy":"product_brand","embeddable":true,"href":"https:\/\/roveyayinevi.com.tr\/index.php\/wp-json\/wp\/v2\/product_brand?post=784824"},{"taxonomy":"product_cat","embeddable":true,"href":"https:\/\/roveyayinevi.com.tr\/index.php\/wp-json\/wp\/v2\/product_cat?post=784824"},{"taxonomy":"product_tag","embeddable":true,"href":"https:\/\/roveyayinevi.com.tr\/index.php\/wp-json\/wp\/v2\/product_tag?post=784824"}],"curies":[{"name":"wp","href":"https:\/\/api.w.org\/{rel}","templated":true}]}}