{"id":784818,"date":"2026-03-15T02:34:26","date_gmt":"2026-03-14T23:34:26","guid":{"rendered":"https:\/\/roveyayinevi.com.tr\/index.php\/urun\/diyarbekir-1915\/"},"modified":"2026-04-16T02:32:19","modified_gmt":"2026-04-15T23:32:19","slug":"diyarbekir-1915","status":"publish","type":"product","link":"https:\/\/roveyayinevi.com.tr\/index.php\/urun\/diyarbekir-1915\/","title":{"rendered":"Diyarbekir 1915"},"content":{"rendered":"<p>Ermeni sorunu, 1878 Berlin Antla\u015fmas\u0131 ile birlikte Osmanl\u0131 Devleti\u2019nde bir \u0131slahat konusu olarak g\u00fcndeme gelmi\u015ftir. Bu tarihten sonra b\u00fcy\u00fck g\u00fc\u00e7ler taraf\u0131ndan yap\u0131lan bask\u0131lar sonucunda bir dizi reform projesi hayata ge\u00e7irilmi\u015ftir. Fakat bu reformlar istenen neticeyi vermemi\u015ftir. II. Me\u015frutiyet\u2019in ilan\u0131, Ermenilere y\u00f6nelik reformlar konusunda yeni beklentilere yol a\u00e7m\u0131\u015ft\u0131r. Ancak \u0130ttihat ve Terakki Cemiyeti\u2019nin (\u0130TC) giderek artan milliyet\u00e7i bir ideolojiyi benimsemesi sonucu reform sorunu s\u00fcrekli olarak ertelenmi\u015ftir. Rusya\u2019n\u0131n bask\u0131lar\u0131 sonucunda Do\u011fu Anadolu B\u00f6lgesi\u2019nde olu\u015fturulan Genel M\u00fcfetti\u015flik Kurumu, I. D\u00fcnya Sava\u015f\u0131\u2019n\u0131n ba\u015flamas\u0131 sonucunda la\u011fvedilmi\u015ftir. Osmanl\u0131 Devleti\u2019nin I. D\u00fcnya Sava\u015f\u0131\u2019na dahil olmas\u0131 Ermeniler a\u00e7\u0131s\u0131ndan bir d\u00f6n\u00fcm noktas\u0131 olmu\u015ftur. Sava\u015fla birlikte \u0130TC h\u00fck\u00fcmeti, Ermenilerin Osmanl\u0131 Devleti\u2019ne sad\u0131k vatanda\u015flar olmad\u0131klar\u0131na karar vererek onlar\u0131, G\u00fcney vilayetleri olan Halep, Zor ve Musul\u2019a tehcir ederek zorunlu iskana tabi tutmu\u015ftur.   25 Mart 1915 tarihinde Diyarbekir vilayetinde vali olarak g\u00f6revlendirilen Re\u015fid Bey, \u0130TC\u2019nin ilk kurucular\u0131 aras\u0131nda olup hen\u00fcz Diyarbekir vilayetinde g\u00f6reve ba\u015flamadan \u00f6nce Ermenilerin farkl\u0131 b\u00f6lgelere s\u00fcr\u00fclmesini savunmu\u015ftur. Bu a\u00e7\u0131dan vilayette g\u00f6reve ba\u015flad\u0131\u011f\u0131 ilk g\u00fcnden itibaren, Ermenileri i\u00e7 d\u00fc\u015fman olarak g\u00f6rm\u00fc\u015ft\u00fcr. Dahiliye Nezareti\u2019nin Diyarbekir vilayeti ile yapt\u0131\u011f\u0131 yaz\u0131\u015fmalarda Re\u015fid Bey, izledi\u011fi politikalar nedeniyle merkezi yetkililer taraf\u0131ndan s\u0131k s\u0131k uyar\u0131lm\u0131\u015ft\u0131r. Bu durum, merkezi yetkililerin vilayette ya\u015fanan olaylardan haberdar oldu\u011funu g\u00f6stermektedir. Re\u015fid Bey, Dahiliye Nezaretinin bilgisi d\u0131\u015f\u0131nda Diyarbekir vilayetindeki Ermenileri kendi insiyatifi ile tehcir etmi\u015ftir. Diyarbekir vilayetinde ciddi bir isyan emaresi olmamas\u0131na ra\u011fmen kentteki Ermenilerin b\u00fcy\u00fck bir isyan haz\u0131rl\u0131\u011f\u0131nda oldu\u011funu iddia eden Re\u015fid Bey, bu sayede merkez y\u00f6netimini yanl\u0131\u015f y\u00f6nlendirmi\u015f ve vilayette kendi g\u00fcndemini uygulamaya koymak i\u00e7in uygun bir ortam yaratm\u0131\u015ft\u0131r. <\/p>\n","protected":false},"excerpt":{"rendered":"<p>Ermeni sorunu, 1878 Berlin Antla\u015fmas\u0131 ile birlikte Osmanl\u0131 Devleti\u2019nde bir \u0131slahat konusu olarak g\u00fcndeme gelmi\u015ftir. Bu tarihten sonra b\u00fcy\u00fck g\u00fc\u00e7ler taraf\u0131ndan yap\u0131lan bask\u0131lar sonucunda bir dizi<span class=\"excerpt-hellip\"> [\u2026]<\/span><\/p>\n","protected":false},"featured_media":0,"template":"","meta":{"_monsterinsights_skip_tracking":false,"_monsterinsights_sitenote_active":false,"_monsterinsights_sitenote_note":"","_monsterinsights_sitenote_category":0},"product_brand":[],"product_cat":[12370,12304],"product_tag":[],"class_list":{"0":"post-784818","1":"product","2":"type-product","3":"status-publish","5":"product_cat-arastirma-inceleme","6":"product_cat-tarih","7":"pa_cilt-ciltsiz","8":"pa_tur-kitap","9":"pa_yayinevi-kadim-yayinlari","10":"pa_yazar-huseyin-kurt","12":"first","13":"instock","14":"sale","15":"shipping-taxable","16":"purchasable","17":"product-type-simple"},"_links":{"self":[{"href":"https:\/\/roveyayinevi.com.tr\/index.php\/wp-json\/wp\/v2\/product\/784818","targetHints":{"allow":["GET"]}}],"collection":[{"href":"https:\/\/roveyayinevi.com.tr\/index.php\/wp-json\/wp\/v2\/product"}],"about":[{"href":"https:\/\/roveyayinevi.com.tr\/index.php\/wp-json\/wp\/v2\/types\/product"}],"wp:attachment":[{"href":"https:\/\/roveyayinevi.com.tr\/index.php\/wp-json\/wp\/v2\/media?parent=784818"}],"wp:term":[{"taxonomy":"product_brand","embeddable":true,"href":"https:\/\/roveyayinevi.com.tr\/index.php\/wp-json\/wp\/v2\/product_brand?post=784818"},{"taxonomy":"product_cat","embeddable":true,"href":"https:\/\/roveyayinevi.com.tr\/index.php\/wp-json\/wp\/v2\/product_cat?post=784818"},{"taxonomy":"product_tag","embeddable":true,"href":"https:\/\/roveyayinevi.com.tr\/index.php\/wp-json\/wp\/v2\/product_tag?post=784818"}],"curies":[{"name":"wp","href":"https:\/\/api.w.org\/{rel}","templated":true}]}}