{"id":784806,"date":"2026-03-15T02:10:41","date_gmt":"2026-03-14T23:10:41","guid":{"rendered":"https:\/\/roveyayinevi.com.tr\/index.php\/urun\/turkiyede-devletin-kimlik-krizi-ve-cesitlilik\/"},"modified":"2026-04-16T02:10:00","modified_gmt":"2026-04-15T23:10:00","slug":"turkiyede-devletin-kimlik-krizi-ve-cesitlilik","status":"publish","type":"product","link":"https:\/\/roveyayinevi.com.tr\/index.php\/urun\/turkiyede-devletin-kimlik-krizi-ve-cesitlilik\/","title":{"rendered":"T\u00fcrkiye\u2019de Devletin Kimlik Krizi ve \u00c7e\u015fitlilik"},"content":{"rendered":"<p>T\u00fcrkiye&#8217;de ya\u015fanan kimlik krizinin arkas\u0131nda yatan sebepler nelerdir? Devletin kimli\u011fini belirleme konusunda ya\u015fanan bu sert tart\u0131\u015fmalar T\u00fcrkiye&#8217;yi nereye g\u00f6t\u00fcrecek? K\u00fclt\u00fcrel \u00e7e\u015fitlilik T\u00fcrkiye&#8217;yi b\u00f6lecek mi yoksa daha da \u00f6zg\u00fcr hale mi getirecek? Yeni-Osmanl\u0131c\u0131, K\u00fcrt\u00e7\u00fc ve \u0130slamc\u0131 hareketlerin devletin kimli\u011fine meydan okumalar\u0131, devlette nas\u0131l bir tepki g\u00f6r\u00fcyor? Bu t\u00fcr sorulara cevap arayan T\u00fcrkiye&#8217;de Devletin Kimlik Krizi kitab\u0131 sadece bug\u00fcne de\u011fil ayn\u0131 zamanda bu tart\u0131\u015fmalar\u0131n son y\u00fczy\u0131ll\u0131k ser\u00fcvenine de \u0131\u015f\u0131k tutuyor. Okuyucu bu kitap ile T\u00fcrkiye&#8217;deki kimlik krizinin arkas\u0131nda yatan sebeplerin sadece ekonomik ve s\u0131n\u0131fsal olmad\u0131\u011f\u0131n\u0131 daha net g\u00f6recektir.G\u00fcn\u00fcm\u00fczde demokrasilerin en \u00f6nemli sorunu k\u00fclt\u00fcrel \u00e7e\u015fitlili\u011fin kamusal varl\u0131\u011f\u0131 ve temsili olarak belirmektedir. K\u00fcreselle\u015fme s\u00fcreci ile de \u00f6rt\u00fc\u015fen bu durum d\u00fcnyadaki t\u00fcm demokratik rejimlerin temel sorunu haline gelmi\u015ftir. T\u00fcrkiye&#8217;de 1990&#8217;l\u0131 y\u0131llar ile birlikte \u0130slamc\u0131, K\u00fcrt\u00e7\u00fc, Alevi Kad\u0131n gibi \u00e7e\u015fitli kimlik hareketleri devletin k\u00fclt\u00fcr kullan\u0131m\u0131ndaki tek me\u015fru otorite olmas\u0131na meydan okumu\u015flard\u0131r. <\/p>\n","protected":false},"excerpt":{"rendered":"<p>T\u00fcrkiye&#8217;de ya\u015fanan kimlik krizinin arkas\u0131nda yatan sebepler nelerdir? Devletin kimli\u011fini belirleme konusunda ya\u015fanan bu sert tart\u0131\u015fmalar T\u00fcrkiye&#8217;yi nereye g\u00f6t\u00fcrecek? K\u00fclt\u00fcrel \u00e7e\u015fitlilik T\u00fcrkiye&#8217;yi b\u00f6lecek mi yoksa daha<span class=\"excerpt-hellip\"> [\u2026]<\/span><\/p>\n","protected":false},"featured_media":0,"template":"","meta":{"_monsterinsights_skip_tracking":false,"_monsterinsights_sitenote_active":false,"_monsterinsights_sitenote_note":"","_monsterinsights_sitenote_category":0},"product_brand":[],"product_cat":[13656,12337],"product_tag":[],"class_list":{"0":"post-784806","1":"product","2":"type-product","3":"status-publish","5":"product_cat-azinliklar-etnik-sorunlar","6":"product_cat-politika-siyaset","7":"pa_cilt-ciltsiz","8":"pa_tur-kitap","9":"pa_yayinevi-kadim-yayinlari","10":"pa_yazar-yilmaz-colak","12":"first","13":"instock","14":"sale","15":"shipping-taxable","16":"purchasable","17":"product-type-simple"},"_links":{"self":[{"href":"https:\/\/roveyayinevi.com.tr\/index.php\/wp-json\/wp\/v2\/product\/784806","targetHints":{"allow":["GET"]}}],"collection":[{"href":"https:\/\/roveyayinevi.com.tr\/index.php\/wp-json\/wp\/v2\/product"}],"about":[{"href":"https:\/\/roveyayinevi.com.tr\/index.php\/wp-json\/wp\/v2\/types\/product"}],"wp:attachment":[{"href":"https:\/\/roveyayinevi.com.tr\/index.php\/wp-json\/wp\/v2\/media?parent=784806"}],"wp:term":[{"taxonomy":"product_brand","embeddable":true,"href":"https:\/\/roveyayinevi.com.tr\/index.php\/wp-json\/wp\/v2\/product_brand?post=784806"},{"taxonomy":"product_cat","embeddable":true,"href":"https:\/\/roveyayinevi.com.tr\/index.php\/wp-json\/wp\/v2\/product_cat?post=784806"},{"taxonomy":"product_tag","embeddable":true,"href":"https:\/\/roveyayinevi.com.tr\/index.php\/wp-json\/wp\/v2\/product_tag?post=784806"}],"curies":[{"name":"wp","href":"https:\/\/api.w.org\/{rel}","templated":true}]}}