{"id":784609,"date":"2026-03-11T04:09:14","date_gmt":"2026-03-11T01:09:14","guid":{"rendered":"https:\/\/roveyayinevi.com.tr\/index.php\/urun\/turkiye-ve-irangelenek-cagdaslasma-devrim\/"},"modified":"2026-04-15T03:48:37","modified_gmt":"2026-04-15T00:48:37","slug":"turkiye-ve-irangelenek-cagdaslasma-devrim","status":"publish","type":"product","link":"https:\/\/roveyayinevi.com.tr\/index.php\/urun\/turkiye-ve-irangelenek-cagdaslasma-devrim\/","title":{"rendered":"T\u00fcrkiye ve \u0130ran;Gelenek, \u00c7a\u011fda\u015fla\u015fma, Devrim"},"content":{"rendered":"<p>Bu kitap, Osmanl\u0131 ve \u0130ran\u2019da ger\u00e7ekle\u015fen gelenek-\u00e7a\u011fda\u015fla\u015fma-devrim ili\u015fkisini kar\u015f\u0131la\u015ft\u0131rmal\u0131 bir tarihsel sosyolojik okumayla ele al\u0131yor. Devlet gelene\u011fi, askeri-sivil b\u00fcrokratik kurumsalla\u015fma ile din-siyaset ili\u015fkileri etraf\u0131nda \u015fekillenen farkl\u0131 deneyimler, T\u00fcrkiye\u2019de laiklik, devlet kapasitesi ve s\u00fcreklilik tart\u0131\u015fmalar\u0131n\u0131, \u0130ran\u2019da ise uleman\u0131n siyasal rol\u00fc, me\u015fruiyet krizleri ve toplumsal itiraz dinamiklerini anlamak noktas\u0131nda g\u00fc\u00e7l\u00fc bir \u00e7er\u00e7eve sunuyor.Osmanl\u0131\u2019da kesintisiz s\u00fcregelen bir merkezi otorite ve S\u00fcnni ulemen\u0131n devletl\u00fb konumu sebebiyle geli\u015fen pratik ile \u0130ran\u2019da merkezi otorite ve \u015eii ulema \u00f6zelinde tam tezat i\u015fleyen bir ba\u015fka pratik, iki \u00fclkede devrimlerin ideolojik y\u00f6nelimlerini ve kurucu siyasal projelerini belirleyen tarihsel miras \u00fczerinden analiz ediliyor.<\/p>\n","protected":false},"excerpt":{"rendered":"<p>Bu kitap, Osmanl\u0131 ve \u0130ran\u2019da ger\u00e7ekle\u015fen gelenek-\u00e7a\u011fda\u015fla\u015fma-devrim ili\u015fkisini kar\u015f\u0131la\u015ft\u0131rmal\u0131 bir tarihsel sosyolojik okumayla ele al\u0131yor. Devlet gelene\u011fi, askeri-sivil b\u00fcrokratik kurumsalla\u015fma ile din-siyaset ili\u015fkileri etraf\u0131nda \u015fekillenen farkl\u0131<span class=\"excerpt-hellip\"> [\u2026]<\/span><\/p>\n","protected":false},"featured_media":0,"template":"","meta":{"_monsterinsights_skip_tracking":false,"_monsterinsights_sitenote_active":false,"_monsterinsights_sitenote_note":"","_monsterinsights_sitenote_category":0},"product_brand":[],"product_cat":[48062,12337],"product_tag":[],"class_list":{"0":"post-784609","1":"product","2":"type-product","3":"status-publish","5":"product_cat-dis-politika","6":"product_cat-politika-siyaset","7":"pa_cilt-ciltsiz","8":"pa_tur-kitap","9":"pa_yayinevi-heretik-yayincilik","10":"pa_yazar-tolga-gurakar","12":"first","13":"instock","14":"sale","15":"shipping-taxable","16":"purchasable","17":"product-type-simple"},"_links":{"self":[{"href":"https:\/\/roveyayinevi.com.tr\/index.php\/wp-json\/wp\/v2\/product\/784609","targetHints":{"allow":["GET"]}}],"collection":[{"href":"https:\/\/roveyayinevi.com.tr\/index.php\/wp-json\/wp\/v2\/product"}],"about":[{"href":"https:\/\/roveyayinevi.com.tr\/index.php\/wp-json\/wp\/v2\/types\/product"}],"wp:attachment":[{"href":"https:\/\/roveyayinevi.com.tr\/index.php\/wp-json\/wp\/v2\/media?parent=784609"}],"wp:term":[{"taxonomy":"product_brand","embeddable":true,"href":"https:\/\/roveyayinevi.com.tr\/index.php\/wp-json\/wp\/v2\/product_brand?post=784609"},{"taxonomy":"product_cat","embeddable":true,"href":"https:\/\/roveyayinevi.com.tr\/index.php\/wp-json\/wp\/v2\/product_cat?post=784609"},{"taxonomy":"product_tag","embeddable":true,"href":"https:\/\/roveyayinevi.com.tr\/index.php\/wp-json\/wp\/v2\/product_tag?post=784609"}],"curies":[{"name":"wp","href":"https:\/\/api.w.org\/{rel}","templated":true}]}}