{"id":784605,"date":"2026-03-11T04:09:07","date_gmt":"2026-03-11T01:09:07","guid":{"rendered":"https:\/\/roveyayinevi.com.tr\/index.php\/urun\/aponun-kurt-ve-din-maskesi\/"},"modified":"2026-04-15T03:48:36","modified_gmt":"2026-04-15T00:48:36","slug":"aponun-kurt-ve-din-maskesi","status":"publish","type":"product","link":"https:\/\/roveyayinevi.com.tr\/index.php\/urun\/aponun-kurt-ve-din-maskesi\/","title":{"rendered":"Apo\u2019nun K\u00fcrt ve Din Maskesi"},"content":{"rendered":"<p>PKK eleba\u015f\u0131 Abdullah \u00d6calan\u2019\u0131n \u00e7ocukluk, ilk gen\u00e7lik, \u00f6\u011frencilik, \u00e7al\u0131\u015fma hayat\u0131, aile ve arkada\u015f ili\u015fkilerinden itibaren ele alarak bunal\u0131ml\u0131 bir ki\u015fili\u011fin, kimli\u011fin anatomisi g\u00f6zler \u00f6n\u00fcne seriliyor. Kapsaml\u0131 bir psiko-sosyolojik \u00e7\u00f6z\u00fcmlemenin yap\u0131ld\u0131\u011f\u0131 bu kitapta PKK\u2019n\u0131n kurulu\u015f amac\u0131ndan kendi i\u00e7indeki infazlara, \u00f6rg\u00fcte yard\u0131m ve yatakl\u0131k yapanlardan Suriye\u2019den \u00e7\u0131kart\u0131lma nedenlerine, k\u00fcresel emperyalist \u00e7etenin in\u015fa etti\u011fi BOP\u2019ta \u00fcslenmi\u015f oldu\u011fu rol ve g\u00f6revlerinden PKK\u2019n\u0131n da\u011f kadrosunu \u0130mral\u0131\u2019dan nas\u0131l y\u00f6netti\u011fine de\u011fin bir\u00e7ok konuyu, kendi ifade ve itiraflar\u0131ndan teyit ederken ter\u00f6ristba\u015f\u0131 \u00d6calan\u2019\u0131 t\u00fcm y\u00f6nleriyle tan\u0131mam\u0131z\u0131 sa\u011fl\u0131yor. Yakla\u015f\u0131k yirmi seneden beridir Suriye\u2019de kararg\u00e2h kuran \u00d6calan\u2019\u0131n bir operasyon sonucu T\u00fcrkiye\u2019ye teslim edilme nedenleri \u00fczerinde de durulan kitapta ba\u015fl\u0131ca \u015fu sorular\u0131n yan\u0131tlar\u0131 aran\u0131yor:- K\u00fcrt halk\u0131 \u00f6nderli\u011fi k\u0131l\u0131f\u0131nda emperyalizm ta\u015feronlu\u011funun perde arkas\u0131nda neler var?- Apo\u2019ya g\u00f6re ger\u00e7ekte K\u00fcrt halk\u0131 kimdir?- Apo ile ANAP H\u00fck\u00fcmeti aras\u0131nda postac\u0131l\u0131k yapan gazeteciler, PKK\u2019ya yard\u0131m ve yatakl\u0131k yapan ki\u015filer, kurumlar, i\u015f adamlar\u0131 ve a\u015firet liderleri kimlerdir?- Apo\u2019nun \u00e7eli\u015fkili \u0130slam g\u00f6r\u00fc\u015fleri alt\u0131nda emperyalizm g\u00fcd\u00fcml\u00fc etnik ve mezhepsel b\u00f6l\u00fcc\u00fcl\u00fck in\u015fas\u0131 nas\u0131l \u015fekillendi?- Apo\u2019nun korkak ve narsist y\u00f6n\u00fc \u0131\u015f\u0131\u011f\u0131nda kendine bi\u00e7ti\u011fi \u201ctanr\u0131-kral\u201d rol\u00fc nelerden olu\u015fuyor?- Apo\u2019dan Erdo\u011fan\u2019a mektupta neler yaz\u0131yordu?- Apo-Fethullah G\u00fclen ili\u015fkisinin boyutlar\u0131 nas\u0131ld\u0131?<\/p>\n","protected":false},"excerpt":{"rendered":"<p>PKK eleba\u015f\u0131 Abdullah \u00d6calan\u2019\u0131n \u00e7ocukluk, ilk gen\u00e7lik, \u00f6\u011frencilik, \u00e7al\u0131\u015fma hayat\u0131, aile ve arkada\u015f ili\u015fkilerinden itibaren ele alarak bunal\u0131ml\u0131 bir ki\u015fili\u011fin, kimli\u011fin anatomisi g\u00f6zler \u00f6n\u00fcne seriliyor. Kapsaml\u0131<span class=\"excerpt-hellip\"> [\u2026]<\/span><\/p>\n","protected":false},"featured_media":0,"template":"","meta":{"_monsterinsights_skip_tracking":false,"_monsterinsights_sitenote_active":false,"_monsterinsights_sitenote_note":"","_monsterinsights_sitenote_category":0},"product_brand":[],"product_cat":[12346,12337],"product_tag":[],"class_list":{"0":"post-784605","1":"product","2":"type-product","3":"status-publish","5":"product_cat-derin-siyaset-komplo-teorileri","6":"product_cat-politika-siyaset","7":"pa_cilt-ciltsiz","8":"pa_tur-kitap","9":"pa_yayinevi-pankus-yayinlari","10":"pa_yazar-veysel-bogatepe","12":"first","13":"instock","14":"sale","15":"shipping-taxable","16":"purchasable","17":"product-type-simple"},"_links":{"self":[{"href":"https:\/\/roveyayinevi.com.tr\/index.php\/wp-json\/wp\/v2\/product\/784605","targetHints":{"allow":["GET"]}}],"collection":[{"href":"https:\/\/roveyayinevi.com.tr\/index.php\/wp-json\/wp\/v2\/product"}],"about":[{"href":"https:\/\/roveyayinevi.com.tr\/index.php\/wp-json\/wp\/v2\/types\/product"}],"wp:attachment":[{"href":"https:\/\/roveyayinevi.com.tr\/index.php\/wp-json\/wp\/v2\/media?parent=784605"}],"wp:term":[{"taxonomy":"product_brand","embeddable":true,"href":"https:\/\/roveyayinevi.com.tr\/index.php\/wp-json\/wp\/v2\/product_brand?post=784605"},{"taxonomy":"product_cat","embeddable":true,"href":"https:\/\/roveyayinevi.com.tr\/index.php\/wp-json\/wp\/v2\/product_cat?post=784605"},{"taxonomy":"product_tag","embeddable":true,"href":"https:\/\/roveyayinevi.com.tr\/index.php\/wp-json\/wp\/v2\/product_tag?post=784605"}],"curies":[{"name":"wp","href":"https:\/\/api.w.org\/{rel}","templated":true}]}}