{"id":784537,"date":"2026-03-10T04:10:57","date_gmt":"2026-03-10T01:10:57","guid":{"rendered":"https:\/\/roveyayinevi.com.tr\/index.php\/urun\/suyun-ustunde-kalanlar-taslicaydan-isama\/"},"modified":"2026-04-15T03:46:13","modified_gmt":"2026-04-15T00:46:13","slug":"suyun-ustunde-kalanlar-taslicaydan-isama","status":"publish","type":"product","link":"https:\/\/roveyayinevi.com.tr\/index.php\/urun\/suyun-ustunde-kalanlar-taslicaydan-isama\/","title":{"rendered":"Suyun \u00dcst\u00fcnde Kalanlar \/ Ta\u015fl\u0131\u00e7ay&#8217;dan \u0130sam&#8217;a"},"content":{"rendered":"<p>\u201c\u00d6zel karde\u015fimizin ilimde se\u00e7ti\u011fi alan\u0131n \u0130sl\u00e2m hukuku\/f\u0131kh\u0131 oldu\u011fu s\u00f6ylenebilir. Bu alandakiakademik \u00fcnvanlar\u0131n\u0131 elde ederken u\u011frak yerleri elbette bellidir. Ama bana g\u00f6re onu bir fakiholarak de\u011fil z\u00fc\u2019l-f\u00fcn\u00fbn olarak de\u011ferlendirmek gerekir. Bu kimli\u011fini nas\u0131l elde edebildi\u011finianlamak i\u00e7in 44 cilt u\u011fruna ya\u015fanan \u00e7ileleri ve bu konuda onun pay\u0131na d\u00fc\u015fenlerleya\u015fad\u0131klar\u0131n\u0131 bilmeye ihtiya\u00e7 vard\u0131r. Bu \u00e7ile s\u00fcrecinde iyi ki Ahmet \u00d6zel de vard\u0131.\u201dTayyar Alt\u0131kula\u00e7\u201cAhmet \u00d6zel\u2019in hat\u0131ralar\u0131, \u00f6nemli bir f\u0131k\u0131h hocas\u0131n\u0131n biyografik bilgilerini vermesinin yan\u0131s\u0131ra ve daha ziyade, T\u00fcrkiye\u2019nin son elli y\u0131l\u0131ndaki en \u00f6nemli k\u00fclt\u00fcrel ve ilm\u00ee eserlerinden biriolan TDV \u0130sl\u00e2m Ansiklopedisi\u2019nin haz\u0131rl\u0131k, telif, redaksiyon ve organizasyonu gibi hera\u015famas\u0131nda etkin bir rol \u00fcstlenmi\u015f olmas\u0131 dolay\u0131s\u0131yla \u0130SAM ve D\u0130A\u2019n\u0131n tarihine de i\u00e7eridenbir bak\u0131\u015f sa\u011flamakta ve e\u015fsiz bir anlat\u0131 olu\u015fturmaktad\u0131r.\u201d\u0130smail E. Er\u00fcnsal\u201cMelek huyludur Ahmet a\u011fabeyim.Ar\u0131 tabiatl\u0131 ipek b\u00f6ce\u011fi.Kalbi vard\u0131r her bir kelimesinin.Bahar kardelen, yaz hatmi \u00e7i\u00e7e\u011fi.\u201dMustafa \u00d6zel\u201cElinizdeki kitap, sadece bir \u015fahs\u0131n kendisi i\u00e7in \u00f6nemli g\u00f6rd\u00fc\u011f\u00fc an\u0131lar\u0131n hik\u00e2yesi de\u011fil, ayn\u0131zamanda T\u00fcrkiye\u2019nin birbirinden olduk\u00e7a farkl\u0131 \u00f6zellikler ta\u015f\u0131yan muhtelif d\u00f6nemlerinin dedo\u011frudan g\u00f6rg\u00fc tan\u0131\u011f\u0131 olan bir \u015fahs\u0131n de\u011fi\u015fim s\u00fcre\u00e7lerine dair \u015fahitli\u011fidir. Ahmet \u00d6zelbilhassa T\u00fcrkiye\u2019de \u0130slam miras\u0131yla kopan ba\u011flar\u0131n\u0131n yeniden kurulmas\u0131nda \u00e7ok \u00f6nemli bira\u015fama olan TDV \u0130slam Ansiklopedisi\u2019nde uzun y\u0131llar \u00e7al\u0131\u015ft\u0131. Ansiklopedi \u00e7al\u0131\u015fmalar\u0131n\u0131n temeldire\u011fi olan birka\u00e7 hocadan biriydi. \u00c7ok farkl\u0131 kesimleri bir araya getiren bu faaliyette yeni birmuhit ve epistemik bir cemaat olu\u015fturman\u0131n hem d\u00f6nemler aras\u0131 hem de bir d\u00f6nem i\u00e7indekiilm\u00ee, siyasi, iktisadi ve toplumsal zorluklar\u0131na, sorunlar\u0131na, ayn\u0131 zamanda nimetlerine \u015fahitliketti. An\u0131lar\u0131 bir milletin yeniden dirili\u015fi i\u00e7in katlan\u0131lmas\u0131 gereken zorluklar u\u011fruna kendihayallerinden vazge\u00e7en bir zihnin \u00fcr\u00fcn\u00fcd\u00fcr.\u201d\u00d6mer T\u00fcrker<\/p>\n","protected":false},"excerpt":{"rendered":"<p>\u201c\u00d6zel karde\u015fimizin ilimde se\u00e7ti\u011fi alan\u0131n \u0130sl\u00e2m hukuku\/f\u0131kh\u0131 oldu\u011fu s\u00f6ylenebilir. Bu alandakiakademik \u00fcnvanlar\u0131n\u0131 elde ederken u\u011frak yerleri elbette bellidir. Ama bana g\u00f6re onu bir fakiholarak de\u011fil z\u00fc\u2019l-f\u00fcn\u00fbn<span class=\"excerpt-hellip\"> [\u2026]<\/span><\/p>\n","protected":false},"featured_media":0,"template":"","meta":{"_monsterinsights_skip_tracking":false,"_monsterinsights_sitenote_active":false,"_monsterinsights_sitenote_note":"","_monsterinsights_sitenote_category":0},"product_brand":[],"product_cat":[13946,12304],"product_tag":[],"class_list":{"0":"post-784537","1":"product","2":"type-product","3":"status-publish","5":"product_cat-biyografi-otobiyografi","6":"product_cat-tarih","7":"pa_cilt-ciltsiz","8":"pa_tur-kitap","9":"pa_yayinevi-timas-yayinlari","10":"pa_yazar-ahmet-ozel","12":"first","13":"instock","14":"sale","15":"shipping-taxable","16":"purchasable","17":"product-type-simple"},"_links":{"self":[{"href":"https:\/\/roveyayinevi.com.tr\/index.php\/wp-json\/wp\/v2\/product\/784537","targetHints":{"allow":["GET"]}}],"collection":[{"href":"https:\/\/roveyayinevi.com.tr\/index.php\/wp-json\/wp\/v2\/product"}],"about":[{"href":"https:\/\/roveyayinevi.com.tr\/index.php\/wp-json\/wp\/v2\/types\/product"}],"wp:attachment":[{"href":"https:\/\/roveyayinevi.com.tr\/index.php\/wp-json\/wp\/v2\/media?parent=784537"}],"wp:term":[{"taxonomy":"product_brand","embeddable":true,"href":"https:\/\/roveyayinevi.com.tr\/index.php\/wp-json\/wp\/v2\/product_brand?post=784537"},{"taxonomy":"product_cat","embeddable":true,"href":"https:\/\/roveyayinevi.com.tr\/index.php\/wp-json\/wp\/v2\/product_cat?post=784537"},{"taxonomy":"product_tag","embeddable":true,"href":"https:\/\/roveyayinevi.com.tr\/index.php\/wp-json\/wp\/v2\/product_tag?post=784537"}],"curies":[{"name":"wp","href":"https:\/\/api.w.org\/{rel}","templated":true}]}}