{"id":784424,"date":"2026-03-07T04:16:23","date_gmt":"2026-03-07T01:16:23","guid":{"rendered":"https:\/\/roveyayinevi.com.tr\/index.php\/urun\/turk-obua-tarihine-iz-birakanlar\/"},"modified":"2026-04-15T03:46:05","modified_gmt":"2026-04-15T00:46:05","slug":"turk-obua-tarihine-iz-birakanlar","status":"publish","type":"product","link":"https:\/\/roveyayinevi.com.tr\/index.php\/urun\/turk-obua-tarihine-iz-birakanlar\/","title":{"rendered":"T\u00fcrk Obua Tarihine \u0130z B\u0131rakanlar"},"content":{"rendered":"<p>Bir enstr\u00fcman\u0131n sosyok\u00fclt\u00fcrel de\u011feri, belirli bir toplumun tarihinde ne zaman var oldu\u011funa, nas\u0131l de\u011ferlendirildi\u011fine ve enstr\u00fcman\u0131n o toplumun literat\u00fcr\u00fcnde ne \u00f6l\u00e7\u00fcde yans\u0131t\u0131ld\u0131\u011f\u0131na dair bir dizi \u00f6nemli veriye ba\u011fl\u0131d\u0131r. Ayr\u0131ca, bir enstr\u00fcman\u0131n tarihsel s\u00fcre\u00e7te ne \u00f6l\u00e7\u00fcde icra edilebildi\u011fi, icra anlay\u0131\u015f\u0131n\u0131n y\u00f6n\u00fc, icra ortamlar\u0131n\u0131n \u00e7e\u015fitlili\u011fi ve icrac\u0131lar\u0131n\u0131n hem kamu hem de siyasi g\u00fc\u00e7ler taraf\u0131ndan ne \u00f6l\u00e7\u00fcde sayg\u0131 g\u00f6rd\u00fc\u011f\u00fc, o enstr\u00fcman\u0131n icra tarihiyle ilgili \u00f6nemli konulard\u0131r. Nefesli \u00e7alg\u0131lar ailesinden \u00e7ift kam\u0131\u015fl\u0131 bir \u00e7alg\u0131 olan obua, m\u00fczi\u011fin \u00f6nemli ve e\u015fsiz aletlerinden biridir. Antik Yunan&#8217;a kadar uzanan uzun bir ge\u00e7mi\u015fi olan bu \u00e7alg\u0131, y\u00fczy\u0131llar boyunca geli\u015ferek modern orkestran\u0131n en zorlu, farkl\u0131 ve vazge\u00e7ilmez bir enstr\u00fcman\u0131 haline gelmi\u015ftir. T\u00fcrk m\u00fczik tarihinde obua, Avrupa\u2019da Bat\u0131 m\u00fczi\u011fiyle etkile\u015fim i\u00e7inde geli\u015fen \u00e7alg\u0131lar aras\u0131nda \u00f6zel bir yere sahiptir. Cumhuriyet\u2019in ilan\u0131yla birlikte \u00fclkemizde \u00e7a\u011fda\u015f m\u00fczik kurumlar\u0131n\u0131n temelleri at\u0131l\u0131rken, obua da bu yeni d\u00f6nemin sembol\u00fc h\u00e2line gelmi\u015f; Bat\u0131 orkestra gelene\u011finin parlak sesi olarak konservatuvarlarda, senfoni orkestralar\u0131nda ve opera topluluklar\u0131nda yerini alm\u0131\u015ft\u0131r. Bu geli\u015fim, yaln\u0131zca bir enstr\u00fcman\u0131n teknik ser\u00fcveni de\u011fil, ayn\u0131 zamanda bir sanat anlay\u0131\u015f\u0131n\u0131n, bir k\u00fclt\u00fcrel d\u00f6n\u00fc\u015f\u00fcm\u00fcn ve nesilden nesile aktar\u0131lan bir ustal\u0131k zincirinin de hik\u00e2yesidir. Bu kitapta obuan\u0131n T\u00fcrk topraklar\u0131ndaki ilk kullan\u0131m\u0131ndan g\u00fcn\u00fcm\u00fcze kadar olan \u00c7a\u011fda\u015f T\u00fcrk M\u00fczi\u011fi ser\u00fcvenindeki yeri ve enstr\u00fcman\u0131 bize sevdiren, onu lay\u0131k\u0131yla \u00e7alan de\u011ferli T\u00fcrk obuac\u0131lar anlat\u0131lm\u0131\u015ft\u0131r. Kitab\u0131n amac\u0131, T\u00fcrk obua sanat\u0131n\u0131n bug\u00fcne kadar yaz\u0131lmam\u0131\u015f hik\u00e2yesini belgelemek, sanat\u00e7\u0131 biyografilerini g\u00fcn y\u00fcz\u00fcne \u00e7\u0131karmak ve bu alandaki s\u00fcreklili\u011fi g\u00f6r\u00fcn\u00fcr k\u0131lmakt\u0131r. \u00c7al\u0131\u015fmada yer alan sanat\u00e7\u0131 portreleri, yaln\u0131zca ki\u015fisel ba\u015far\u0131 \u00f6yk\u00fclerini de\u011fil; ayn\u0131 zamanda T\u00fcrkiye\u2019de m\u00fczik e\u011fitiminin d\u00f6n\u00fc\u015f\u00fcm\u00fcn\u00fc, orkestra k\u00fclt\u00fcr\u00fcn\u00fcn olu\u015fumunu ve sanat\u00e7\u0131lar aras\u0131 ku\u015fak ba\u011flar\u0131n\u0131 da ortaya koymaktad\u0131r. B\u00f6ylece kitap hem bir tarih belgesi hem de gelecek ku\u015faklar i\u00e7in bir rehber niteli\u011fi ta\u015f\u0131maktad\u0131r.<\/p>\n","protected":false},"excerpt":{"rendered":"<p>Bir enstr\u00fcman\u0131n sosyok\u00fclt\u00fcrel de\u011feri, belirli bir toplumun tarihinde ne zaman var oldu\u011funa, nas\u0131l de\u011ferlendirildi\u011fine ve enstr\u00fcman\u0131n o toplumun literat\u00fcr\u00fcnde ne \u00f6l\u00e7\u00fcde yans\u0131t\u0131ld\u0131\u011f\u0131na dair bir dizi \u00f6nemli<span class=\"excerpt-hellip\"> [\u2026]<\/span><\/p>\n","protected":false},"featured_media":0,"template":"","meta":{"_monsterinsights_skip_tracking":false,"_monsterinsights_sitenote_active":false,"_monsterinsights_sitenote_note":"","_monsterinsights_sitenote_category":0},"product_brand":[],"product_cat":[14556],"product_tag":[],"class_list":{"0":"post-784424","1":"product","2":"type-product","3":"status-publish","5":"product_cat-muzik","6":"pa_cilt-ciltsiz","7":"pa_tur-kitap","8":"pa_yayinevi-platanus-publishing","9":"pa_yazar-zerrin-tan","11":"first","12":"instock","13":"sale","14":"shipping-taxable","15":"purchasable","16":"product-type-simple"},"_links":{"self":[{"href":"https:\/\/roveyayinevi.com.tr\/index.php\/wp-json\/wp\/v2\/product\/784424","targetHints":{"allow":["GET"]}}],"collection":[{"href":"https:\/\/roveyayinevi.com.tr\/index.php\/wp-json\/wp\/v2\/product"}],"about":[{"href":"https:\/\/roveyayinevi.com.tr\/index.php\/wp-json\/wp\/v2\/types\/product"}],"wp:attachment":[{"href":"https:\/\/roveyayinevi.com.tr\/index.php\/wp-json\/wp\/v2\/media?parent=784424"}],"wp:term":[{"taxonomy":"product_brand","embeddable":true,"href":"https:\/\/roveyayinevi.com.tr\/index.php\/wp-json\/wp\/v2\/product_brand?post=784424"},{"taxonomy":"product_cat","embeddable":true,"href":"https:\/\/roveyayinevi.com.tr\/index.php\/wp-json\/wp\/v2\/product_cat?post=784424"},{"taxonomy":"product_tag","embeddable":true,"href":"https:\/\/roveyayinevi.com.tr\/index.php\/wp-json\/wp\/v2\/product_tag?post=784424"}],"curies":[{"name":"wp","href":"https:\/\/api.w.org\/{rel}","templated":true}]}}