{"id":784414,"date":"2026-03-07T04:00:33","date_gmt":"2026-03-07T01:00:33","guid":{"rendered":"https:\/\/roveyayinevi.com.tr\/index.php\/urun\/endiseli-muhafazakarlar-cagi\/"},"modified":"2026-04-15T03:34:55","modified_gmt":"2026-04-15T00:34:55","slug":"endiseli-muhafazakarlar-cagi","status":"publish","type":"product","link":"https:\/\/roveyayinevi.com.tr\/index.php\/urun\/endiseli-muhafazakarlar-cagi\/","title":{"rendered":"Endi\u015feli Muhafazakarlar \u00c7a\u011f\u0131"},"content":{"rendered":"<p>Hik\u00e2ye yanl\u0131\u015f kurguland\u0131. Bekir A\u011f\u0131rd\u0131r&#8217;a ait olan ve Binnaz Toprak ile pop\u00fcler olmu\u015f Endi\u015feli Modern kavram\u0131, ne yaz\u0131k ki y\u0131llar boyunca esas endi\u015feli olanlardan rol \u00e7ald\u0131. Zira, \u00e7a\u011f Endi\u015feli Modernlerin de\u011fil, &#8220;Endi\u015feli Muhafazak\u00e2rlar&#8221;\u0131n \u00e7a\u011f\u0131. Y\u0131llard\u0131r olduk\u00e7a \u00fcrkek \u015fekilde payla\u015fmaya \u00e7al\u0131\u015ft\u0131\u011f\u0131m d\u00fc\u015f\u00fcncelerimi art\u0131k daha y\u00fcksek sesle ifade edebilirim: Evet, Do\u011fu Cephesi&#8217;nde yeni bir \u015fey yok, T\u00fcrkiye \u00e7ok h\u0131zl\u0131 \u015fekilde sek\u00fclerle\u015fiyor! Yeni nesiller eski ku\u015faklar kadar umursam\u0131yorlar dini. T\u00fcrkiye toplumunun dindarla\u015ft\u0131\u011f\u0131 \u00f6yle kabul edilen bir ger\u00e7ekti ki, 2010 y\u0131l\u0131nda Orta Do\u011fu Teknik \u00dcniversitesi&#8217;nin Sosyoloji B\u00f6l\u00fcm\u00fc doktora m\u00fclakat\u0131nda ya\u015fad\u0131\u011f\u0131m a\u015fa\u011f\u0131daki olay muhafazak\u00e2rla\u015fma alg\u0131s\u0131n\u0131n ula\u015ft\u0131\u011f\u0131 nokta bak\u0131m\u0131ndan olduk\u00e7a dikkat \u00e7ekicidir: Sosyoloji Profes\u00f6r\u00fc: Doktoran\u0131zda ne \u00e7al\u0131\u015facaks\u0131n\u0131z? V.E.: Hocam, ben genel alg\u0131n\u0131n aksine T\u00fcrkiye&#8217;nin sek\u00fclerle\u015fti\u011fini, yani T\u00fcrkiye&#8217;de dinin g\u00fcc\u00fcn\u00fcn ve prestijinin azald\u0131\u011f\u0131n\u0131, yeni neslin kendilerinden \u00f6nceki ku\u015faklara nazaran dine daha uzak olduklar\u0131n\u0131 d\u00fc\u015f\u00fcn\u00fcyorum. Ve doktora tezimde de bu toplumda dinin hayattan \u00e7ekilmesinin ard\u0131nda yatan sebepleri \u00e7al\u0131\u015fmak istiyorum. Sosyoloji Profes\u00f6r\u00fc: Affedersiniz ama, T\u00fcrkiye her ge\u00e7en g\u00fcn k\u0131\u015f uykusuna yatm\u0131\u015f bir hayvan gibi \u0130ranla\u015f\u0131rken, siz nas\u0131l olur da b\u00f6yle bir \u015feyi savunabilirsiniz! (Doktoraya kabul edilmedim) Bu kitab\u0131n ortaya \u00e7\u0131k\u0131\u015f amac\u0131 da sosyoloji profes\u00f6rlerinin dahi \u201ck\u0131\u015f uykusuna yatm\u0131\u015f bir hayvan gibi \u0130ranla\u015ft\u0131\u011f\u0131n\u0131\u201d d\u00fc\u015f\u00fcnd\u00fc\u011f\u00fc bir \u00fclkede dinin prestijinin ve g\u00fcc\u00fcn\u00fcn azald\u0131\u011f\u0131n\u0131, g\u00fcndelik ya\u015famdan kesitler ve akademik \u00e7al\u0131\u015fmalarla g\u00f6stererek daha geni\u015f kitleler ile payla\u015fma arzusudur. Endi\u015feli Modernler, izninizle, 21 y\u00fczy\u0131l T\u00fcrkiye\u2019sinin esas endi\u015felilerini sahneye davet ediyoruz: Muhafazak\u00e2rlar\u2026 <\/p>\n","protected":false},"excerpt":{"rendered":"<p>Hik\u00e2ye yanl\u0131\u015f kurguland\u0131. Bekir A\u011f\u0131rd\u0131r&#8217;a ait olan ve Binnaz Toprak ile pop\u00fcler olmu\u015f Endi\u015feli Modern kavram\u0131, ne yaz\u0131k ki y\u0131llar boyunca esas endi\u015feli olanlardan rol \u00e7ald\u0131.<span class=\"excerpt-hellip\"> [\u2026]<\/span><\/p>\n","protected":false},"featured_media":0,"template":"","meta":{"_monsterinsights_skip_tracking":false,"_monsterinsights_sitenote_active":false,"_monsterinsights_sitenote_note":"","_monsterinsights_sitenote_category":0},"product_brand":[],"product_cat":[12337,14706],"product_tag":[],"class_list":{"0":"post-784414","1":"product","2":"type-product","3":"status-publish","5":"product_cat-politika-siyaset","6":"product_cat-siyaset-bilimi","7":"pa_cilt-ciltsiz","8":"pa_tur-kitap","9":"pa_yayinevi-kadim-yayinlari","10":"pa_yazar-volkan-ertit","12":"first","13":"instock","14":"sale","15":"shipping-taxable","16":"purchasable","17":"product-type-simple"},"_links":{"self":[{"href":"https:\/\/roveyayinevi.com.tr\/index.php\/wp-json\/wp\/v2\/product\/784414","targetHints":{"allow":["GET"]}}],"collection":[{"href":"https:\/\/roveyayinevi.com.tr\/index.php\/wp-json\/wp\/v2\/product"}],"about":[{"href":"https:\/\/roveyayinevi.com.tr\/index.php\/wp-json\/wp\/v2\/types\/product"}],"wp:attachment":[{"href":"https:\/\/roveyayinevi.com.tr\/index.php\/wp-json\/wp\/v2\/media?parent=784414"}],"wp:term":[{"taxonomy":"product_brand","embeddable":true,"href":"https:\/\/roveyayinevi.com.tr\/index.php\/wp-json\/wp\/v2\/product_brand?post=784414"},{"taxonomy":"product_cat","embeddable":true,"href":"https:\/\/roveyayinevi.com.tr\/index.php\/wp-json\/wp\/v2\/product_cat?post=784414"},{"taxonomy":"product_tag","embeddable":true,"href":"https:\/\/roveyayinevi.com.tr\/index.php\/wp-json\/wp\/v2\/product_tag?post=784414"}],"curies":[{"name":"wp","href":"https:\/\/api.w.org\/{rel}","templated":true}]}}