{"id":784410,"date":"2026-03-07T03:38:37","date_gmt":"2026-03-07T00:38:37","guid":{"rendered":"https:\/\/roveyayinevi.com.tr\/index.php\/urun\/dunden-bugune-yonetim-ve-organizasyon-kullanilan-teknikler\/"},"modified":"2026-04-16T03:08:45","modified_gmt":"2026-04-16T00:08:45","slug":"dunden-bugune-yonetim-ve-organizasyon-kullanilan-teknikler","status":"publish","type":"product","link":"https:\/\/roveyayinevi.com.tr\/index.php\/urun\/dunden-bugune-yonetim-ve-organizasyon-kullanilan-teknikler\/","title":{"rendered":"D\u00fcnden Bug\u00fcne Y\u00f6netim ve Organizasyon &amp; Kullan\u0131lan Teknikler"},"content":{"rendered":"<p>Y\u00f6netim konusunda bilimsel \u00e7al\u0131\u015fmalar yak\u0131n tarihlere dayanmas\u0131na kar\u015f\u0131n, yukar\u0131da anlat\u0131lan \u00f6rnekler gibi insanlar\u0131n toplu olarak ya\u015famaya ba\u015flamalar\u0131ndan itibaren incelenmi\u015ftir. Anla\u015f\u0131l\u0131yor ki, y\u00f6netim uygulamalar\u0131 toplumsal ya\u015fam kadar eskidir. \u0130nsanlar biyolojik ve psikolojik s\u0131n\u0131rlar\u0131ndan dolay\u0131, s\u00fcrekli ba\u015fkalar\u0131n\u0131n katk\u0131 ve yard\u0131mlar\u0131na ihtiya\u00e7 duyduklar\u0131ndan toplu halde ya\u015farlar. \u0130nsanlar\u0131n \u00e7e\u015fitli gereksinimleri oldu\u011fundan \u00f6rg\u00fctler kurmu\u015f, gereksinimlerinin \u00e7e\u015fitlili\u011fi, s\u00fcrekli de\u011fi\u015fim i\u00e7inde olu\u015fu \u00f6rg\u00fctlerin de s\u00fcrekli geli\u015fimini gerektirmi\u015ftir. Farkl\u0131 alanlarda yap\u0131lan faaliyetlerin istenen ama\u00e7lara g\u00f6re en iyi \u015fekilde y\u00f6neltilmesi \u201cy\u00f6netim\u201d kavram\u0131n\u0131 ortaya \u00e7\u0131karm\u0131\u015ft\u0131r. G\u00fcn\u00fcm\u00fczde y\u00f6netim evrensel bir kavram olmu\u015ftur. Bu nedenle konusu insan olan her t\u00fcrl\u00fc y\u00f6netsel \u00e7al\u0131\u015fma farkl\u0131 yakla\u015f\u0131mlara inceleme konusu olmu\u015ftur. Y\u00f6netimden bahsetmek i\u00e7in birden fazla insan\u0131n belli bir ama\u00e7 do\u011frultusunda i\u015f birli\u011fi ve dayan\u0131\u015fma ile bir araya gelmesi gerekir. Bir araya gelen insanlar\u0131n ama\u00e7lar\u0131na ula\u015fabilmeleri i\u00e7in \u00e7al\u0131\u015fmalar\u0131n\u0131 birle\u015ftirmeleri ve uyum i\u00e7inde s\u00fcrd\u00fcrmeleri gerekmektir. Bu sebeple yapt\u0131klar\u0131 \u00e7al\u0131\u015fmalar koordinasyon i\u00e7inde olmal\u0131d\u0131r. Ancak insanlar\u0131n kendi kendilerine uyum i\u00e7inde \u00e7al\u0131\u015fmalar\u0131 pek kolay de\u011fildir. Bunun i\u00e7inde onlar\u0131 neleri, nas\u0131l, ne zaman yap\u0131p yapmayacaklar\u0131n\u0131 y\u00f6nlendirecek yetki gereklidir. Bu da aralar\u0131nda hiyerar\u015fiyi ortaya \u00e7\u0131karacakt\u0131r. Bir k\u0131sm\u0131 y\u00f6netilen bir k\u0131sm\u0131 y\u00f6netici olacakt\u0131r. Bu da ayn\u0131 \u00f6rg\u00fct i\u00e7erisindeki insanlar aras\u0131nda sosyal farkl\u0131la\u015fmalar\u0131 do\u011furacakt\u0131r. T\u00fcm bunlar tarih boyunca \u00e7e\u015fitli bilim adamlar\u0131nca ara\u015ft\u0131rma konusu olmu\u015f ve her biri birey, grup, \u00f6rg\u00fct, \u00f6rg\u00fct i\u00e7i davran\u0131\u015flar gibi \u00f6\u011feleri ayr\u0131 ayr\u0131 ya da karma\u015f\u0131k olarak ele alm\u0131\u015flar ve y\u00f6netim bilimi \u00e7ok farkl\u0131 evrelerden ge\u00e7mi\u015ftir.<\/p>\n","protected":false},"excerpt":{"rendered":"<p>Y\u00f6netim konusunda bilimsel \u00e7al\u0131\u015fmalar yak\u0131n tarihlere dayanmas\u0131na kar\u015f\u0131n, yukar\u0131da anlat\u0131lan \u00f6rnekler gibi insanlar\u0131n toplu olarak ya\u015famaya ba\u015flamalar\u0131ndan itibaren incelenmi\u015ftir. Anla\u015f\u0131l\u0131yor ki, y\u00f6netim uygulamalar\u0131 toplumsal ya\u015fam kadar<span class=\"excerpt-hellip\"> [\u2026]<\/span><\/p>\n","protected":false},"featured_media":0,"template":"","meta":{"_monsterinsights_skip_tracking":false,"_monsterinsights_sitenote_active":false,"_monsterinsights_sitenote_note":"","_monsterinsights_sitenote_category":0},"product_brand":[],"product_cat":[12573,12566],"product_tag":[],"class_list":{"0":"post-784410","1":"product","2":"type-product","3":"status-publish","5":"product_cat-akademik-kitaplar","6":"product_cat-egitim","7":"pa_cilt-ciltsiz","8":"pa_tur-kitap","9":"pa_yayinevi-platanus-publishing","10":"pa_yazar-tulay-gumus","12":"first","13":"instock","14":"sale","15":"shipping-taxable","16":"purchasable","17":"product-type-simple"},"_links":{"self":[{"href":"https:\/\/roveyayinevi.com.tr\/index.php\/wp-json\/wp\/v2\/product\/784410","targetHints":{"allow":["GET"]}}],"collection":[{"href":"https:\/\/roveyayinevi.com.tr\/index.php\/wp-json\/wp\/v2\/product"}],"about":[{"href":"https:\/\/roveyayinevi.com.tr\/index.php\/wp-json\/wp\/v2\/types\/product"}],"wp:attachment":[{"href":"https:\/\/roveyayinevi.com.tr\/index.php\/wp-json\/wp\/v2\/media?parent=784410"}],"wp:term":[{"taxonomy":"product_brand","embeddable":true,"href":"https:\/\/roveyayinevi.com.tr\/index.php\/wp-json\/wp\/v2\/product_brand?post=784410"},{"taxonomy":"product_cat","embeddable":true,"href":"https:\/\/roveyayinevi.com.tr\/index.php\/wp-json\/wp\/v2\/product_cat?post=784410"},{"taxonomy":"product_tag","embeddable":true,"href":"https:\/\/roveyayinevi.com.tr\/index.php\/wp-json\/wp\/v2\/product_tag?post=784410"}],"curies":[{"name":"wp","href":"https:\/\/api.w.org\/{rel}","templated":true}]}}