{"id":784363,"date":"2026-03-07T02:49:18","date_gmt":"2026-03-06T23:49:18","guid":{"rendered":"https:\/\/roveyayinevi.com.tr\/index.php\/urun\/balkanlarda-ilk-dram-unuttugumuz-mora-turkleri-ve-eyaletten-bagimsizliga-yunanistan\/"},"modified":"2026-03-07T02:49:18","modified_gmt":"2026-03-06T23:49:18","slug":"balkanlarda-ilk-dram-unuttugumuz-mora-turkleri-ve-eyaletten-bagimsizliga-yunanistan","status":"publish","type":"product","link":"https:\/\/roveyayinevi.com.tr\/index.php\/urun\/balkanlarda-ilk-dram-unuttugumuz-mora-turkleri-ve-eyaletten-bagimsizliga-yunanistan\/","title":{"rendered":"Balkanlarda \u0130lk Dram -Unuttu\u011fumuz Mora T\u00fcrkleri ve Eyaletten Ba\u011f\u0131ms\u0131zl\u0131\u011fa Yunanistan-"},"content":{"rendered":"<p>B\u00fct\u00fcn d\u00fcnyan\u0131n g\u00f6zleri \u00f6n\u00fcnde Avrupa\u2019da katledilen T\u00fcrkleri \u00e7ok \u00e7abuk unuttuk. D\u00fcnyan\u0131n T\u00fcrklerden \u00f6z\u00fcr dilemesini gerektiren say\u0131s\u0131z sebepten sadece biri Mora. Osmanl\u0131\u2019dan ba\u011f\u0131ms\u0131zl\u0131k hayaliyle yola \u00e7\u0131kan Rum Filiki Eterya ihtilal \u00f6rg\u00fct\u00fcn\u00fcn 1814\u2019de ba\u015flatt\u0131\u011f\u0131 macera, 1821\u2019de hayal olmaktan \u00e7\u0131kt\u0131, 3 \u015eubat 1830\u2019da, yani sadece 16 y\u0131l gibi k\u0131sa bir sonra ger\u00e7eklerle bulu\u015ftu. Elbette bu maceran\u0131n ba\u015far\u0131ya ula\u015fmas\u0131nda Helen dostu Avrupal\u0131lar\u0131n gayretleri, Rum isyanc\u0131lar\u0131n hayallerinin \u00e7ok \u00f6tesinde bir de\u011fer ta\u015f\u0131yordu. B\u00f6ylece ilk defa olarak Osmanl\u0131 Balkan\u0131nda bir H\u0131ristiyan devlet ba\u011f\u0131ms\u0131zl\u0131k kazan\u0131rken, fethinden itibaren Ege Denizi\u2019nde mutlak Osmanl\u0131 egemenli\u011fi de yine ilk defa olarak k\u0131s\u0131tlanm\u0131\u015f oluyordu. Rum isyan\u0131 k\u0131sa s\u00fcrede ac\u0131mas\u0131z bir din ve \u0131rk sava\u015f\u0131 haline d\u00f6n\u00fc\u015ft\u00fc. Avrupa\u2019dan maddi-manevi destek g\u00f6ren Rumlar, hedeflerinin Mora\u2019da bir tek T\u00fcrk kalmayana kadar sava\u015fmak oldu\u011funu en ba\u015f\u0131nda a\u00e7\u0131k\u00e7a ilan ettiler. Olaylara \u015fahit olan Avrupal\u0131 yazarlar\u0131n anlatt\u0131klar\u0131na g\u00f6re, isyan b\u00f6lgelerinde \u00f6yle anlar ya\u015fanm\u0131\u015ft\u0131 ki, T\u00fcrkler i\u00e7in bazen \u00f6l\u00fcm kurtulu\u015f oluyordu. Osmanl\u0131\u2019n\u0131n Mora M\u00fcsl\u00fcmanlar\u0131 olarak tan\u0131mlad\u0131\u011f\u0131 z\u00fcmre, isyan bitti\u011finde tamamen tarih sahnesinden silinmi\u015f durumdayd\u0131. Ya\u015fama \u015fans\u0131 bulan Mora T\u00fcrkleri ise imparatorlu\u011fun \u00e7e\u015fitli yerlerinde zor \u015fartlarda hayatlar\u0131n\u0131 devam ettirdiler. O d\u00f6nemde muhacir organizasyonu yapacak resm\u00ee bir kurumun olmay\u0131\u015f\u0131, bu ilk Yunanistan g\u00f6\u00e7menlerinin ac\u0131lar\u0131n\u0131 daha da derinle\u015ftirdi. \u0130syan\u0131n bitiminde Yunanistan\u2019daki T\u00fcrk emlak ve vak\u0131flar\u0131 tasfiye edilirken, b\u00f6lgedeki as\u0131rl\u0131k T\u00fcrk medeniyeti izleri de sonsuza kadar silinmi\u015f oluyordu. Bu eser, T\u00fcrk-Yunan ili\u015fkilerinin tarih\u00ee seyrindeki k\u0131r\u0131lma noktalar\u0131n\u0131, objektif-bilimsel kriterlerle ve birincil kaynaklar e\u015fli\u011finde incelemesi bak\u0131m\u0131ndan, \u015f\u00fcphesiz g\u00fcn\u00fcm\u00fcz problemlerinin \u00e7\u00f6z\u00fcm\u00fcne \u0131\u015f\u0131k tutacak \u00f6nemdedir.<\/p>\n","protected":false},"excerpt":{"rendered":"<p>B\u00fct\u00fcn d\u00fcnyan\u0131n g\u00f6zleri \u00f6n\u00fcnde Avrupa\u2019da katledilen T\u00fcrkleri \u00e7ok \u00e7abuk unuttuk. D\u00fcnyan\u0131n T\u00fcrklerden \u00f6z\u00fcr dilemesini gerektiren say\u0131s\u0131z sebepten sadece biri Mora. Osmanl\u0131\u2019dan ba\u011f\u0131ms\u0131zl\u0131k hayaliyle yola \u00e7\u0131kan Rum<span class=\"excerpt-hellip\"> [\u2026]<\/span><\/p>\n","protected":false},"featured_media":0,"template":"","meta":{"_monsterinsights_skip_tracking":false,"_monsterinsights_sitenote_active":false,"_monsterinsights_sitenote_note":"","_monsterinsights_sitenote_category":0},"product_brand":[],"product_cat":[12370,12304],"product_tag":[],"class_list":{"0":"post-784363","1":"product","2":"type-product","3":"status-publish","5":"product_cat-arastirma-inceleme","6":"product_cat-tarih","7":"pa_cilt-ciltsiz","8":"pa_tur-kitap","9":"pa_yayinevi-babiali-kultur-yayinlari","10":"pa_yazar-ali-fuat-orenc","12":"first","13":"instock","14":"sale","15":"shipping-taxable","16":"purchasable","17":"product-type-simple"},"_links":{"self":[{"href":"https:\/\/roveyayinevi.com.tr\/index.php\/wp-json\/wp\/v2\/product\/784363","targetHints":{"allow":["GET"]}}],"collection":[{"href":"https:\/\/roveyayinevi.com.tr\/index.php\/wp-json\/wp\/v2\/product"}],"about":[{"href":"https:\/\/roveyayinevi.com.tr\/index.php\/wp-json\/wp\/v2\/types\/product"}],"wp:attachment":[{"href":"https:\/\/roveyayinevi.com.tr\/index.php\/wp-json\/wp\/v2\/media?parent=784363"}],"wp:term":[{"taxonomy":"product_brand","embeddable":true,"href":"https:\/\/roveyayinevi.com.tr\/index.php\/wp-json\/wp\/v2\/product_brand?post=784363"},{"taxonomy":"product_cat","embeddable":true,"href":"https:\/\/roveyayinevi.com.tr\/index.php\/wp-json\/wp\/v2\/product_cat?post=784363"},{"taxonomy":"product_tag","embeddable":true,"href":"https:\/\/roveyayinevi.com.tr\/index.php\/wp-json\/wp\/v2\/product_tag?post=784363"}],"curies":[{"name":"wp","href":"https:\/\/api.w.org\/{rel}","templated":true}]}}