{"id":784352,"date":"2026-03-07T02:03:28","date_gmt":"2026-03-06T23:03:28","guid":{"rendered":"https:\/\/roveyayinevi.com.tr\/index.php\/urun\/madridde-sonbahar\/"},"modified":"2026-04-16T02:00:46","modified_gmt":"2026-04-15T23:00:46","slug":"madridde-sonbahar","status":"publish","type":"product","link":"https:\/\/roveyayinevi.com.tr\/index.php\/urun\/madridde-sonbahar\/","title":{"rendered":"Madrid&#8217;de Sonbahar"},"content":{"rendered":"<p>Son d\u00f6nem \u0130spanyol edebiyat\u0131n\u0131n en \u00f6nemli adlar\u0131ndan Juan Benet, \u00fclkenin \u00f6nemli sanat\u00e7\u0131lar\u0131 ve ayd\u0131nlar\u0131 arac\u0131l\u0131\u011f\u0131yla Franco \u0130spanyas\u0131&#8217;n\u0131n sokaklar\u0131nda, kahvelerinde, ev toplant\u0131lar\u0131nda dola\u015f\u0131yor. Bir yandan yarat\u0131c\u0131l\u0131k kavram\u0131n\u0131 s\u00fcrekli sorgularken, ya\u015fanan umutsuz ve k\u0131s\u0131r ortamda soluk almaya \u00e7al\u0131\u015fanlar\u0131n \u00f6yk\u00fcs\u00fcn\u00fc, an\u0131lar\u0131na dayanarak b\u00fcy\u00fck bir edebiyat tad\u0131yla aktar\u0131yor bize. &#8220;\u0130lke olarak yarat\u0131, yarat\u0131lm\u0131\u015f \u015feyler \u00e7emberini k\u0131rmaktan ba\u015fka kural tan\u0131maz. Bununla birlikte \u015fa\u015f\u0131rt\u0131c\u0131l\u0131k pe\u015finde ko\u015fmak zorunda da de\u011fildir. \u015ea\u015f\u0131rt\u0131c\u0131l\u0131k, sadece al\u0131\u015f\u0131lm\u0131\u015f ger\u00e7eklerin \u00e7evresinde bir h\u00e2le \u00f6rer ve genellikle ge\u00e7ici olan\u0131n etkisi silinince, ger\u00e7eklerin kurallar\u0131na indirgenir. Al\u0131\u015fkanl\u0131k, beklenmedik olaylar dahil her \u015feyi ele ge\u00e7irir ve bir \u00f6r\u00fcmcek a\u011f\u0131 \u00f6rerek yarat\u0131y\u0131 a\u011f\u0131na hapseder. Kim bilir, belki en b\u00fcy\u00fck bilgelik, u\u011fra\u015f\u0131n\u0131n amac\u0131n\u0131 tersine \u00e7evirip yarat\u0131y\u0131 ba\u015flang\u0131\u00e7taki yerine oturtmakt\u0131r.&#8221; \u2013 Juan Benet<\/p>\n","protected":false},"excerpt":{"rendered":"<p>Son d\u00f6nem \u0130spanyol edebiyat\u0131n\u0131n en \u00f6nemli adlar\u0131ndan Juan Benet, \u00fclkenin \u00f6nemli sanat\u00e7\u0131lar\u0131 ve ayd\u0131nlar\u0131 arac\u0131l\u0131\u011f\u0131yla Franco \u0130spanyas\u0131&#8217;n\u0131n sokaklar\u0131nda, kahvelerinde, ev toplant\u0131lar\u0131nda dola\u015f\u0131yor. Bir yandan yarat\u0131c\u0131l\u0131k kavram\u0131n\u0131<span class=\"excerpt-hellip\"> [\u2026]<\/span><\/p>\n","protected":false},"featured_media":0,"template":"","meta":{"_monsterinsights_skip_tracking":false,"_monsterinsights_sitenote_active":false,"_monsterinsights_sitenote_note":"","_monsterinsights_sitenote_category":0},"product_brand":[],"product_cat":[12291,13113],"product_tag":[],"class_list":{"0":"post-784352","1":"product","2":"type-product","3":"status-publish","5":"product_cat-edebiyat","6":"product_cat-ispanyol-edebiyati","7":"pa_cilt-ciltsiz","8":"pa_tur-kitap","9":"pa_yayinevi-metis-yayinlari","10":"pa_yazar-juan-benet","12":"first","13":"instock","14":"sale","15":"shipping-taxable","16":"purchasable","17":"product-type-simple"},"_links":{"self":[{"href":"https:\/\/roveyayinevi.com.tr\/index.php\/wp-json\/wp\/v2\/product\/784352","targetHints":{"allow":["GET"]}}],"collection":[{"href":"https:\/\/roveyayinevi.com.tr\/index.php\/wp-json\/wp\/v2\/product"}],"about":[{"href":"https:\/\/roveyayinevi.com.tr\/index.php\/wp-json\/wp\/v2\/types\/product"}],"wp:attachment":[{"href":"https:\/\/roveyayinevi.com.tr\/index.php\/wp-json\/wp\/v2\/media?parent=784352"}],"wp:term":[{"taxonomy":"product_brand","embeddable":true,"href":"https:\/\/roveyayinevi.com.tr\/index.php\/wp-json\/wp\/v2\/product_brand?post=784352"},{"taxonomy":"product_cat","embeddable":true,"href":"https:\/\/roveyayinevi.com.tr\/index.php\/wp-json\/wp\/v2\/product_cat?post=784352"},{"taxonomy":"product_tag","embeddable":true,"href":"https:\/\/roveyayinevi.com.tr\/index.php\/wp-json\/wp\/v2\/product_tag?post=784352"}],"curies":[{"name":"wp","href":"https:\/\/api.w.org\/{rel}","templated":true}]}}