{"id":784275,"date":"2026-03-06T03:38:35","date_gmt":"2026-03-06T00:38:35","guid":{"rendered":"https:\/\/roveyayinevi.com.tr\/index.php\/urun\/uluslararasi-calisma-orgutu-kuresel-sosyal-politikanin-100-yili\/"},"modified":"2026-04-15T03:27:07","modified_gmt":"2026-04-15T00:27:07","slug":"uluslararasi-calisma-orgutu-kuresel-sosyal-politikanin-100-yili","status":"publish","type":"product","link":"https:\/\/roveyayinevi.com.tr\/index.php\/urun\/uluslararasi-calisma-orgutu-kuresel-sosyal-politikanin-100-yili\/","title":{"rendered":"Uluslararas\u0131 \u00c7al\u0131\u015fma \u00d6rg\u00fct\u00fc  K\u00fcresel Sosyal Politikan\u0131n 100 Y\u0131l\u0131"},"content":{"rendered":"<p>Bu kitap, Uluslararas\u0131 \u00c7al\u0131\u015fma \u00d6rg\u00fct\u00fc\u2019n\u00fcn 100 y\u0131ll\u0131k tarihinin ilk kapsaml\u0131 a\u00e7\u0131klamas\u0131d\u0131r. Temelinde, ulusal ve uluslararas\u0131 boyutlarda yaln\u0131zca sosyal politikay\u0131 kapsamakla kalmayan, ayn\u0131 zamanda kalk\u0131nma politikas\u0131, d\u00fcnya ticareti, uluslararas\u0131 g\u00f6\u00e7 ve insan haklar\u0131n\u0131 kapsayan k\u00fcresel sosyal politika kavram\u0131 vard\u0131r. Kitapta, yoksulluk, sosyal adalet, servet da\u011f\u0131l\u0131m\u0131 ve sosyal hareketlilik tart\u0131\u015fmalar\u0131nda ILO\u2019nun kilit bir rol \u00fcstlenmesine ve bu sorunlar\u0131n ele al\u0131nmas\u0131 i\u00e7in k\u00fcresel bir forum olmas\u0131na odaklan\u0131lmaktad\u0131r. \u00c7al\u0131\u015fma, ILO\u2019nun, \u00e7e\u015fitli yollar \u00e7er\u00e7evesinde bu tart\u0131\u015fmalar\u0131n yap\u0131land\u0131rmas\u0131 i\u00e7in yapt\u0131\u011f\u0131 yard\u0131mlar\u0131 ve i\u015f d\u00fcnyas\u0131na ve k\u00fcresel sosyal politikaya y\u00f6nelik ger\u00e7ekle\u015ftirdi\u011fi pratik katk\u0131lar\u0131 \u2013 standart belirleme, teknik i\u015f birli\u011fi ve say\u0131s\u0131z di\u011fer faaliyetler- ortaya koymaktad\u0131r.<\/p>\n","protected":false},"excerpt":{"rendered":"<p>Bu kitap, Uluslararas\u0131 \u00c7al\u0131\u015fma \u00d6rg\u00fct\u00fc\u2019n\u00fcn 100 y\u0131ll\u0131k tarihinin ilk kapsaml\u0131 a\u00e7\u0131klamas\u0131d\u0131r. Temelinde, ulusal ve uluslararas\u0131 boyutlarda yaln\u0131zca sosyal politikay\u0131 kapsamakla kalmayan, ayn\u0131 zamanda kalk\u0131nma politikas\u0131, d\u00fcnya<span class=\"excerpt-hellip\"> [\u2026]<\/span><\/p>\n","protected":false},"featured_media":0,"template":"","meta":{"_monsterinsights_skip_tracking":false,"_monsterinsights_sitenote_active":false,"_monsterinsights_sitenote_note":"","_monsterinsights_sitenote_category":0},"product_brand":[],"product_cat":[12337,17225],"product_tag":[],"class_list":{"0":"post-784275","1":"product","2":"type-product","3":"status-publish","5":"product_cat-politika-siyaset","6":"product_cat-uluslararasi-iliskiler","7":"pa_cilt-ciltsiz","8":"pa_tur-kitap","9":"pa_yayinevi-efil-yayinevi","10":"pa_yazar-daniel-maul","12":"first","13":"instock","14":"sale","15":"shipping-taxable","16":"purchasable","17":"product-type-simple"},"_links":{"self":[{"href":"https:\/\/roveyayinevi.com.tr\/index.php\/wp-json\/wp\/v2\/product\/784275","targetHints":{"allow":["GET"]}}],"collection":[{"href":"https:\/\/roveyayinevi.com.tr\/index.php\/wp-json\/wp\/v2\/product"}],"about":[{"href":"https:\/\/roveyayinevi.com.tr\/index.php\/wp-json\/wp\/v2\/types\/product"}],"wp:attachment":[{"href":"https:\/\/roveyayinevi.com.tr\/index.php\/wp-json\/wp\/v2\/media?parent=784275"}],"wp:term":[{"taxonomy":"product_brand","embeddable":true,"href":"https:\/\/roveyayinevi.com.tr\/index.php\/wp-json\/wp\/v2\/product_brand?post=784275"},{"taxonomy":"product_cat","embeddable":true,"href":"https:\/\/roveyayinevi.com.tr\/index.php\/wp-json\/wp\/v2\/product_cat?post=784275"},{"taxonomy":"product_tag","embeddable":true,"href":"https:\/\/roveyayinevi.com.tr\/index.php\/wp-json\/wp\/v2\/product_tag?post=784275"}],"curies":[{"name":"wp","href":"https:\/\/api.w.org\/{rel}","templated":true}]}}