{"id":784273,"date":"2026-03-06T02:31:24","date_gmt":"2026-03-05T23:31:24","guid":{"rendered":"https:\/\/roveyayinevi.com.tr\/index.php\/urun\/ataturk-donemi-ic-anadolu-bolgesinde-imar-iskan-faaliyetleri-1923-1938\/"},"modified":"2026-03-06T02:31:24","modified_gmt":"2026-03-05T23:31:24","slug":"ataturk-donemi-ic-anadolu-bolgesinde-imar-iskan-faaliyetleri-1923-1938","status":"publish","type":"product","link":"https:\/\/roveyayinevi.com.tr\/index.php\/urun\/ataturk-donemi-ic-anadolu-bolgesinde-imar-iskan-faaliyetleri-1923-1938\/","title":{"rendered":"Atat\u00fcrk D\u00f6nemi \u0130\u00e7 Anadolu B\u00f6lgesi&#8217;nde \u0130mar- \u0130skan Faaliyetleri (1923-1938)"},"content":{"rendered":"<p>Atat\u00fcrk D\u00f6nemi&#8217;nin iskan politikas\u0131nda ilk uygulama, Yunanistan ile yap\u0131lan m\u00fcbadele olmu\u015ftur. 1. D\u00fcnya Sava\u015f\u0131, Milli M\u00fccadele gibi yorucu ve y\u0131prat\u0131c\u0131 sava\u015flardan hemen sonra ba\u015flayan bir m\u00fcbadele&#8230; Ayn\u0131 zamanda memleket i\u00e7erisinde belli merkezlere y\u0131\u011f\u0131l\u0131p kalm\u0131\u015f yaln\u0131zca s\u0131\u011f\u0131nacak bir ev arayan ve say\u0131lar\u0131 1,5 milyonu bulan harikzedeler, felaketzedeler, \u015fark m\u00fcltecileri&#8230;1923 y\u0131l\u0131nda ba\u015flayan bu s\u00fcre\u00e7 iki \u00fc\u00e7 y\u0131l i\u00e7erisinde h\u0131z\u0131n\u0131 kaybedecek ve 19,30&#8217;lara girerken bu gruplar\u0131n pek \u00e7o\u011fu iskan edilmi\u015f olacakt\u0131r. Ancak Balkanlar&#8217;dan g\u00f6\u00e7 bir t\u00fcrl\u00fc durmaz. Bu kez 1933&#8217;lerden itibaren Bulgaristan ve Romanya gibi \u00fclkelerden T\u00fcrkiye&#8217;ye g\u00e7\u00f6 ba\u015flar. Devlet bir taraftan bunula me\u015fgul olurken di\u011fer taraftan \u00fclke i\u00e7erisinde homojen bir toplum ortaya \u00e7\u0131karabilmek amac\u0131yla g\u00f6\u00e7ebe a\u015firetler iskan etmekte, baz\u0131 sorunlu a\u015firetler de farkl\u0131 yerlere g\u00f6nderilmektedir. B\u00fct\u00fcn bunlar yap\u0131l\u0131rken, batakl\u0131klar\u0131n kurutulmas\u0131, yollar\u0131n yap\u0131lmas\u0131, numune k\u00f6yler te\u015fkili gibi iskan\u0131n kal\u0131c\u0131l\u0131\u011f\u0131n\u0131 sa\u011flamak i\u00e7in gerekli olan iskan sahalar\u0131n\u0131n imar\u0131 da \u00f6nem ta\u015f\u0131maktad\u0131r.Elinizdeki bu \u00e7al\u0131\u015fmada 1923 y\u0131l\u0131nda m\u00fcbadele ile ba\u015flayan \u00fclke i\u00e7erisindeki yersiz yurtsuz harikzede, \u015fark m\u00fcltecisi ve felaketzedelerin yerle\u015ftirilmesiyle devam eden, a\u015firetlerin ve 1930&#8217;lu y\u0131llarda Balkanlardan gelen g\u00f6\u00e7menlerin \u0130\u00e7 Anadolu \u015fehirlerine yerle\u015ftirilmesiyle sonu\u00e7lanan tarihi olaylar tamamen birinci elden kaynaklar kullan\u0131larak anlat\u0131lm\u0131\u015ft\u0131r.  <\/p>\n","protected":false},"excerpt":{"rendered":"<p>Atat\u00fcrk D\u00f6nemi&#8217;nin iskan politikas\u0131nda ilk uygulama, Yunanistan ile yap\u0131lan m\u00fcbadele olmu\u015ftur. 1. D\u00fcnya Sava\u015f\u0131, Milli M\u00fccadele gibi yorucu ve y\u0131prat\u0131c\u0131 sava\u015flardan hemen sonra ba\u015flayan bir m\u00fcbadele&#8230;<span class=\"excerpt-hellip\"> [\u2026]<\/span><\/p>\n","protected":false},"featured_media":0,"template":"","meta":{"_monsterinsights_skip_tracking":false,"_monsterinsights_sitenote_active":false,"_monsterinsights_sitenote_note":"","_monsterinsights_sitenote_category":0},"product_brand":[],"product_cat":[12530,12304],"product_tag":[],"class_list":{"0":"post-784273","1":"product","2":"type-product","3":"status-publish","5":"product_cat-mustafa-kemal-ataturk","6":"product_cat-tarih","7":"pa_cilt-ciltsiz","8":"pa_tur-kitap","9":"pa_yayinevi-ataturk-arastirma-merkezi","10":"pa_yazar-muhammed-sari","12":"first","13":"instock","14":"sale","15":"shipping-taxable","16":"purchasable","17":"product-type-simple"},"_links":{"self":[{"href":"https:\/\/roveyayinevi.com.tr\/index.php\/wp-json\/wp\/v2\/product\/784273","targetHints":{"allow":["GET"]}}],"collection":[{"href":"https:\/\/roveyayinevi.com.tr\/index.php\/wp-json\/wp\/v2\/product"}],"about":[{"href":"https:\/\/roveyayinevi.com.tr\/index.php\/wp-json\/wp\/v2\/types\/product"}],"wp:attachment":[{"href":"https:\/\/roveyayinevi.com.tr\/index.php\/wp-json\/wp\/v2\/media?parent=784273"}],"wp:term":[{"taxonomy":"product_brand","embeddable":true,"href":"https:\/\/roveyayinevi.com.tr\/index.php\/wp-json\/wp\/v2\/product_brand?post=784273"},{"taxonomy":"product_cat","embeddable":true,"href":"https:\/\/roveyayinevi.com.tr\/index.php\/wp-json\/wp\/v2\/product_cat?post=784273"},{"taxonomy":"product_tag","embeddable":true,"href":"https:\/\/roveyayinevi.com.tr\/index.php\/wp-json\/wp\/v2\/product_tag?post=784273"}],"curies":[{"name":"wp","href":"https:\/\/api.w.org\/{rel}","templated":true}]}}