{"id":784194,"date":"2026-03-04T04:14:16","date_gmt":"2026-03-04T01:14:16","guid":{"rendered":"https:\/\/roveyayinevi.com.tr\/index.php\/urun\/atsiz-yazilari\/"},"modified":"2026-04-15T03:47:39","modified_gmt":"2026-04-15T00:47:39","slug":"atsiz-yazilari","status":"publish","type":"product","link":"https:\/\/roveyayinevi.com.tr\/index.php\/urun\/atsiz-yazilari\/","title":{"rendered":"Ats\u0131z Yaz\u0131lar\u0131"},"content":{"rendered":"<p>Ats\u0131z, T\u00fcrk\u00e7\u00fcl\u00fc\u011f\u00fcn m\u00fccadele tarihine, T\u00fcrk fikir ve edebiyat tarihine mal olmu\u015f bir isimdir. Hakk\u0131nda pek \u00e7ok eser ve yaz\u0131 yaz\u0131lmas\u0131n\u0131n sebebi budur. Fakat yeni nesillerin g\u00f6z\u00fcnde Ats\u0131z bunlardan ibaret de\u011fildir. O, kendisini T\u00fcrkl\u00fck \u00fclk\u00fcs\u00fcne adam\u0131\u015f, kendisini T\u00fcrkl\u00fck kavram\u0131 i\u00e7inde eritmi\u015f bir manevi \u015fahsiyet gibidir. Bu sebeple baz\u0131 gen\u00e7ler kendisine \u201cAts\u0131z Ata\u201d demektedirler. Hi\u00e7 \u015f\u00fcphesiz o, b\u00f6yle an\u0131lmay\u0131 hak etmi\u015ftir.      Ercilasun Hoca Ats\u0131z\u2019a dair hacimli eserinin yan\u0131nda Ats\u0131z\u2019la ilgili pek \u00e7ok yaz\u0131 da kaleme alm\u0131\u015ft\u0131r. Ats\u0131z Yaz\u0131lar\u0131, i\u015fte bu makalelerden olu\u015fmu\u015ftur. Daha \u00f6nce gazete, dergi ve kitaplarda, genel a\u011fda yer alan yaz\u0131lar bir araya getirilmi\u015f ve Ats\u0131z Yaz\u0131lar\u0131 olu\u015fturulmu\u015ftur. Eserde Ats\u0131z\u2019\u0131n \u00e7ok farkl\u0131 y\u00f6nleri ele al\u0131nm\u0131\u015f, \u00f6zellikle son yaz\u0131larda Ats\u0131z\u2019\u0131n \u00e2deta bir kavram, bir simge h\u00e2line gelmesi \u00fczerinde durulmu\u015ftur.      Ba\u015fta yer alan ayr\u0131nt\u0131l\u0131 Ats\u0131z kronolojisi, okuyucular\u0131 bir\u00e7ok kitap kar\u0131\u015ft\u0131rmaktan kurtaracakt\u0131r.<\/p>\n","protected":false},"excerpt":{"rendered":"<p>Ats\u0131z, T\u00fcrk\u00e7\u00fcl\u00fc\u011f\u00fcn m\u00fccadele tarihine, T\u00fcrk fikir ve edebiyat tarihine mal olmu\u015f bir isimdir. Hakk\u0131nda pek \u00e7ok eser ve yaz\u0131 yaz\u0131lmas\u0131n\u0131n sebebi budur. Fakat yeni nesillerin g\u00f6z\u00fcnde<span class=\"excerpt-hellip\"> [\u2026]<\/span><\/p>\n","protected":false},"featured_media":0,"template":"","meta":{"_monsterinsights_skip_tracking":false,"_monsterinsights_sitenote_active":false,"_monsterinsights_sitenote_note":"","_monsterinsights_sitenote_category":0},"product_brand":[],"product_cat":[12324],"product_tag":[],"class_list":{"0":"post-784194","1":"product","2":"type-product","3":"status-publish","5":"product_cat-sosyoloji","6":"pa_cilt-ciltsiz","7":"pa_tur-kitap","8":"pa_yayinevi-bilge-kultur-sanat","9":"pa_yazar-ahmet-bican-ercilasun","11":"first","12":"instock","13":"sale","14":"shipping-taxable","15":"purchasable","16":"product-type-simple"},"_links":{"self":[{"href":"https:\/\/roveyayinevi.com.tr\/index.php\/wp-json\/wp\/v2\/product\/784194","targetHints":{"allow":["GET"]}}],"collection":[{"href":"https:\/\/roveyayinevi.com.tr\/index.php\/wp-json\/wp\/v2\/product"}],"about":[{"href":"https:\/\/roveyayinevi.com.tr\/index.php\/wp-json\/wp\/v2\/types\/product"}],"wp:attachment":[{"href":"https:\/\/roveyayinevi.com.tr\/index.php\/wp-json\/wp\/v2\/media?parent=784194"}],"wp:term":[{"taxonomy":"product_brand","embeddable":true,"href":"https:\/\/roveyayinevi.com.tr\/index.php\/wp-json\/wp\/v2\/product_brand?post=784194"},{"taxonomy":"product_cat","embeddable":true,"href":"https:\/\/roveyayinevi.com.tr\/index.php\/wp-json\/wp\/v2\/product_cat?post=784194"},{"taxonomy":"product_tag","embeddable":true,"href":"https:\/\/roveyayinevi.com.tr\/index.php\/wp-json\/wp\/v2\/product_tag?post=784194"}],"curies":[{"name":"wp","href":"https:\/\/api.w.org\/{rel}","templated":true}]}}