{"id":784028,"date":"2026-02-26T23:52:53","date_gmt":"2026-02-26T20:52:53","guid":{"rendered":"https:\/\/roveyayinevi.com.tr\/index.php\/urun\/direnisin-muhafizisehit-yahya-sinvarin-hayati-ve-mucadelesi\/"},"modified":"2026-04-15T03:46:53","modified_gmt":"2026-04-15T00:46:53","slug":"direnisin-muhafizisehit-yahya-sinvarin-hayati-ve-mucadelesi","status":"publish","type":"product","link":"https:\/\/roveyayinevi.com.tr\/index.php\/urun\/direnisin-muhafizisehit-yahya-sinvarin-hayati-ve-mucadelesi\/","title":{"rendered":"Direni\u015fin Muhaf\u0131z\u0131;\u015eehit Yahya Sinvar\u2019\u0131n Hayat\u0131 ve M\u00fccadelesi"},"content":{"rendered":"<p>7 Ekim 2023 sabah\u0131, Gazze\u2019nin \u00fczerine do\u011fan g\u00fcne\u015f, s\u0131radan bir g\u00fcn\u00fcn habercisi olmad\u0131. O an, y\u0131llar\u0131n haz\u0131rl\u0131\u011f\u0131yla yo\u011frulmu\u015f bir plan\u0131n kap\u0131lar\u0131 a\u00e7\u0131ld\u0131. Yahya Sinvar\u2019\u0131n zihninde, \u00e7ocuklu\u011fundan beri biriken \u00f6fke, sab\u0131r ve strateji, tarihin en b\u00fcy\u00fck hamlelerinden birine d\u00f6n\u00fc\u015ft\u00fc.Han Yunus M\u00fclteci Kamp\u0131\u2019nda ba\u015flayan hayat\u0131, ona yoksullu\u011fun sabr\u0131n\u0131, onurun a\u011f\u0131rl\u0131\u011f\u0131n\u0131 \u00f6\u011fretti. Gen\u00e7 ya\u015fta \u0130slami d\u00fc\u015f\u00fcnceyle tan\u0131\u015ft\u0131, kelimelerle in\u015fa etti\u011fi ideallerini t\u00fcnellerde, cephelerde, mahkeme salonlar\u0131nda eyleme d\u00f6n\u00fc\u015ft\u00fcrd\u00fc. Zindanlarda ge\u00e7en yirmi \u00fc\u00e7 y\u0131l, onu yaln\u0131zca esir etmedi; ayn\u0131 zamanda d\u00fc\u015fman\u0131n akl\u0131n\u0131 \u00e7\u00f6zmekte ustala\u015fm\u0131\u015f bir komutana d\u00f6n\u00fc\u015ft\u00fcrd\u00fc.Kitap, okuru Filistin\u2019in dar sokaklar\u0131ndan Kud\u00fcs\u2019\u00fcn kap\u0131lar\u0131na, sorgu odalar\u0131n\u0131n lo\u015f \u0131\u015f\u0131klar\u0131ndan t\u00fcnellerin karanl\u0131\u011f\u0131na ta\u015f\u0131yor. Her b\u00f6l\u00fcm, hem bireysel bir yolculu\u011fun hem de halk\u0131n\u0131n ortak m\u00fccadelesinin nabz\u0131n\u0131 tutuyor. Mescid-i Aksa\u2019da n\u00f6bet tutan gen\u00e7lerin heyecan\u0131, Gazze\u2019nin bombalar alt\u0131ndaki direnci, uluslararas\u0131 arenada y\u00fcr\u00fct\u00fclen stratejik hamleler; hepsi ayn\u0131 \u00e7izgide birle\u015fiyor.Sinvar, liderlik etti\u011fi y\u0131llarda Hamas\u2019\u0131n siyasi ve askeri kanad\u0131n\u0131 tek bir yumruk haline getirdi. D\u00fc\u015fman\u0131n beklemedi\u011fi anda vurmay\u0131, her hamlede yeni bir kap\u0131 aralamay\u0131 ba\u015fard\u0131. Kitap, bu hamlelerin ard\u0131ndaki mant\u0131\u011f\u0131, sab\u0131rla \u00f6r\u00fclen planlar\u0131 ve g\u00f6ze al\u0131nan riskleri b\u00fct\u00fcn \u00e7\u0131plakl\u0131\u011f\u0131yla aktar\u0131yor.\u201cDireni\u015fin Muhaf\u0131z\u0131\u201d yaln\u0131zca bir biyografi de\u011fil; aksiyonun, stratejinin ve inanc\u0131n i\u00e7 i\u00e7e ge\u00e7ti\u011fi bir direni\u015f hik\u00e2yesi. Her sat\u0131r\u0131nda, okuru tarihin en \u00e7etin ku\u015fatmalar\u0131na ta\u015f\u0131yan, umutla korkunun, kararl\u0131l\u0131kla fedak\u00e2rl\u0131\u011f\u0131n ayn\u0131 anda hissedildi\u011fi bir ser\u00fcven var. Bu ser\u00fcven, Filistin\u2019in kaderini de\u011fi\u015ftiren bir adam\u0131n izinde ilerliyor ve okuyucuyu da bu yolculu\u011fun bir par\u00e7as\u0131 olmaya \u00e7a\u011f\u0131r\u0131yor.Bu sayfalar \u00e7evrildik\u00e7e, kimi zaman bir t\u00fcnelin nemli duvarlar\u0131nda ayak sesleri duyulacak, kimi zaman kalabal\u0131k bir meydanda yank\u0131lanan sloganlar kulaklara dolacak. Her ad\u0131mda, Sinvar\u2019\u0131n iradesinden do\u011fan bir r\u00fczg\u00e2r, okurun y\u00fcz\u00fcne \u00e7arpacak ve kitap bitti\u011finde, geriye yaln\u0131zca anlat\u0131lm\u0131\u015f bir hik\u00e2ye de\u011fil, zihinde h\u00e2l\u00e2 devam eden bir m\u00fccadele kalacak.<\/p>\n","protected":false},"excerpt":{"rendered":"<p>7 Ekim 2023 sabah\u0131, Gazze\u2019nin \u00fczerine do\u011fan g\u00fcne\u015f, s\u0131radan bir g\u00fcn\u00fcn habercisi olmad\u0131. O an, y\u0131llar\u0131n haz\u0131rl\u0131\u011f\u0131yla yo\u011frulmu\u015f bir plan\u0131n kap\u0131lar\u0131 a\u00e7\u0131ld\u0131. Yahya Sinvar\u2019\u0131n zihninde, \u00e7ocuklu\u011fundan<span class=\"excerpt-hellip\"> [\u2026]<\/span><\/p>\n","protected":false},"featured_media":0,"template":"","meta":{"_monsterinsights_skip_tracking":false,"_monsterinsights_sitenote_active":false,"_monsterinsights_sitenote_note":"","_monsterinsights_sitenote_category":0},"product_brand":[],"product_cat":[14009,12291],"product_tag":[],"class_list":{"0":"post-784028","1":"product","2":"type-product","3":"status-publish","5":"product_cat-biyografi-otobiyografi-edebiyat","6":"product_cat-edebiyat","7":"pa_cilt-ciltsiz","8":"pa_tur-kitap","9":"pa_yayinevi-vera-kitap-yayinlari","10":"pa_yazar-kolektif","12":"first","13":"instock","14":"sale","15":"shipping-taxable","16":"purchasable","17":"product-type-simple"},"_links":{"self":[{"href":"https:\/\/roveyayinevi.com.tr\/index.php\/wp-json\/wp\/v2\/product\/784028","targetHints":{"allow":["GET"]}}],"collection":[{"href":"https:\/\/roveyayinevi.com.tr\/index.php\/wp-json\/wp\/v2\/product"}],"about":[{"href":"https:\/\/roveyayinevi.com.tr\/index.php\/wp-json\/wp\/v2\/types\/product"}],"wp:attachment":[{"href":"https:\/\/roveyayinevi.com.tr\/index.php\/wp-json\/wp\/v2\/media?parent=784028"}],"wp:term":[{"taxonomy":"product_brand","embeddable":true,"href":"https:\/\/roveyayinevi.com.tr\/index.php\/wp-json\/wp\/v2\/product_brand?post=784028"},{"taxonomy":"product_cat","embeddable":true,"href":"https:\/\/roveyayinevi.com.tr\/index.php\/wp-json\/wp\/v2\/product_cat?post=784028"},{"taxonomy":"product_tag","embeddable":true,"href":"https:\/\/roveyayinevi.com.tr\/index.php\/wp-json\/wp\/v2\/product_tag?post=784028"}],"curies":[{"name":"wp","href":"https:\/\/api.w.org\/{rel}","templated":true}]}}