{"id":784026,"date":"2026-02-26T23:52:46","date_gmt":"2026-02-26T20:52:46","guid":{"rendered":"https:\/\/roveyayinevi.com.tr\/index.php\/urun\/insan-felsefesijose-ortega-y-gassete-gore\/"},"modified":"2026-04-15T03:46:53","modified_gmt":"2026-04-15T00:46:53","slug":"insan-felsefesijose-ortega-y-gassete-gore","status":"publish","type":"product","link":"https:\/\/roveyayinevi.com.tr\/index.php\/urun\/insan-felsefesijose-ortega-y-gassete-gore\/","title":{"rendered":"\u0130nsan Felsefesi;Jose Ortega Y. Gasset\u2019e G\u00f6re"},"content":{"rendered":"<p>\u0130nsan nedir ve insan\u0131 insan yapan anlam hangi zeminde \u015fekillenir? Bu soru, modern d\u00fc\u015f\u00fcnceninmerkezinde durdu\u011fu kadar Jos\u00e9 Ortega y Gasset\u2019in felsefesinin de \u00e7\u0131k\u0131\u015f noktas\u0131n\u0131 olu\u015fturur. \u0130nsanfelsefesi, Ortega\u2019n\u0131n farkl\u0131 eserlerine yay\u0131lm\u0131\u015f kavramlar\u0131n\u0131 bir araya getirerek onun insananlay\u0131\u015f\u0131n\u0131 b\u00fct\u00fcnl\u00fckl\u00fc bir \u00e7er\u00e7eve i\u00e7inde ele al\u0131r.Eser, insan\u0131 ya\u015fam\u0131n i\u00e7inde konumland\u0131ran bir d\u00fc\u015f\u00fcnce hatt\u0131n\u0131 takip eder. Ya\u015famsal ak\u0131l, \u015fuur,perspektivizm, ben ve \u00e7evre ili\u015fkisi gibi kavramlar, insan\u0131n d\u00fcnyayla kurdu\u011fu ba\u011f\u0131n hangiko\u015fullarda anlam kazand\u0131\u011f\u0131n\u0131 a\u00e7\u0131\u011fa \u00e7\u0131karmak \u00fczere ele al\u0131n\u0131r. Ortega\u2019n\u0131n insan\u0131 s\u00fcrekli in\u015fa h\u00e2lindeolan bir varl\u0131k olarak yorumlamas\u0131, kitab\u0131n d\u00fc\u015f\u00fcnsel omurgas\u0131n\u0131 olu\u015fturur.Bu \u00e7al\u0131\u015fma, insan\u0131n yaln\u0131zl\u0131\u011f\u0131, toplum i\u00e7indeki konumu ve tarihsel sorumlulu\u011fu \u00fczerine temelsorular etraf\u0131nda ilerler. Okuru, bireysel deneyim ile toplumsal yap\u0131 aras\u0131ndaki ili\u015fkiyi yenidend\u00fc\u015f\u00fcnmeye davet eder. B\u00f6ylece kitap, insan\u0131n varolu\u015funa dair felsefi bir sorgulamay\u0131 canl\u0131 veg\u00fcncel bir zeminde s\u00fcrd\u00fcr\u00fcr.<\/p>\n","protected":false},"excerpt":{"rendered":"<p>\u0130nsan nedir ve insan\u0131 insan yapan anlam hangi zeminde \u015fekillenir? Bu soru, modern d\u00fc\u015f\u00fcnceninmerkezinde durdu\u011fu kadar Jos\u00e9 Ortega y Gasset\u2019in felsefesinin de \u00e7\u0131k\u0131\u015f noktas\u0131n\u0131 olu\u015fturur. \u0130nsanfelsefesi,<span class=\"excerpt-hellip\"> [\u2026]<\/span><\/p>\n","protected":false},"featured_media":0,"template":"","meta":{"_monsterinsights_skip_tracking":false,"_monsterinsights_sitenote_active":false,"_monsterinsights_sitenote_note":"","_monsterinsights_sitenote_category":0},"product_brand":[],"product_cat":[16038,12388],"product_tag":[],"class_list":{"0":"post-784026","1":"product","2":"type-product","3":"status-publish","5":"product_cat-arastirma-inceleme-referans-felsefe","6":"product_cat-felsefe","7":"pa_cilt-ciltsiz","8":"pa_tur-kitap","9":"pa_yayinevi-vera-kitap-yayinlari","10":"pa_yazar-ahmet-kavlak","12":"first","13":"instock","14":"sale","15":"shipping-taxable","16":"purchasable","17":"product-type-simple"},"_links":{"self":[{"href":"https:\/\/roveyayinevi.com.tr\/index.php\/wp-json\/wp\/v2\/product\/784026","targetHints":{"allow":["GET"]}}],"collection":[{"href":"https:\/\/roveyayinevi.com.tr\/index.php\/wp-json\/wp\/v2\/product"}],"about":[{"href":"https:\/\/roveyayinevi.com.tr\/index.php\/wp-json\/wp\/v2\/types\/product"}],"wp:attachment":[{"href":"https:\/\/roveyayinevi.com.tr\/index.php\/wp-json\/wp\/v2\/media?parent=784026"}],"wp:term":[{"taxonomy":"product_brand","embeddable":true,"href":"https:\/\/roveyayinevi.com.tr\/index.php\/wp-json\/wp\/v2\/product_brand?post=784026"},{"taxonomy":"product_cat","embeddable":true,"href":"https:\/\/roveyayinevi.com.tr\/index.php\/wp-json\/wp\/v2\/product_cat?post=784026"},{"taxonomy":"product_tag","embeddable":true,"href":"https:\/\/roveyayinevi.com.tr\/index.php\/wp-json\/wp\/v2\/product_tag?post=784026"}],"curies":[{"name":"wp","href":"https:\/\/api.w.org\/{rel}","templated":true}]}}