{"id":784022,"date":"2026-02-26T23:52:34","date_gmt":"2026-02-26T20:52:34","guid":{"rendered":"https:\/\/roveyayinevi.com.tr\/index.php\/urun\/beni-neden-idam-ettiler\/"},"modified":"2026-04-15T03:46:53","modified_gmt":"2026-04-15T00:46:53","slug":"beni-neden-idam-ettiler","status":"publish","type":"product","link":"https:\/\/roveyayinevi.com.tr\/index.php\/urun\/beni-neden-idam-ettiler\/","title":{"rendered":"Beni Neden \u0130dam Ettiler?"},"content":{"rendered":"<p>Bu kitap, bir d\u00fc\u015f\u00fcn\u00fcr\u00fcn dara\u011fac\u0131na uzanan yolunu kendi kelimeleriyle kayda ald\u0131\u011f\u0131 sahici birmetindir. Seyyid Kutub, burada yaln\u0131zca ya\u015fananlar\u0131 anlatmaz; i\u00e7inde bulundu\u011fu \u00e7a\u011f\u0131n siyasal,ahlaki ve fikr\u00ee gerilimlerini de sat\u0131r aralar\u0131na ta\u015f\u0131r. Metin, bir sorgunun, bir hesapla\u015fman\u0131n ve birvicdan muhasebesinin izlerini birlikte s\u00fcrer.Okur, bu sayfalarda modern iktidar\u0131n korkular\u0131n\u0131, inanc\u0131n kamusal alandaki yerini ve d\u00fc\u015f\u00fcnceninhangi noktada tehdit olarak alg\u0131land\u0131\u011f\u0131n\u0131 g\u00f6r\u00fcr. Kutub\u2019un dili, savunma kayg\u0131s\u0131ndan \u00e7ok a\u00e7\u0131kl\u0131k vesorumluluk bilinci ta\u015f\u0131r. Anlat\u0131lar, bireysel bir yarg\u0131 s\u00fcrecinin \u00f6tesine ge\u00e7erek, bir fikrin nedenhedef al\u0131nd\u0131\u011f\u0131n\u0131 anlamaya y\u00f6neltir.Kitap, \u015fu sorular etraf\u0131nda dola\u015f\u0131r: Bir d\u00fc\u015f\u00fcnce ne zaman tehlikeli say\u0131l\u0131r? \u0130nan\u00e7, iktidar kar\u015f\u0131s\u0131ndanas\u0131l bir s\u0131nav verir? Bedeli g\u00f6ze al\u0131nan bir fikir, insan\u0131 nereye ta\u015f\u0131r? Bu metin, okuru tarihsel birtan\u0131kl\u0131\u011f\u0131n i\u00e7ine davet ederken, ayn\u0131 zamanda bug\u00fcne ba\u011f kuran derin bir d\u00fc\u015f\u00fcnme alan\u0131 a\u00e7ar.<\/p>\n","protected":false},"excerpt":{"rendered":"<p>Bu kitap, bir d\u00fc\u015f\u00fcn\u00fcr\u00fcn dara\u011fac\u0131na uzanan yolunu kendi kelimeleriyle kayda ald\u0131\u011f\u0131 sahici birmetindir. Seyyid Kutub, burada yaln\u0131zca ya\u015fananlar\u0131 anlatmaz; i\u00e7inde bulundu\u011fu \u00e7a\u011f\u0131n siyasal,ahlaki ve fikr\u00ee gerilimlerini<span class=\"excerpt-hellip\"> [\u2026]<\/span><\/p>\n","protected":false},"featured_media":0,"template":"","meta":{"_monsterinsights_skip_tracking":false,"_monsterinsights_sitenote_active":false,"_monsterinsights_sitenote_note":"","_monsterinsights_sitenote_category":0},"product_brand":[],"product_cat":[13059,12337],"product_tag":[],"class_list":{"0":"post-784022","1":"product","2":"type-product","3":"status-publish","5":"product_cat-diger-politika-siyaset","6":"product_cat-politika-siyaset","7":"pa_cilt-ciltsiz","8":"pa_tur-kitap","9":"pa_yayinevi-vera-kitap-yayinlari","10":"pa_yazar-seyyid-kutub","12":"first","13":"instock","14":"sale","15":"shipping-taxable","16":"purchasable","17":"product-type-simple"},"_links":{"self":[{"href":"https:\/\/roveyayinevi.com.tr\/index.php\/wp-json\/wp\/v2\/product\/784022","targetHints":{"allow":["GET"]}}],"collection":[{"href":"https:\/\/roveyayinevi.com.tr\/index.php\/wp-json\/wp\/v2\/product"}],"about":[{"href":"https:\/\/roveyayinevi.com.tr\/index.php\/wp-json\/wp\/v2\/types\/product"}],"wp:attachment":[{"href":"https:\/\/roveyayinevi.com.tr\/index.php\/wp-json\/wp\/v2\/media?parent=784022"}],"wp:term":[{"taxonomy":"product_brand","embeddable":true,"href":"https:\/\/roveyayinevi.com.tr\/index.php\/wp-json\/wp\/v2\/product_brand?post=784022"},{"taxonomy":"product_cat","embeddable":true,"href":"https:\/\/roveyayinevi.com.tr\/index.php\/wp-json\/wp\/v2\/product_cat?post=784022"},{"taxonomy":"product_tag","embeddable":true,"href":"https:\/\/roveyayinevi.com.tr\/index.php\/wp-json\/wp\/v2\/product_tag?post=784022"}],"curies":[{"name":"wp","href":"https:\/\/api.w.org\/{rel}","templated":true}]}}