{"id":784019,"date":"2026-02-26T23:52:20","date_gmt":"2026-02-26T20:52:20","guid":{"rendered":"https:\/\/roveyayinevi.com.tr\/index.php\/urun\/direnisin-ilk-kursunu-seyh-izzeddin-el-kassamin-hayati-ve-mucadelesi\/"},"modified":"2026-04-15T03:46:52","modified_gmt":"2026-04-15T00:46:52","slug":"direnisin-ilk-kursunu-seyh-izzeddin-el-kassamin-hayati-ve-mucadelesi","status":"publish","type":"product","link":"https:\/\/roveyayinevi.com.tr\/index.php\/urun\/direnisin-ilk-kursunu-seyh-izzeddin-el-kassamin-hayati-ve-mucadelesi\/","title":{"rendered":"Direni\u015fin \u0130lk Kur\u015funu; \u015eeyh \u0130zzeddin el-Kassam\u2019\u0131n Hayat\u0131 ve M\u00fccadelesi"},"content":{"rendered":"<p>Y\u0131l 1883. Osmanl\u0131 \u0130mparatorlu\u011fu\u2019nun yorgun nabz\u0131, Arap vilayetlerinde a\u011f\u0131r a\u011f\u0131r atarken, Suriye\u2019nin k\u0131y\u0131s\u0131ndaki k\u00fc\u00e7\u00fck bir kasabada bir \u00e7ocuk d\u00fcnyaya gelir. Zaman, \u00e7\u00f6k\u00fc\u015f\u00fcn e\u015fi\u011finde; halk ise sessiz bir \u00e7aresizli\u011fe terk edilmi\u015fken\u2026 O \u00e7ocuk, hen\u00fcz yedi ya\u015f\u0131nda, zorla askere al\u0131nan a\u011fabeyini g\u00f6zya\u015flar\u0131yla u\u011furlarken, zalimin g\u00f6lgesiyle ilk kez y\u00fczle\u015fir. \u0130\u015fte o an, yaln\u0131zca Kur\u2019an\u2019\u0131 de\u011fil; zulm\u00fcn dilini, direni\u015fin f\u0131kh\u0131n\u0131 ve devrimin ezberini de ruhuna i\u015fler.Kahire\u2019de, Ezher\u2019in ta\u015f avlular\u0131nda ye\u015ferir gen\u00e7li\u011fi. Ders halkalar\u0131ndan cihada, m\u00fcrekkep izinden barut izine giden bu yolculuk, onu sadece bir \u00e2lim de\u011fil; halk\u0131n\u0131n al\u0131n yaz\u0131s\u0131na tutunan bir \u00f6nc\u00fc k\u0131lar. Trablusgarp\u2019ta i\u015fgale kar\u015f\u0131 \u00d6mer Muhtar\u2019la ayn\u0131 safta sava\u015f\u0131r. Ard\u0131ndan Suriye da\u011flar\u0131nda Frans\u0131zlara ilk kur\u015funu s\u0131kar. Ve nihayet, tarih\u00ee yazg\u0131n\u0131n onu \u00e7a\u011f\u0131rd\u0131\u011f\u0131 topraklara, Filistin\u2019e var\u0131r. Bu kez kar\u015f\u0131s\u0131nda \u0130ngiliz i\u015fgali ve y\u00fckselen Siyonist hareket vard\u0131r. el-Kassam, burada son nefesine dek s\u00fcrecek olan bir direni\u015f destan\u0131 \u00f6rer.Bu kitap, yaln\u0131zca bir biyografi de\u011fil; y\u00fczy\u0131llard\u0131r bast\u0131r\u0131lan bir \u00e7\u0131\u011fl\u0131\u011f\u0131n, silinmek istenen bir haf\u0131zan\u0131n ve yeniden do\u011fan bir iradenin izlerini ta\u015f\u0131r. Her sat\u0131r\u0131, barutun, secdenin ve g\u00f6zya\u015f\u0131n\u0131n kokusunu i\u00e7inde bar\u0131nd\u0131r\u0131r. Bazen bir cami minberinde y\u00fckselen ses, bazen da\u011flarda yank\u0131lanan bir kur\u015fun, bazen de bir annenin titreyen y\u00fcre\u011fidir sat\u0131rlarda y\u00fcr\u00fcyen.Tarih onu bir isyan\u0131n k\u0131v\u0131lc\u0131m\u0131 olarak yazar. Fakat bu eser, onun kalbindeki yang\u0131n\u0131 anlat\u0131r. \u00c7\u00fcnk\u00fc \u015eeyh \u0130zzeddin el-Kassam i\u00e7in \u015fehadet, bir son de\u011fil; hakikatin ete kemi\u011fe b\u00fcr\u00fcnm\u00fc\u015f en saf halidir. Kan\u0131yla yazd\u0131\u011f\u0131 manifesto, h\u00e2l\u00e2 mazlumlar\u0131n damarlar\u0131nda dola\u015fmakta, h\u00e2l\u00e2 dilsizlerin diline d\u00f6n\u00fc\u015fmektedir.O, yaln\u0131zca emperyalizmin kar\u015f\u0131s\u0131nda dimdik duran bir cesaret de\u011fil; \u00fcmmetin par\u00e7alanm\u0131\u015f vicdan\u0131na saplanan bir hayk\u0131r\u0131\u015ft\u0131. Onun m\u00fccadelesi bir fikir, bir \u00e7izgi, bir sars\u0131nt\u0131yd\u0131: Cesaretin ilmihali, adaletin silueti, sabr\u0131n mihenk ta\u015f\u0131\u2026 Herkes geri \u00e7ekilirken o \u00f6ne y\u00fcr\u00fcd\u00fc; herkes sustu\u011funda o konu\u015ftu. Ve s\u00f6yledi\u011fi her s\u00f6z, Filistin\u2019in da\u011flar\u0131nda yank\u0131lanan bir cihat \u00e7a\u011fr\u0131s\u0131 oldu.Bu kitap, \u00f6mr\u00fcn\u00fc bir secdeye ve bir kur\u015funa s\u0131\u011fd\u0131ran bir adam\u0131n izini s\u00fcr\u00fcyor. Sayfalar ilerledik\u00e7e yaln\u0131zca bir hayat\u0131 de\u011fil, bir halk\u0131n haf\u0131zas\u0131n\u0131 ar\u015f\u0131nlayacaks\u0131n\u0131z. \u00c7\u00fcnk\u00fc baz\u0131 hayatlar okunmaz; ya\u015fan\u0131r, hissedilir ve y\u00fcre\u011fe m\u00fch\u00fcrlenir.<\/p>\n","protected":false},"excerpt":{"rendered":"<p>Y\u0131l 1883. Osmanl\u0131 \u0130mparatorlu\u011fu\u2019nun yorgun nabz\u0131, Arap vilayetlerinde a\u011f\u0131r a\u011f\u0131r atarken, Suriye\u2019nin k\u0131y\u0131s\u0131ndaki k\u00fc\u00e7\u00fck bir kasabada bir \u00e7ocuk d\u00fcnyaya gelir. Zaman, \u00e7\u00f6k\u00fc\u015f\u00fcn e\u015fi\u011finde; halk ise sessiz<span class=\"excerpt-hellip\"> [\u2026]<\/span><\/p>\n","protected":false},"featured_media":0,"template":"","meta":{"_monsterinsights_skip_tracking":false,"_monsterinsights_sitenote_active":false,"_monsterinsights_sitenote_note":"","_monsterinsights_sitenote_category":0},"product_brand":[],"product_cat":[14009,12291],"product_tag":[],"class_list":{"0":"post-784019","1":"product","2":"type-product","3":"status-publish","5":"product_cat-biyografi-otobiyografi-edebiyat","6":"product_cat-edebiyat","7":"pa_cilt-ciltsiz","8":"pa_tur-kitap","9":"pa_yayinevi-vera-kitap-yayinlari","10":"pa_yazar-kolektif","12":"first","13":"instock","14":"sale","15":"shipping-taxable","16":"purchasable","17":"product-type-simple"},"_links":{"self":[{"href":"https:\/\/roveyayinevi.com.tr\/index.php\/wp-json\/wp\/v2\/product\/784019","targetHints":{"allow":["GET"]}}],"collection":[{"href":"https:\/\/roveyayinevi.com.tr\/index.php\/wp-json\/wp\/v2\/product"}],"about":[{"href":"https:\/\/roveyayinevi.com.tr\/index.php\/wp-json\/wp\/v2\/types\/product"}],"wp:attachment":[{"href":"https:\/\/roveyayinevi.com.tr\/index.php\/wp-json\/wp\/v2\/media?parent=784019"}],"wp:term":[{"taxonomy":"product_brand","embeddable":true,"href":"https:\/\/roveyayinevi.com.tr\/index.php\/wp-json\/wp\/v2\/product_brand?post=784019"},{"taxonomy":"product_cat","embeddable":true,"href":"https:\/\/roveyayinevi.com.tr\/index.php\/wp-json\/wp\/v2\/product_cat?post=784019"},{"taxonomy":"product_tag","embeddable":true,"href":"https:\/\/roveyayinevi.com.tr\/index.php\/wp-json\/wp\/v2\/product_tag?post=784019"}],"curies":[{"name":"wp","href":"https:\/\/api.w.org\/{rel}","templated":true}]}}