{"id":784018,"date":"2026-02-26T23:52:15","date_gmt":"2026-02-26T20:52:15","guid":{"rendered":"https:\/\/roveyayinevi.com.tr\/index.php\/urun\/direnisin-ruhuseyh-ahmet-yasinin-hayati-ve-mucadelesi\/"},"modified":"2026-04-15T03:46:52","modified_gmt":"2026-04-15T00:46:52","slug":"direnisin-ruhuseyh-ahmet-yasinin-hayati-ve-mucadelesi","status":"publish","type":"product","link":"https:\/\/roveyayinevi.com.tr\/index.php\/urun\/direnisin-ruhuseyh-ahmet-yasinin-hayati-ve-mucadelesi\/","title":{"rendered":"Direni\u015fin Ruhu;\u015eeyh Ahmet Yasin\u2019in Hayat\u0131 ve M\u00fccadelesi"},"content":{"rendered":"<p>Topraklar\u0131ndan kopar\u0131lm\u0131\u015f bir halk, bombalarla kararm\u0131\u015f g\u00f6ky\u00fcz\u00fcne sahip \u015fehirler, \u00f6mr\u00fc tekerlekli sandalyede ama ruhu dimdik ayakta bir adam\u2026 Bu kitap, Filistin\u2019in y\u00fczy\u0131l\u0131 a\u015fan ac\u0131s\u0131n\u0131, bir liderin \u00f6mr\u00fcnde yeniden okuman\u0131z i\u00e7in yaz\u0131ld\u0131. \u015eeyh Ahmed Yasin, yaln\u0131zca Gazze\u2019nin dar sokaklar\u0131nda de\u011fil, \u00fcmmetin kalbinde de yank\u0131lanan bir direni\u015f \u00e7a\u011fr\u0131s\u0131yd\u0131.\u00c7ocuk ya\u015fta m\u00fclteci oldu; \u00e7amur barakalarda ezberledi\u011fi ayetlerle yoksullu\u011fu sabra d\u00f6n\u00fc\u015ft\u00fcrd\u00fc. Gen\u00e7li\u011finde a\u011f\u0131r bir kaza ge\u00e7irdi, t\u00fcm bedenini felce u\u011fratan zincire ra\u011fmen, halk\u0131n\u0131 \u00f6zg\u00fcrl\u00fck yolunda aya\u011fa kald\u0131racak iradeyi ku\u015fand\u0131. Camilerde kurdu\u011fu ders halkalar\u0131, fakirlerin sofras\u0131na koydu\u011fu ekmek, yetimlerin ba\u015f\u0131na kondurdu\u011fu \u015fefkat eli, hep ayn\u0131 davaya hizmet etti: Filistin\u2019in onuru.Ama sab\u0131r, bir g\u00fcn sapan ta\u015f\u0131ndan barikatlara, oradan \u00f6rg\u00fctl\u00fc direni\u015fe evrildi. 1987\u2019de Birinci \u0130ntifada k\u0131v\u0131lc\u0131m\u0131n\u0131 yakt\u0131\u011f\u0131nda, o art\u0131k yaln\u0131zca bir \u00f6\u011fretmen de\u011fil, Hamas\u2019\u0131n kurucu lideriydi. Zindanlarda yarg\u0131layanlara, \u201cBu mahkeme beni yarg\u0131layamaz; \u00e7\u00fcnk\u00fc i\u015fgal gayrime\u015frudur\u201d diyerek meydan okudu. \u0130srail\u2019in hedef listesinde en \u00fcstte yer ald\u0131; defalarca suikast giri\u015fimlerinden Allah\u2019\u0131n taktiriyle sa\u011f \u00e7\u0131kt\u0131.Bu kitap, \u015eeyh Ahmed Yasin\u2019in hayat\u0131n\u0131 anlat\u0131rken, bir halk\u0131n tarihini de yeniden yaz\u0131yor. Her sat\u0131r, Gazze\u2019nin ta\u015f duvarlar\u0131nda yank\u0131lanan bir tekbir, Kud\u00fcs\u2019\u00fcn minarelerinden y\u00fckselen bir dua, annelerin g\u00f6zya\u015f\u0131nda sakl\u0131 bir yemin gibi ak\u0131yor sayfalara. Burada anlat\u0131lanlar, sadece bir \u00f6nderin hik\u00e2yesi de\u011fil; mazlumun duas\u0131n\u0131n zalimin tank\u0131n\u0131 durdurabildi\u011fi bir direni\u015fin ifadesidir.\u015eeyh Ahmed Yasin\u2019in \u00f6mr\u00fc, bedenin s\u0131n\u0131rlar\u0131n\u0131 a\u015fan bir azmin, topra\u011f\u0131n hakk\u0131 olan \u00f6zg\u00fcrl\u00fc\u011f\u00fcn ve asla yenilmeyen bir ruhun destan\u0131d\u0131r. Ve bu destan, h\u00e2l\u00e2 yaz\u0131lmaya devam ediyor.<\/p>\n","protected":false},"excerpt":{"rendered":"<p>Topraklar\u0131ndan kopar\u0131lm\u0131\u015f bir halk, bombalarla kararm\u0131\u015f g\u00f6ky\u00fcz\u00fcne sahip \u015fehirler, \u00f6mr\u00fc tekerlekli sandalyede ama ruhu dimdik ayakta bir adam\u2026 Bu kitap, Filistin\u2019in y\u00fczy\u0131l\u0131 a\u015fan ac\u0131s\u0131n\u0131, bir liderin<span class=\"excerpt-hellip\"> [\u2026]<\/span><\/p>\n","protected":false},"featured_media":0,"template":"","meta":{"_monsterinsights_skip_tracking":false,"_monsterinsights_sitenote_active":false,"_monsterinsights_sitenote_note":"","_monsterinsights_sitenote_category":0},"product_brand":[],"product_cat":[14009,12291],"product_tag":[],"class_list":{"0":"post-784018","1":"product","2":"type-product","3":"status-publish","5":"product_cat-biyografi-otobiyografi-edebiyat","6":"product_cat-edebiyat","7":"pa_cilt-ciltsiz","8":"pa_tur-kitap","9":"pa_yayinevi-vera-kitap-yayinlari","10":"pa_yazar-kolektif","12":"first","13":"instock","14":"sale","15":"shipping-taxable","16":"purchasable","17":"product-type-simple"},"_links":{"self":[{"href":"https:\/\/roveyayinevi.com.tr\/index.php\/wp-json\/wp\/v2\/product\/784018","targetHints":{"allow":["GET"]}}],"collection":[{"href":"https:\/\/roveyayinevi.com.tr\/index.php\/wp-json\/wp\/v2\/product"}],"about":[{"href":"https:\/\/roveyayinevi.com.tr\/index.php\/wp-json\/wp\/v2\/types\/product"}],"wp:attachment":[{"href":"https:\/\/roveyayinevi.com.tr\/index.php\/wp-json\/wp\/v2\/media?parent=784018"}],"wp:term":[{"taxonomy":"product_brand","embeddable":true,"href":"https:\/\/roveyayinevi.com.tr\/index.php\/wp-json\/wp\/v2\/product_brand?post=784018"},{"taxonomy":"product_cat","embeddable":true,"href":"https:\/\/roveyayinevi.com.tr\/index.php\/wp-json\/wp\/v2\/product_cat?post=784018"},{"taxonomy":"product_tag","embeddable":true,"href":"https:\/\/roveyayinevi.com.tr\/index.php\/wp-json\/wp\/v2\/product_tag?post=784018"}],"curies":[{"name":"wp","href":"https:\/\/api.w.org\/{rel}","templated":true}]}}