{"id":784016,"date":"2026-02-26T23:52:03","date_gmt":"2026-02-26T20:52:03","guid":{"rendered":"https:\/\/roveyayinevi.com.tr\/index.php\/urun\/direnisin-baskanisehit-ismail-haniyenin-hayati-ve-mucadelesi\/"},"modified":"2026-04-15T03:46:52","modified_gmt":"2026-04-15T00:46:52","slug":"direnisin-baskanisehit-ismail-haniyenin-hayati-ve-mucadelesi","status":"publish","type":"product","link":"https:\/\/roveyayinevi.com.tr\/index.php\/urun\/direnisin-baskanisehit-ismail-haniyenin-hayati-ve-mucadelesi\/","title":{"rendered":"Direni\u015fin Ba\u015fkan\u0131;\u015eehit \u0130smail Haniye\u2019nin Hayat\u0131 ve M\u00fccadelesi"},"content":{"rendered":"<p>G\u00f6k g\u00fcr\u00fclt\u00fcs\u00fcn\u00fc and\u0131ran patlamalar, Gazze semalar\u0131n\u0131 yararken; toz, duman ve kan, bir halk\u0131n kaderine kar\u0131\u015f\u0131yordu. \u0130\u015fte bu kitap, o kaderin tam kalbine iniyor. \u015eehit \u0130smail Haniye\u2026 M\u00fclteci kamp\u0131nda a\u00e7\u0131lan g\u00f6zlerden, k\u00fcresel diplomasi sahnelerine uzanan; \u00e7amur kokulu sokaklardan, ate\u015f \u00e7emberindeki liderlik k\u00fcrs\u00fcs\u00fcne varan bir hayat\u0131n hik\u00e2yesi.Her sat\u0131r, nefes nefese akan bir sahne. Zindanlarda \u00e7\u00fcr\u00fct\u00fclmek istenen irade; Merj ez-Zuh\u00fbr\u2019un buz tutmu\u015f yama\u00e7lar\u0131nda direni\u015fin yeni haritas\u0131n\u0131 \u00e7izen ak\u0131l; se\u00e7im sand\u0131\u011f\u0131nda halk\u0131n sessiz \u00e7\u0131\u011fl\u0131\u011f\u0131n\u0131 d\u00fcnyaya hayk\u0131ran bir ses\u2026 Ve d\u00fc\u015fman\u0131n kara listesinde, \u201cmutlaka susturulmas\u0131 gereken\u201d bir hedef.Siyasi manevralar\u0131n ince diplomasisi ile sokak \u00e7at\u0131\u015fmalar\u0131n\u0131n tozlu barikatlar\u0131, Haniye\u2019nin hayat\u0131nda ayn\u0131 anda sahneye \u00e7\u0131k\u0131yor. \u0130srail f\u00fczelerinin hedef ald\u0131\u011f\u0131 evinin enkaz\u0131, onun yaln\u0131zca ta\u015f ve har\u00e7tan de\u011fil; inan\u00e7, sab\u0131r ve halk\u0131n\u0131n duas\u0131ndan in\u015fa edilmi\u015f bir kaleye sahip oldu\u011funu g\u00f6steriyor.Bu, sadece bir liderin biyografisi de\u011fil. Bu, Filistin\u2019in onur m\u00fccadelesinin perde arkas\u0131; d\u00fc\u015fman\u0131n g\u00f6lgesinde b\u00fcy\u00fcyen \u00e7ocuklar\u0131n, ku\u015fatma alt\u0131ndaki \u015fehirlerin ve sessizce direnen kad\u0131nlar\u0131n hik\u00e2yesi. Her b\u00f6l\u00fcmde, kur\u015fun sesine kar\u0131\u015fan ezan, m\u00fczakere masas\u0131nda bile duyulan barut kokusu, t\u00fcnellerde yank\u0131lanan \u00e7ocuk \u015fark\u0131lar\u0131 var.Sayfalar\u0131 \u00e7evirdik\u00e7e, sahneler h\u0131zlan\u0131yor: Bombard\u0131man alt\u0131ndaki Gazze\u2019den Mekke\u2019deki bar\u0131\u015f masas\u0131na, oradan Aksa Tufan\u0131\u2019n\u0131n \u015fafak vaktine\u2026 Ve nihayet Tahran\u2019da, tarihin kalemini titretip duran o sessiz suikasta.Bu kitap, size sadece bir hayat\u0131 de\u011fil; bir halk\u0131n sars\u0131lmaz onurunu, bitmeyen y\u00fcr\u00fcy\u00fc\u015f\u00fcn\u00fc ve \u201cdireni\u015f\u201d denen kelimenin, kan ve dua ile yaz\u0131lm\u0131\u015f ger\u00e7ek anlam\u0131n\u0131 g\u00f6sterecek. Haz\u0131r olun\u2026 \u00c7\u00fcnk\u00fc bu yolculu\u011fun sonunda art\u0131k hi\u00e7bir \u015fey eskisi gibi olmayacak.<\/p>\n","protected":false},"excerpt":{"rendered":"<p>G\u00f6k g\u00fcr\u00fclt\u00fcs\u00fcn\u00fc and\u0131ran patlamalar, Gazze semalar\u0131n\u0131 yararken; toz, duman ve kan, bir halk\u0131n kaderine kar\u0131\u015f\u0131yordu. \u0130\u015fte bu kitap, o kaderin tam kalbine iniyor. \u015eehit \u0130smail Haniye\u2026<span class=\"excerpt-hellip\"> [\u2026]<\/span><\/p>\n","protected":false},"featured_media":0,"template":"","meta":{"_monsterinsights_skip_tracking":false,"_monsterinsights_sitenote_active":false,"_monsterinsights_sitenote_note":"","_monsterinsights_sitenote_category":0},"product_brand":[],"product_cat":[14009,12291],"product_tag":[],"class_list":{"0":"post-784016","1":"product","2":"type-product","3":"status-publish","5":"product_cat-biyografi-otobiyografi-edebiyat","6":"product_cat-edebiyat","7":"pa_cilt-ciltsiz","8":"pa_tur-kitap","9":"pa_yayinevi-vera-kitap-yayinlari","10":"pa_yazar-kolektif","12":"first","13":"instock","14":"sale","15":"shipping-taxable","16":"purchasable","17":"product-type-simple"},"_links":{"self":[{"href":"https:\/\/roveyayinevi.com.tr\/index.php\/wp-json\/wp\/v2\/product\/784016","targetHints":{"allow":["GET"]}}],"collection":[{"href":"https:\/\/roveyayinevi.com.tr\/index.php\/wp-json\/wp\/v2\/product"}],"about":[{"href":"https:\/\/roveyayinevi.com.tr\/index.php\/wp-json\/wp\/v2\/types\/product"}],"wp:attachment":[{"href":"https:\/\/roveyayinevi.com.tr\/index.php\/wp-json\/wp\/v2\/media?parent=784016"}],"wp:term":[{"taxonomy":"product_brand","embeddable":true,"href":"https:\/\/roveyayinevi.com.tr\/index.php\/wp-json\/wp\/v2\/product_brand?post=784016"},{"taxonomy":"product_cat","embeddable":true,"href":"https:\/\/roveyayinevi.com.tr\/index.php\/wp-json\/wp\/v2\/product_cat?post=784016"},{"taxonomy":"product_tag","embeddable":true,"href":"https:\/\/roveyayinevi.com.tr\/index.php\/wp-json\/wp\/v2\/product_tag?post=784016"}],"curies":[{"name":"wp","href":"https:\/\/api.w.org\/{rel}","templated":true}]}}