{"id":784015,"date":"2026-02-26T23:51:57","date_gmt":"2026-02-26T20:51:57","guid":{"rendered":"https:\/\/roveyayinevi.com.tr\/index.php\/urun\/direnisin-golge-komutanisehit-muhammed-deyfin-hayati-ve-mucadelesi\/"},"modified":"2026-04-15T03:46:52","modified_gmt":"2026-04-15T00:46:52","slug":"direnisin-golge-komutanisehit-muhammed-deyfin-hayati-ve-mucadelesi","status":"publish","type":"product","link":"https:\/\/roveyayinevi.com.tr\/index.php\/urun\/direnisin-golge-komutanisehit-muhammed-deyfin-hayati-ve-mucadelesi\/","title":{"rendered":"Direni\u015fin G\u00f6lge Komutan\u0131;\u015eehit Muhammed Deyf\u2019in Hayat\u0131 ve M\u00fccadelesi"},"content":{"rendered":"<p>1980\u2019li y\u0131llar\u0131n ba\u015f\u0131nda, Filistin\u2019in dar sokaklar\u0131nda ve Gazze\u2019nin yoksullukla yo\u011frulmu\u015f kamplar\u0131nda sessizce b\u00fcy\u00fcyen bir isim vard\u0131: Muhammed Deyf. Onun hik\u00e2yesi, yaln\u0131zca bir komutan\u0131n biyografisi de\u011fil; t\u0131pk\u0131 topra\u011f\u0131n alt\u0131ndaki damarlar gibi, g\u00f6r\u00fcnmez ba\u011flarla birbirine kenetlenmi\u015f bir halk\u0131n direni\u015f destan\u0131yd\u0131. Bu yolculuk, Han Yunus M\u00fclteci Kamp\u0131\u2019ndaki \u00e7ocukluk y\u0131llar\u0131ndan ba\u015flay\u0131p \u0130mam \u015e\u00e2fi\u00ee Camii\u2019nin ilim halkalar\u0131na, oradan Bat\u0131 \u015eeria\u2019n\u0131n gizli ge\u00e7itlerine ve Gazze\u2019nin karanl\u0131k t\u00fcnellerine uzand\u0131; en sonunda ise Aksa Tufan\u0131\u2019n\u0131n \u015fafak vaktinde tarih sahnesinde yank\u0131 buldu.Deyf\u2019in hik\u00e2yesi, Filistin direni\u015finin g\u00f6r\u00fcnmeyen omurgas\u0131n\u0131 te\u015fkil eden \u00f6rg\u00fctsel zek\u00e2n\u0131n, sabr\u0131n ve stratejik akl\u0131n belgesidir. Bu anlat\u0131, bir yandan \u00e7ocukluk an\u0131lar\u0131n\u0131n safl\u0131\u011f\u0131ndan sahne sanatlar\u0131n\u0131n toplumsal haf\u0131zay\u0131 diri tutan etkisine, di\u011fer yandan zindanlarda in\u015fa edilen karde\u015flik hukukundan, \u0130srail\u2019in defalarca tekrarlanan suikast giri\u015fimlerinden sa\u011f kurtulu\u015flara kadar uzanan geni\u015f bir yelpazeyi kapsar. Her b\u00f6l\u00fcm, yaln\u0131zca bir hayat hik\u00e2yesi de\u011fil, ayn\u0131 zamanda Filistin halk\u0131n\u0131n onlarca y\u0131l boyunca geli\u015ftirdi\u011fi direni\u015f y\u00f6ntemlerinin bir kayd\u0131n\u0131 sunar.Bu sat\u0131rlar, Filistin\u2019in g\u00f6lgedeki haf\u0131zas\u0131n\u0131 g\u00fcn y\u00fcz\u00fcne \u00e7\u0131karan bir tan\u0131kl\u0131kt\u0131r. Yerin alt\u0131na g\u00f6m\u00fclm\u00fc\u015f tohumlar\u0131n, sab\u0131rla ve inatla nas\u0131l f\u0131rt\u0131naya d\u00f6n\u00fc\u015ft\u00fc\u011f\u00fcn\u00fc belgeleyen bu metin, rakamlar\u0131n so\u011fuk dili yerine barut kokusuna kar\u0131\u015fan anne s\u00fct\u00fcn\u00fc, beton y\u0131\u011f\u0131nlar\u0131n\u0131n aras\u0131ndan filizlenen zeytin fidan\u0131n\u0131 anlat\u0131r. Sava\u015f\u0131n ortas\u0131nda kurulan dostluklar, yeralt\u0131nda \u015fekillenen taktiksel ustal\u0131klar ve bir milletin direnme bi\u00e7imi, okuru hem tarihin ciddiyetine hem de m\u00fccadelenin insani s\u0131cakl\u0131\u011f\u0131na \u00e7a\u011f\u0131r\u0131r.Ve belki de en \u00f6nemlisi, bu hik\u00e2ye, tarihsel bir hakikati f\u0131s\u0131ldar: Liderler topra\u011fa d\u00fc\u015fer, \u015fehirler y\u0131k\u0131l\u0131r, s\u0131n\u0131rlar yeniden \u00e7izilir; fakat inan\u00e7 ve direni\u015fin k\u00f6kleri, onlar\u0131 sulayan her yeni nesille birlikte daha derine, daha sa\u011flam bir \u015fekilde iner. Muhammed Deyf\u2019in y\u00fcr\u00fcy\u00fc\u015f\u00fc, yaln\u0131zca bir bireyin de\u011fil, ku\u015faklar boyunca s\u00fcren bir davan\u0131n s\u00fcreklili\u011fini simgeler; g\u00f6lgede at\u0131lan her ad\u0131m, yar\u0131n\u0131n g\u00fcne\u015finde yank\u0131s\u0131n\u0131 bulur.<\/p>\n","protected":false},"excerpt":{"rendered":"<p>1980\u2019li y\u0131llar\u0131n ba\u015f\u0131nda, Filistin\u2019in dar sokaklar\u0131nda ve Gazze\u2019nin yoksullukla yo\u011frulmu\u015f kamplar\u0131nda sessizce b\u00fcy\u00fcyen bir isim vard\u0131: Muhammed Deyf. Onun hik\u00e2yesi, yaln\u0131zca bir komutan\u0131n biyografisi de\u011fil; t\u0131pk\u0131<span class=\"excerpt-hellip\"> [\u2026]<\/span><\/p>\n","protected":false},"featured_media":0,"template":"","meta":{"_monsterinsights_skip_tracking":false,"_monsterinsights_sitenote_active":false,"_monsterinsights_sitenote_note":"","_monsterinsights_sitenote_category":0},"product_brand":[],"product_cat":[14009,12291],"product_tag":[],"class_list":{"0":"post-784015","1":"product","2":"type-product","3":"status-publish","5":"product_cat-biyografi-otobiyografi-edebiyat","6":"product_cat-edebiyat","7":"pa_cilt-ciltsiz","8":"pa_tur-kitap","9":"pa_yayinevi-vera-kitap-yayinlari","10":"pa_yazar-yakup-cetinkaya","12":"first","13":"instock","14":"sale","15":"shipping-taxable","16":"purchasable","17":"product-type-simple"},"_links":{"self":[{"href":"https:\/\/roveyayinevi.com.tr\/index.php\/wp-json\/wp\/v2\/product\/784015","targetHints":{"allow":["GET"]}}],"collection":[{"href":"https:\/\/roveyayinevi.com.tr\/index.php\/wp-json\/wp\/v2\/product"}],"about":[{"href":"https:\/\/roveyayinevi.com.tr\/index.php\/wp-json\/wp\/v2\/types\/product"}],"wp:attachment":[{"href":"https:\/\/roveyayinevi.com.tr\/index.php\/wp-json\/wp\/v2\/media?parent=784015"}],"wp:term":[{"taxonomy":"product_brand","embeddable":true,"href":"https:\/\/roveyayinevi.com.tr\/index.php\/wp-json\/wp\/v2\/product_brand?post=784015"},{"taxonomy":"product_cat","embeddable":true,"href":"https:\/\/roveyayinevi.com.tr\/index.php\/wp-json\/wp\/v2\/product_cat?post=784015"},{"taxonomy":"product_tag","embeddable":true,"href":"https:\/\/roveyayinevi.com.tr\/index.php\/wp-json\/wp\/v2\/product_tag?post=784015"}],"curies":[{"name":"wp","href":"https:\/\/api.w.org\/{rel}","templated":true}]}}