{"id":784014,"date":"2026-02-26T23:51:54","date_gmt":"2026-02-26T20:51:54","guid":{"rendered":"https:\/\/roveyayinevi.com.tr\/index.php\/urun\/aliya-izzetbegovic-bilge-kral-2\/"},"modified":"2026-04-15T03:46:52","modified_gmt":"2026-04-15T00:46:52","slug":"aliya-izzetbegovic-bilge-kral-2","status":"publish","type":"product","link":"https:\/\/roveyayinevi.com.tr\/index.php\/urun\/aliya-izzetbegovic-bilge-kral-2\/","title":{"rendered":"Aliya \u0130zzetbegovi\u00e7 &#8211; Bilge Kral"},"content":{"rendered":"<p>Aliya \u0130zzetbegovi\u00e7: 1925 y\u0131l\u0131n\u0131n s\u0131cak bir yaz g\u00fcn\u00fcnde Bosna\u2019n\u0131n k\u00fc\u00e7\u00fck bir kasabas\u0131nda do\u011fan bir \u00e7ocuk, ilerleyen y\u0131llarda yaln\u0131zca \u00fclkesinin de\u011fil; t\u00fcm bir \u00fcmmetin umudu olacakt\u0131. O \u00e7ocuk, tarihin sayfalar\u0131na \u201cBilge Kral\u201d olarak kaz\u0131nan Aliya \u0130zzetbegovi\u00e7\u2019ti. Onun hayat\u0131, sava\u015f\u0131n en kanl\u0131 g\u00fcnleri ile adaletin en berrak \u00e7a\u011fr\u0131s\u0131 aras\u0131nda \u00f6r\u00fclm\u00fc\u015f bir hikayeydi.Bilge Kral-Aliya \u0130zzetbegovi\u00e7, Balkanlar\u2019\u0131n \u00e7etin co\u011frafyas\u0131nda bir m\u00fctefekkirin, bir liderin ve bir m\u00fccahidin izini s\u00fcr\u00fcyor. \u00c7ocukluk y\u0131llar\u0131nda annesinden ald\u0131\u011f\u0131 manevi terbiyeden, Gen\u00e7 M\u00fcsl\u00fcmanlar hareketinde yo\u011frulan dava bilincine; zindanlarda ge\u00e7en \u00e7ileli g\u00fcnlerden, ba\u011f\u0131ms\u0131z Bosna\u2019n\u0131n ilk cumhurba\u015fkan\u0131 olu\u015funa kadar her durak, tarihin sahnesinde bir d\u00f6n\u00fcm noktas\u0131 olarak beliriyor.Kitap, Srebrenitsa\u2019n\u0131n kanl\u0131 sokaklar\u0131nda hayk\u0131ran adalet talebini, Dayton Anla\u015fmas\u0131\u2019n\u0131n sanc\u0131l\u0131 sat\u0131r aralar\u0131n\u0131 ve Aliya\u2019n\u0131n d\u00fc\u015f\u00fcnce d\u00fcnyas\u0131ndan s\u00fcz\u00fclen vecizeleri bir araya getiriyor. \u201cDo\u011fu ve Bat\u0131 Aras\u0131nda \u0130slam\u201d, \u201c\u0130slam Deklarasyonu\u201d ve \u201c\u00d6zg\u00fcrl\u00fc\u011fe Ka\u00e7\u0131\u015f\u0131m\u201d gibi eserleriyle yaln\u0131zca bir siyaset\u00e7i de\u011fil; ayn\u0131 zamanda kalemiyle \u00e7a\u011flara meydan okuyan bir fikir adam\u0131 oldu\u011funu kan\u0131tlayan Aliya\u2019n\u0131n m\u00fccadelesi, sat\u0131r sat\u0131r yeniden canlan\u0131yor.Bu eser, bir biyografinin \u00f6tesinde; Bosna\u2019n\u0131n direni\u015f ruhunu, \u00fcmmetin ortak davas\u0131n\u0131 ve bir adam\u0131n ta\u015f\u0131d\u0131\u011f\u0131 adalet sevdas\u0131n\u0131n bir millete nas\u0131l y\u00f6n verdi\u011fini anlat\u0131yor. Aliya\u2019n\u0131n miras\u0131, bug\u00fcn h\u00e2l\u00e2 Balkanlar\u2019dan Filistin\u2019e, Do\u011fu T\u00fcrkistan\u2019dan Kud\u00fcs\u2019e kadar uzanan bir \u00e7a\u011fr\u0131: \u201cVelikim Bogom Se Kunemo Da Robovi Biti Ne\u0107emo!\u201d  \u201cB\u00fcy\u00fck Allah&#8217;a yemin olsun ki biz asla k\u00f6le olmayaca\u011f\u0131z!\u201d<\/p>\n","protected":false},"excerpt":{"rendered":"<p>Aliya \u0130zzetbegovi\u00e7: 1925 y\u0131l\u0131n\u0131n s\u0131cak bir yaz g\u00fcn\u00fcnde Bosna\u2019n\u0131n k\u00fc\u00e7\u00fck bir kasabas\u0131nda do\u011fan bir \u00e7ocuk, ilerleyen y\u0131llarda yaln\u0131zca \u00fclkesinin de\u011fil; t\u00fcm bir \u00fcmmetin umudu olacakt\u0131. O<span class=\"excerpt-hellip\"> [\u2026]<\/span><\/p>\n","protected":false},"featured_media":0,"template":"","meta":{"_monsterinsights_skip_tracking":false,"_monsterinsights_sitenote_active":false,"_monsterinsights_sitenote_note":"","_monsterinsights_sitenote_category":0},"product_brand":[],"product_cat":[12370,12304],"product_tag":[],"class_list":{"0":"post-784014","1":"product","2":"type-product","3":"status-publish","5":"product_cat-arastirma-inceleme","6":"product_cat-tarih","7":"pa_cilt-ciltsiz","8":"pa_tur-kitap","9":"pa_yayinevi-vera-kitap-yayinlari","10":"pa_yazar-emrah-topcu","12":"first","13":"instock","14":"sale","15":"shipping-taxable","16":"purchasable","17":"product-type-simple"},"_links":{"self":[{"href":"https:\/\/roveyayinevi.com.tr\/index.php\/wp-json\/wp\/v2\/product\/784014","targetHints":{"allow":["GET"]}}],"collection":[{"href":"https:\/\/roveyayinevi.com.tr\/index.php\/wp-json\/wp\/v2\/product"}],"about":[{"href":"https:\/\/roveyayinevi.com.tr\/index.php\/wp-json\/wp\/v2\/types\/product"}],"wp:attachment":[{"href":"https:\/\/roveyayinevi.com.tr\/index.php\/wp-json\/wp\/v2\/media?parent=784014"}],"wp:term":[{"taxonomy":"product_brand","embeddable":true,"href":"https:\/\/roveyayinevi.com.tr\/index.php\/wp-json\/wp\/v2\/product_brand?post=784014"},{"taxonomy":"product_cat","embeddable":true,"href":"https:\/\/roveyayinevi.com.tr\/index.php\/wp-json\/wp\/v2\/product_cat?post=784014"},{"taxonomy":"product_tag","embeddable":true,"href":"https:\/\/roveyayinevi.com.tr\/index.php\/wp-json\/wp\/v2\/product_tag?post=784014"}],"curies":[{"name":"wp","href":"https:\/\/api.w.org\/{rel}","templated":true}]}}