{"id":783713,"date":"2026-02-26T23:37:32","date_gmt":"2026-02-26T20:37:32","guid":{"rendered":"https:\/\/roveyayinevi.com.tr\/index.php\/urun\/ahlak-i-alai\/"},"modified":"2026-04-15T03:46:41","modified_gmt":"2026-04-15T00:46:41","slug":"ahlak-i-alai","status":"publish","type":"product","link":"https:\/\/roveyayinevi.com.tr\/index.php\/urun\/ahlak-i-alai\/","title":{"rendered":"Ahlak-\u0131 Alai"},"content":{"rendered":"<p>B\u00fcy\u00fck Osmanl\u0131 \u00e2limi, d\u00fc\u015f\u00fcn\u00fcr\u00fc ve kad\u0131s\u0131 K\u0131nal\u0131z\u00e2de Ali \u00c7elebi&#8217;nin (\u00f6. 1559) kaleme ald\u0131\u011f\u0131 Ahl\u00e2k-\u0131 Al\u00e2\u00ee, \u0130slam ahl\u00e2k d\u00fc\u015f\u00fcncesi tarihinde \u00f6nemli bir yer i\u015fgal etmektedir. Eser asl\u0131nda temelleri \u0130bn Miskeveyh&#8217;in Tehz\u00eeb\u00fc&#8217;l-Ahl\u00e2k&#8217;\u0131yla at\u0131lan, Nas\u00eereddin T\u00fbs\u00ee&#8217;nin Ahl\u00e2k-\u0131 N\u00e2s\u0131r\u00ee&#8217;si ile felsefi anlamda olgunla\u015fan, Celaleddin Devv\u00e2n\u00ee&#8217;nin Ahl\u00e2k-\u0131 Cel\u00e2l\u00ee&#8217;si ile i\u015fraki bir boyut kazanan ahl\u00e2k felsefesi yapma ve yazma s\u00fcrecinin d\u00f6rd\u00fcnc\u00fc \u00f6nemli halkas\u0131d\u0131r. Tehz\u00eeb\u00fc&#8217;l-Ahl\u00e2k&#8217;\u0131n Arap\u00e7a yaz\u0131lmas\u0131na kar\u015f\u0131l\u0131k Ahl\u00e2k-\u0131 N\u00e2s\u0131r\u00ee ve Ahl\u00e2k-\u0131 Cel\u00e2l\u00ee Fars\u00e7a yaz\u0131lm\u0131\u015ft\u0131r. Her iki dilde de eser verebilme istidad\u0131 olan K\u0131nal\u0131z\u00e2de, \u00f6zellikle T\u00fcrk\u00e7e bir ahl\u00e2k kitab\u0131 yaz\u0131lmas\u0131n\u0131n \u00f6zlemini \u00e7ekmi\u015f ve Ahl\u00e2k-\u0131 Al\u00e2\u00ee&#8217;yi telif ederek Osmanl\u0131&#8217;n\u0131n ihti\u015fam\u0131na yak\u0131\u015f\u0131r bir T\u00fcrk\u00e7e ahl\u00e2k felsefesi eserini T\u00fcrk\u00e7e okuyan insanlar\u0131n istifadesine sunmu\u015ftur.Ahl\u00e2k-\u0131 Al\u00e2\u00ee, klasik ahl\u00e2k kitaplar\u0131nda takip edilen s\u0131raya uygun olarak \u00fc\u00e7 ana b\u00f6l\u00fcmden olu\u015fur. Bunlar; ahl\u00e2k e\u011fitimini inceleyen &#8220;Ahl\u00e2k \u0130lmi&#8221;, ev idaresinden bahseden &#8220;\u0130lm-i Tedb\u00eer\u00fc&#8217;l-Menzil&#8221; ve devlet y\u00f6netimi ve siyaset felsefesiyle ilgili olan &#8220;\u0130lm-i Tedb\u00eer\u00fc&#8217;l-Medine&#8221; b\u00f6l\u00fcmleridir. Sonu\u00e7 konumundaki &#8220;Hatime&#8221; b\u00f6l\u00fcm\u00fcnde Eflatun, Aristoteles, Gucduv\u00e2n\u00ee ve Mevlana Celaleddin&#8217;in vasiyetleri yer almaktad\u0131r. Bu eser, and\u0131\u011f\u0131m\u0131z di\u011fer \u00fc\u00e7 \u00f6rne\u011fin muhteva ve \u00f6z\u00fcn\u00fc ta\u015f\u0131mas\u0131n\u0131n yan\u0131nda, edeb\u00ee letafeti, hik\u00e2ye ve \u00f6rneklerle \u00f6\u011frenimi kolayla\u015ft\u0131rmas\u0131, yazar\u0131n\u0131n nefis hastal\u0131klar\u0131n\u0131n tedavisini Gazz\u00e2l\u00ee&#8217;nin \u0130hy\u00e2&#8217;s\u0131ndan ald\u0131\u011f\u0131 malzemeyi yeniden harmanlayarak i\u015flemesi ve sevgi bahsini Molla C\u00e2m\u00ee&#8217;den yapt\u0131\u011f\u0131 iktibaslar yan\u0131nda kendi \u00f6zg\u00fcn donan\u0131m\u0131yla yeniden in\u015fa etmesiyle ahl\u00e2k d\u00fc\u015f\u00fcncesine \u00f6zel katk\u0131da bulunmu\u015ftur. K\u0131nal\u0131z\u00e2de, eserinde yer yer T\u00fbs\u00ee&#8217;nin g\u00f6r\u00fc\u015flerine itiraz etmi\u015f ve \u00f6zg\u00fcn a\u00e7\u0131klamalar yapm\u0131\u015ft\u0131r. \u0130\u00e7ki i\u00e7me adab\u0131na eserinde yer vermemesi, k\u0131z \u00e7ocuklar\u0131n\u0131n okutulmas\u0131n\u0131 savunmas\u0131 ve tasavvufta bir e\u011fitim y\u00f6ntemi olarak z\u00fchd\u00fc kabul etmesi bunlar aras\u0131nda say\u0131labilir. Ahl\u00e2k-\u0131 Al\u00e2\u00ee&#8217;nin literat\u00fcre katk\u0131s\u0131n\u0131 daha \u00e7ok siyaset felsefesi konusunda g\u00f6rmekteyiz. Siyaset\u00e7i-asker ili\u015fkisi ve y\u00f6neticilerin sahip olmalar\u0131 gereken niteliklere dair \u00f6rneklendirilmi\u015f d\u00fc\u015f\u00fcnce ve \u00f6nerileri g\u00fcn\u00fcm\u00fcz siyaset bilim ve felsefesine de \u0131\u015f\u0131k tutar niteliktedir.<\/p>\n","protected":false},"excerpt":{"rendered":"<p>B\u00fcy\u00fck Osmanl\u0131 \u00e2limi, d\u00fc\u015f\u00fcn\u00fcr\u00fc ve kad\u0131s\u0131 K\u0131nal\u0131z\u00e2de Ali \u00c7elebi&#8217;nin (\u00f6. 1559) kaleme ald\u0131\u011f\u0131 Ahl\u00e2k-\u0131 Al\u00e2\u00ee, \u0130slam ahl\u00e2k d\u00fc\u015f\u00fcncesi tarihinde \u00f6nemli bir yer i\u015fgal etmektedir. Eser asl\u0131nda<span class=\"excerpt-hellip\"> [\u2026]<\/span><\/p>\n","protected":false},"featured_media":0,"template":"","meta":{"_monsterinsights_skip_tracking":false,"_monsterinsights_sitenote_active":false,"_monsterinsights_sitenote_note":"","_monsterinsights_sitenote_category":0},"product_brand":[],"product_cat":[12388,13555],"product_tag":[],"class_list":{"0":"post-783713","1":"product","2":"type-product","3":"status-publish","5":"product_cat-felsefe","6":"product_cat-genel-felsefe","7":"pa_cilt-ciltsiz","8":"pa_tur-kitap","9":"pa_yayinevi-fecr-yayinlari","10":"pa_yazar-kinalizade-ali-celebi","12":"first","13":"instock","14":"sale","15":"shipping-taxable","16":"purchasable","17":"product-type-simple"},"_links":{"self":[{"href":"https:\/\/roveyayinevi.com.tr\/index.php\/wp-json\/wp\/v2\/product\/783713","targetHints":{"allow":["GET"]}}],"collection":[{"href":"https:\/\/roveyayinevi.com.tr\/index.php\/wp-json\/wp\/v2\/product"}],"about":[{"href":"https:\/\/roveyayinevi.com.tr\/index.php\/wp-json\/wp\/v2\/types\/product"}],"wp:attachment":[{"href":"https:\/\/roveyayinevi.com.tr\/index.php\/wp-json\/wp\/v2\/media?parent=783713"}],"wp:term":[{"taxonomy":"product_brand","embeddable":true,"href":"https:\/\/roveyayinevi.com.tr\/index.php\/wp-json\/wp\/v2\/product_brand?post=783713"},{"taxonomy":"product_cat","embeddable":true,"href":"https:\/\/roveyayinevi.com.tr\/index.php\/wp-json\/wp\/v2\/product_cat?post=783713"},{"taxonomy":"product_tag","embeddable":true,"href":"https:\/\/roveyayinevi.com.tr\/index.php\/wp-json\/wp\/v2\/product_tag?post=783713"}],"curies":[{"name":"wp","href":"https:\/\/api.w.org\/{rel}","templated":true}]}}