{"id":783703,"date":"2026-02-26T23:37:09","date_gmt":"2026-02-26T20:37:09","guid":{"rendered":"https:\/\/roveyayinevi.com.tr\/index.php\/urun\/cocuklarda-durtusellikdikkat-eksikligi-hiperaktivite-bozuklugu-tani-ve-tedavisi\/"},"modified":"2026-04-15T03:46:41","modified_gmt":"2026-04-15T00:46:41","slug":"cocuklarda-durtusellikdikkat-eksikligi-hiperaktivite-bozuklugu-tani-ve-tedavisi","status":"publish","type":"product","link":"https:\/\/roveyayinevi.com.tr\/index.php\/urun\/cocuklarda-durtusellikdikkat-eksikligi-hiperaktivite-bozuklugu-tani-ve-tedavisi\/","title":{"rendered":"\u00c7ocuklarda D\u00fcrt\u00fcsellik;Dikkat Eksikli\u011fi Hiperaktivite Bozuklu\u011fu Tan\u0131 ve Tedavisi"},"content":{"rendered":"<p>\u0130nsan\u0131n kendini ba\u015far\u0131l\u0131 hissetmesi ve hayat kalitesinin y\u00fcksek olmas\u0131, bir\u00e7ok fakt\u00f6r\u00fcn yan\u0131 s\u0131ra \u00f6zellikle dikkat i\u015flevlerine ve d\u00fcrt\u00fclerini kontrol edebilmesine ba\u011fl\u0131d\u0131r. Bir konuya odaklanamad\u0131\u011f\u0131n\u0131zda ne o konuyu \u00f6\u011frenebilirsiniz ne de sonradan kullanmak \u00fczere \u00f6\u011frendiklerinizi di\u011fer bildiklerinizle harmanlayarak haf\u0131zan\u0131za kaydedebilirsiniz. Dikkat eksikli\u011finiz varsa ve\/veya d\u00fcrt\u00fclerinizi frenleyemeden hareket ediyorsan\u0131z, akademik hayat\u0131n yan\u0131 s\u0131ra arkada\u015f ili\u015fkileriniz ve sosyal hayat\u0131n\u0131z da olumsuz etkilenir, ba\u015f\u0131n\u0131za beklenmedik kazalar gelebilir. Bu kazalar\u0131n sonucu \u00e7evrenizi de olumsuz etkileyebilir. Bu nedenle, \u201cDikkat Eksikli\u011fi ve Hiperaktivite Bozuklu\u011funun\u201d ve beraberinde gelen \u201cd\u00fcrt\u00fcselli\u011fin\u201d tan\u0131lanmas\u0131 ve tedavisi bireysel a\u00e7\u0131dan \u00f6nemli oldu\u011fu kadar toplum i\u00e7in de \u00f6nemlidir. Ebeveynler, \u00f6\u011fretmenler, arkada\u015flar ve aile b\u00fcy\u00fckleri gibi \u00e7ocu\u011fun ve gencin hayat\u0131ndaki herkesin tan\u0131 ve tedavi s\u00fcrecinde bilgili ve destekleyici olmas\u0131 \u00e7ok \u00f6nemli ve gereklidir. Elinizdeki kitab\u0131n bu ihtiyaca hizmet etmesini umuyoruz.<\/p>\n","protected":false},"excerpt":{"rendered":"<p>\u0130nsan\u0131n kendini ba\u015far\u0131l\u0131 hissetmesi ve hayat kalitesinin y\u00fcksek olmas\u0131, bir\u00e7ok fakt\u00f6r\u00fcn yan\u0131 s\u0131ra \u00f6zellikle dikkat i\u015flevlerine ve d\u00fcrt\u00fclerini kontrol edebilmesine ba\u011fl\u0131d\u0131r. Bir konuya odaklanamad\u0131\u011f\u0131n\u0131zda ne o<span class=\"excerpt-hellip\"> [\u2026]<\/span><\/p>\n","protected":false},"featured_media":0,"template":"","meta":{"_monsterinsights_skip_tracking":false,"_monsterinsights_sitenote_active":false,"_monsterinsights_sitenote_note":"","_monsterinsights_sitenote_category":0},"product_brand":[],"product_cat":[12357],"product_tag":[],"class_list":{"0":"post-783703","1":"product","2":"type-product","3":"status-publish","5":"product_cat-psikoloji","6":"pa_cilt-ciltsiz","7":"pa_tur-kitap","8":"pa_yayinevi-ucurtma-yayinlari","9":"pa_yazar-mucahit-ozturk","11":"first","12":"instock","13":"sale","14":"shipping-taxable","15":"purchasable","16":"product-type-simple"},"_links":{"self":[{"href":"https:\/\/roveyayinevi.com.tr\/index.php\/wp-json\/wp\/v2\/product\/783703","targetHints":{"allow":["GET"]}}],"collection":[{"href":"https:\/\/roveyayinevi.com.tr\/index.php\/wp-json\/wp\/v2\/product"}],"about":[{"href":"https:\/\/roveyayinevi.com.tr\/index.php\/wp-json\/wp\/v2\/types\/product"}],"wp:attachment":[{"href":"https:\/\/roveyayinevi.com.tr\/index.php\/wp-json\/wp\/v2\/media?parent=783703"}],"wp:term":[{"taxonomy":"product_brand","embeddable":true,"href":"https:\/\/roveyayinevi.com.tr\/index.php\/wp-json\/wp\/v2\/product_brand?post=783703"},{"taxonomy":"product_cat","embeddable":true,"href":"https:\/\/roveyayinevi.com.tr\/index.php\/wp-json\/wp\/v2\/product_cat?post=783703"},{"taxonomy":"product_tag","embeddable":true,"href":"https:\/\/roveyayinevi.com.tr\/index.php\/wp-json\/wp\/v2\/product_tag?post=783703"}],"curies":[{"name":"wp","href":"https:\/\/api.w.org\/{rel}","templated":true}]}}