{"id":783607,"date":"2026-02-26T23:33:00","date_gmt":"2026-02-26T20:33:00","guid":{"rendered":"https:\/\/roveyayinevi.com.tr\/index.php\/urun\/degisen-dunya-ve-filistin-israil-sorunu\/"},"modified":"2026-04-15T03:46:38","modified_gmt":"2026-04-15T00:46:38","slug":"degisen-dunya-ve-filistin-israil-sorunu","status":"publish","type":"product","link":"https:\/\/roveyayinevi.com.tr\/index.php\/urun\/degisen-dunya-ve-filistin-israil-sorunu\/","title":{"rendered":"De\u011fi\u015fen D\u00fcnya Ve Filistin-\u0130srail Sorunu"},"content":{"rendered":"<p>Bu kitap, Filistin-\u0130srail sorununu \u0130srail ve Amerika eksenli bir bak\u0131\u015f a\u00e7\u0131s\u0131yla de\u011ferlendirirken Filistinlilerin ger\u00e7ek toprak sahipleri olarak t\u00fcm d\u00fcnyan\u0131n g\u00f6z\u00fc \u00f6n\u00fcnde en temel insan haklar\u0131ndan dahi nas\u0131l mahrum b\u0131rak\u0131ld\u0131klar\u0131n\u0131 a\u00e7\u0131k\u00e7a ortaya koyan bir inceleme niteli\u011findedir. Yahudilerin genelini hedef almaktan uzak, s\u00f6z konusu i\u015fgalin ger\u00e7ek sorumlular\u0131 olan Siyonistler ve ba\u015fta ABD olmak \u00fczere m\u00fcttefiklerinin ger\u00e7ek misyon ve faaliyetlerini konu edinen elinizdeki kitapta, Filistin-\u0130srail sorununa y\u00f6nelik insani ve vicdani temellere oturtulmu\u015f bir uluslararas\u0131 ili\u015fkiler \u00e7al\u0131\u015fmas\u0131 bulacaks\u0131n\u0131z. Filistin meselesi s\u00f6zde demokrasi ve insan haklar\u0131 \u00f6nc\u00fcs\u00fc g\u00fc\u00e7ler taraf\u0131ndan ne kadar g\u00f6rmezden gelinirse gelinsin Filistinliler t\u00fcm haklar\u0131na ve topraklar\u0131na kavu\u015fana dek her alanda m\u00fccadelemiz devam edecektir. Yeniden tam ba\u011f\u0131ms\u0131z Filistin halk\u0131 ve yurdu i\u00e7in&#8230;<\/p>\n","protected":false},"excerpt":{"rendered":"<p>Bu kitap, Filistin-\u0130srail sorununu \u0130srail ve Amerika eksenli bir bak\u0131\u015f a\u00e7\u0131s\u0131yla de\u011ferlendirirken Filistinlilerin ger\u00e7ek toprak sahipleri olarak t\u00fcm d\u00fcnyan\u0131n g\u00f6z\u00fc \u00f6n\u00fcnde en temel insan haklar\u0131ndan dahi<span class=\"excerpt-hellip\"> [\u2026]<\/span><\/p>\n","protected":false},"featured_media":0,"template":"","meta":{"_monsterinsights_skip_tracking":false,"_monsterinsights_sitenote_active":false,"_monsterinsights_sitenote_note":"","_monsterinsights_sitenote_category":0},"product_brand":[],"product_cat":[13059,12337],"product_tag":[],"class_list":{"0":"post-783607","1":"product","2":"type-product","3":"status-publish","5":"product_cat-diger-politika-siyaset","6":"product_cat-politika-siyaset","7":"pa_cilt-ciltsiz","8":"pa_tur-kitap","9":"pa_yayinevi-mgv-yayinlari","10":"pa_yazar-fatma-kevser-kaplan","12":"first","13":"instock","14":"sale","15":"shipping-taxable","16":"purchasable","17":"product-type-simple"},"_links":{"self":[{"href":"https:\/\/roveyayinevi.com.tr\/index.php\/wp-json\/wp\/v2\/product\/783607","targetHints":{"allow":["GET"]}}],"collection":[{"href":"https:\/\/roveyayinevi.com.tr\/index.php\/wp-json\/wp\/v2\/product"}],"about":[{"href":"https:\/\/roveyayinevi.com.tr\/index.php\/wp-json\/wp\/v2\/types\/product"}],"wp:attachment":[{"href":"https:\/\/roveyayinevi.com.tr\/index.php\/wp-json\/wp\/v2\/media?parent=783607"}],"wp:term":[{"taxonomy":"product_brand","embeddable":true,"href":"https:\/\/roveyayinevi.com.tr\/index.php\/wp-json\/wp\/v2\/product_brand?post=783607"},{"taxonomy":"product_cat","embeddable":true,"href":"https:\/\/roveyayinevi.com.tr\/index.php\/wp-json\/wp\/v2\/product_cat?post=783607"},{"taxonomy":"product_tag","embeddable":true,"href":"https:\/\/roveyayinevi.com.tr\/index.php\/wp-json\/wp\/v2\/product_tag?post=783607"}],"curies":[{"name":"wp","href":"https:\/\/api.w.org\/{rel}","templated":true}]}}