{"id":783560,"date":"2026-02-26T22:29:21","date_gmt":"2026-02-26T19:29:21","guid":{"rendered":"https:\/\/roveyayinevi.com.tr\/index.php\/urun\/ataturk-ve-milliyetcilik\/"},"modified":"2026-02-27T02:37:47","modified_gmt":"2026-02-26T23:37:47","slug":"ataturk-ve-milliyetcilik","status":"publish","type":"product","link":"https:\/\/roveyayinevi.com.tr\/index.php\/urun\/ataturk-ve-milliyetcilik\/","title":{"rendered":"Atat\u00fcrk ve Milliyet\u00e7ilik"},"content":{"rendered":"<p>Mustafa Kemal Atat\u00fcrk, D\u00fcnya\u2019da da \u00f6rneklerini g\u00f6rd\u00fc\u011f\u00fcm\u00fcz \u00fczere bir \u201ckurucu baba\u201d olarak T\u00fcrk milletinin ortak de\u011feridir. T\u00fcrkiye Cumhuriyeti Devleti\u2019nin b\u00fct\u00fcn kurucu de\u011ferleri O\u2019nun \u015fahs\u0131nda milletimize mal olmu\u015ftur. T\u00fcrk milleti, d\u00fcn oldu\u011fu gibi bug\u00fcn de Atat\u00fcrk\u2019\u00fcn \u015fahs\u0131nda bu de\u011ferler etraf\u0131nda b\u00fct\u00fcnle\u015fmi\u015ftir.\u00dclkemizde zaman zaman baz\u0131 kar\u015f\u0131tl\u0131klar yarat\u0131larak milli birlik ve b\u00fct\u00fcnl\u00fc\u011f\u00fcm\u00fcz hedef al\u0131nmaktad\u0131r. Atat\u00fcrk ba\u015fta olmak \u00fczere tarihi ki\u015filiklerimiz \u00fczerinden yarat\u0131lan kar\u015f\u0131tl\u0131klar, yeni kampla\u015fmalar olu\u015fturmaktad\u0131r. Atat\u00fcrk\u2019\u00fc ve di\u011fer tarihi b\u00fcy\u00fcklerimizi siyasi ve ideolojik tart\u0131\u015fmalar\u0131n i\u00e7inden \u00e7ekip \u00e7\u0131karmal\u0131y\u0131z.Tarihimiz millet olarak bizim ortak haf\u0131zam\u0131zd\u0131r. Tarihimize ideolojik veya siyasi bir g\u00f6zl\u00fckle de\u011fil, objektif bir \u015fekilde, ne oldu\u011funu anlamak i\u00e7in bakmal\u0131y\u0131z. Oradan gerekli dersleri \u00e7\u0131kartarak, bug\u00fcn\u00fc ve yar\u0131n\u0131 in\u015fa etmeliyiz.\u201cAtat\u00fcrk ve Milliyet\u00e7ilik\u201d isimli bu eser, g\u00fcn\u00fcm\u00fczdeki tart\u0131\u015fmalardan biri olan Atat\u00fcrk\u2019\u00fcn milliyet\u00e7ilik anlay\u0131\u015f\u0131n\u0131 b\u00fct\u00fcn boyutlar\u0131yla incelemektedir. Atat\u00fcrk\u2019\u00fcn milliyet\u00e7ilik anlay\u0131\u015f\u0131, tarihi ve sosyolojik ger\u00e7eklere uygun, \u00e7a\u011fda\u015f d\u00fcnyan\u0131n de\u011ferleri ile \u00f6rt\u00fc\u015fen bir anlay\u0131\u015ft\u0131r. Birle\u015ftiricidir, ba\u011f\u0131ms\u0131zl\u0131k\u00e7\u0131d\u0131r, emperyalizme kar\u015f\u0131 duru\u015ftur, mazlum milletlerin sesi olu\u015ftur.<\/p>\n","protected":false},"excerpt":{"rendered":"<p>Mustafa Kemal Atat\u00fcrk, D\u00fcnya\u2019da da \u00f6rneklerini g\u00f6rd\u00fc\u011f\u00fcm\u00fcz \u00fczere bir \u201ckurucu baba\u201d olarak T\u00fcrk milletinin ortak de\u011feridir. T\u00fcrkiye Cumhuriyeti Devleti\u2019nin b\u00fct\u00fcn kurucu de\u011ferleri O\u2019nun \u015fahs\u0131nda milletimize mal<span class=\"excerpt-hellip\"> [\u2026]<\/span><\/p>\n","protected":false},"featured_media":0,"template":"","meta":{"_monsterinsights_skip_tracking":false,"_monsterinsights_sitenote_active":false,"_monsterinsights_sitenote_note":"","_monsterinsights_sitenote_category":0},"product_brand":[],"product_cat":[12530,12304],"product_tag":[],"class_list":{"0":"post-783560","1":"product","2":"type-product","3":"status-publish","5":"product_cat-mustafa-kemal-ataturk","6":"product_cat-tarih","7":"pa_cilt-ciltsiz","8":"pa_tur-kitap","9":"pa_yayinevi-halk-kitabevi","10":"pa_yazar-ali-guler","12":"first","13":"instock","14":"sale","15":"shipping-taxable","16":"purchasable","17":"product-type-simple"},"_links":{"self":[{"href":"https:\/\/roveyayinevi.com.tr\/index.php\/wp-json\/wp\/v2\/product\/783560","targetHints":{"allow":["GET"]}}],"collection":[{"href":"https:\/\/roveyayinevi.com.tr\/index.php\/wp-json\/wp\/v2\/product"}],"about":[{"href":"https:\/\/roveyayinevi.com.tr\/index.php\/wp-json\/wp\/v2\/types\/product"}],"wp:attachment":[{"href":"https:\/\/roveyayinevi.com.tr\/index.php\/wp-json\/wp\/v2\/media?parent=783560"}],"wp:term":[{"taxonomy":"product_brand","embeddable":true,"href":"https:\/\/roveyayinevi.com.tr\/index.php\/wp-json\/wp\/v2\/product_brand?post=783560"},{"taxonomy":"product_cat","embeddable":true,"href":"https:\/\/roveyayinevi.com.tr\/index.php\/wp-json\/wp\/v2\/product_cat?post=783560"},{"taxonomy":"product_tag","embeddable":true,"href":"https:\/\/roveyayinevi.com.tr\/index.php\/wp-json\/wp\/v2\/product_tag?post=783560"}],"curies":[{"name":"wp","href":"https:\/\/api.w.org\/{rel}","templated":true}]}}