{"id":783548,"date":"2026-02-26T22:21:20","date_gmt":"2026-02-26T19:21:20","guid":{"rendered":"https:\/\/roveyayinevi.com.tr\/index.php\/urun\/savasta-ve-barista-kemal-ataturk\/"},"modified":"2026-02-27T02:30:04","modified_gmt":"2026-02-26T23:30:04","slug":"savasta-ve-barista-kemal-ataturk","status":"publish","type":"product","link":"https:\/\/roveyayinevi.com.tr\/index.php\/urun\/savasta-ve-barista-kemal-ataturk\/","title":{"rendered":"Sava\u015fta ve Bar\u0131\u015fta Kemal Atat\u00fcrk"},"content":{"rendered":"<p>Birincil kaynaklar ve tan\u0131kl\u0131klarla Kemal Atat\u00fcrk\u2026Profes\u00f6r Hikmet \u00d6zdemir, Atat\u00fcrk\u2019\u00fcn kendini anlatt\u0131\u011f\u0131 t\u00fcm kaynaklar\u0131 ve eserlerini, say\u0131s\u0131z belgeyi ve hat\u0131ralar\u0131 inceledi. \u00d6zdemir, bizzat onu g\u00f6r\u00fcp tan\u0131m\u0131\u015f olanlar\u0131n anlat\u0131lar\u0131ndan olu\u015fan ve Atat\u00fcrk\u2019\u00fcn hayat\u0131n\u0131 ad\u0131m ad\u0131m takip eden, onu seyrediyormu\u015fuz hissini veren yepyeni bir Atat\u00fcrk biyografisi yazd\u0131. Y\u0131llar s\u00fcren bir eme\u011fin e\u015fsiz \u00fcr\u00fcn\u00fc. Katk\u0131s\u0131z, yorumsuz, sadece kendi \u00e7a\u011f\u0131n\u0131n insan\u0131 olarak Atat\u00fcrk.<\/p>\n","protected":false},"excerpt":{"rendered":"<p>Birincil kaynaklar ve tan\u0131kl\u0131klarla Kemal Atat\u00fcrk\u2026Profes\u00f6r Hikmet \u00d6zdemir, Atat\u00fcrk\u2019\u00fcn kendini anlatt\u0131\u011f\u0131 t\u00fcm kaynaklar\u0131 ve eserlerini, say\u0131s\u0131z belgeyi ve hat\u0131ralar\u0131 inceledi. \u00d6zdemir, bizzat onu g\u00f6r\u00fcp tan\u0131m\u0131\u015f olanlar\u0131n<span class=\"excerpt-hellip\"> [\u2026]<\/span><\/p>\n","protected":false},"featured_media":0,"template":"","meta":{"_monsterinsights_skip_tracking":false,"_monsterinsights_sitenote_active":false,"_monsterinsights_sitenote_note":"","_monsterinsights_sitenote_category":0},"product_brand":[],"product_cat":[12530,12304],"product_tag":[],"class_list":{"0":"post-783548","1":"product","2":"type-product","3":"status-publish","5":"product_cat-mustafa-kemal-ataturk","6":"product_cat-tarih","7":"pa_cilt-ciltsiz","8":"pa_tur-kitap","9":"pa_yayinevi-dogan-kitap","10":"pa_yazar-hikmet-ozdemir","12":"first","13":"instock","14":"sale","15":"shipping-taxable","16":"purchasable","17":"product-type-simple"},"_links":{"self":[{"href":"https:\/\/roveyayinevi.com.tr\/index.php\/wp-json\/wp\/v2\/product\/783548","targetHints":{"allow":["GET"]}}],"collection":[{"href":"https:\/\/roveyayinevi.com.tr\/index.php\/wp-json\/wp\/v2\/product"}],"about":[{"href":"https:\/\/roveyayinevi.com.tr\/index.php\/wp-json\/wp\/v2\/types\/product"}],"wp:attachment":[{"href":"https:\/\/roveyayinevi.com.tr\/index.php\/wp-json\/wp\/v2\/media?parent=783548"}],"wp:term":[{"taxonomy":"product_brand","embeddable":true,"href":"https:\/\/roveyayinevi.com.tr\/index.php\/wp-json\/wp\/v2\/product_brand?post=783548"},{"taxonomy":"product_cat","embeddable":true,"href":"https:\/\/roveyayinevi.com.tr\/index.php\/wp-json\/wp\/v2\/product_cat?post=783548"},{"taxonomy":"product_tag","embeddable":true,"href":"https:\/\/roveyayinevi.com.tr\/index.php\/wp-json\/wp\/v2\/product_tag?post=783548"}],"curies":[{"name":"wp","href":"https:\/\/api.w.org\/{rel}","templated":true}]}}