{"id":783514,"date":"2026-02-26T22:07:14","date_gmt":"2026-02-26T19:07:14","guid":{"rendered":"https:\/\/roveyayinevi.com.tr\/index.php\/urun\/devrim-kurami-2\/"},"modified":"2026-04-16T02:15:03","modified_gmt":"2026-04-15T23:15:03","slug":"devrim-kurami-2","status":"publish","type":"product","link":"https:\/\/roveyayinevi.com.tr\/index.php\/urun\/devrim-kurami-2\/","title":{"rendered":"Devrim Kuram\u0131"},"content":{"rendered":"<p>Devrimlerin \u201ck\u00f6t\u00fcl\u00fc\u011f\u00fc\u201d, onlar\u0131n kurulu d\u00fczen y\u0131k\u0131c\u0131l\u0131\u011f\u0131 ile ba\u011flant\u0131l\u0131d\u0131r. Bu kurulu d\u00fczen y\u0131k\u0131c\u0131l\u0131\u011f\u0131, asl\u0131nda hi\u00e7 de k\u00f6t\u00fc bir \u015fey de\u011fildir. Burada sorulmas\u0131 gereken, devrimlerin hangi kurulu d\u00fczenleri y\u0131kt\u0131\u011f\u0131d\u0131r? Y\u0131k\u0131lan d\u00fczenler, tiranla\u015fan, ezen, y\u0131\u011f\u0131nlardan yana olmayan \u00e7arp\u0131k d\u00fczenlerdir.Ger\u00e7ek bir devrim, ne bir su\u00e7 ne bir cinnettir: Her \u015fey ba\u015far\u0131s\u0131z kald\u0131\u011f\u0131nda ve devrim d\u00fc\u015f\u00fcncesi bu toplumsal ba\u015far\u0131s\u0131zl\u0131k alg\u0131lamas\u0131na dayand\u0131\u011f\u0131nda, kurulu d\u00fczeni de\u011fi\u015ftirmek i\u00e7in \u015fiddetin benimsenmesidir.Bir an devrimlerin olmad\u0131\u011f\u0131n\u0131, egemenlerden, s\u00f6m\u00fcr\u00fcc\u00fclerden yana olan, herkesten yana olmayan kurulu d\u00fczenlerin y\u0131k\u0131lamad\u0131\u011f\u0131n\u0131, y\u0131\u011f\u0131nlar\u0131 soyup so\u011fana \u00e7eviren kanlar\u0131n\u0131 i\u00e7en egemenlerin bu yapt\u0131klar\u0131yla kald\u0131\u011f\u0131n\u0131, d\u00fcnyan\u0131n bu k\u00f6t\u00fcl\u00fcklerle \u00f6ylece d\u00f6nd\u00fc\u011f\u00fcn\u00fc d\u00fc\u015f\u00fcnelim. Bunun kazanan\u0131 kim olacakt\u0131r? \u00d6zg\u00fcrl\u00fc\u011f\u00fcn e\u015fitli\u011fin karde\u015fli\u011fin eme\u011fin insanca ya\u015fama \u00f6zlemlerinin kaybeden tarafta oldu\u011fu bir d\u00fcnya ya\u015fanmaya de\u011fer mi?<\/p>\n","protected":false},"excerpt":{"rendered":"<p>Devrimlerin \u201ck\u00f6t\u00fcl\u00fc\u011f\u00fc\u201d, onlar\u0131n kurulu d\u00fczen y\u0131k\u0131c\u0131l\u0131\u011f\u0131 ile ba\u011flant\u0131l\u0131d\u0131r. Bu kurulu d\u00fczen y\u0131k\u0131c\u0131l\u0131\u011f\u0131, asl\u0131nda hi\u00e7 de k\u00f6t\u00fc bir \u015fey de\u011fildir. Burada sorulmas\u0131 gereken, devrimlerin hangi kurulu d\u00fczenleri<span class=\"excerpt-hellip\"> [\u2026]<\/span><\/p>\n","protected":false},"featured_media":0,"template":"","meta":{"_monsterinsights_skip_tracking":false,"_monsterinsights_sitenote_active":false,"_monsterinsights_sitenote_note":"","_monsterinsights_sitenote_category":0},"product_brand":[],"product_cat":[16038,12388],"product_tag":[],"class_list":{"0":"post-783514","1":"product","2":"type-product","3":"status-publish","5":"product_cat-arastirma-inceleme-referans-felsefe","6":"product_cat-felsefe","7":"pa_cilt-ciltsiz","8":"pa_tur-kitap","9":"pa_yayinevi-baris-kitap","10":"pa_yazar-celalettin-gungor","12":"first","13":"instock","14":"sale","15":"shipping-taxable","16":"purchasable","17":"product-type-simple"},"_links":{"self":[{"href":"https:\/\/roveyayinevi.com.tr\/index.php\/wp-json\/wp\/v2\/product\/783514","targetHints":{"allow":["GET"]}}],"collection":[{"href":"https:\/\/roveyayinevi.com.tr\/index.php\/wp-json\/wp\/v2\/product"}],"about":[{"href":"https:\/\/roveyayinevi.com.tr\/index.php\/wp-json\/wp\/v2\/types\/product"}],"wp:attachment":[{"href":"https:\/\/roveyayinevi.com.tr\/index.php\/wp-json\/wp\/v2\/media?parent=783514"}],"wp:term":[{"taxonomy":"product_brand","embeddable":true,"href":"https:\/\/roveyayinevi.com.tr\/index.php\/wp-json\/wp\/v2\/product_brand?post=783514"},{"taxonomy":"product_cat","embeddable":true,"href":"https:\/\/roveyayinevi.com.tr\/index.php\/wp-json\/wp\/v2\/product_cat?post=783514"},{"taxonomy":"product_tag","embeddable":true,"href":"https:\/\/roveyayinevi.com.tr\/index.php\/wp-json\/wp\/v2\/product_tag?post=783514"}],"curies":[{"name":"wp","href":"https:\/\/api.w.org\/{rel}","templated":true}]}}