{"id":783460,"date":"2026-02-26T21:52:19","date_gmt":"2026-02-26T18:52:19","guid":{"rendered":"https:\/\/roveyayinevi.com.tr\/index.php\/urun\/gazali-ve-nedensellik\/"},"modified":"2026-04-16T02:05:52","modified_gmt":"2026-04-15T23:05:52","slug":"gazali-ve-nedensellik","status":"publish","type":"product","link":"https:\/\/roveyayinevi.com.tr\/index.php\/urun\/gazali-ve-nedensellik\/","title":{"rendered":"Gazali ve Nedensellik"},"content":{"rendered":"<p>Daha ilk \u00e7a\u011flarda, \u00f6zellikle Aristoteles felsefesinde \u00f6nemli bir yer i\u015fgal eden nedensellik problemi \u0130sl\u00e2m d\u00fcnyas\u0131nda filozoflarla kel\u00e2mc\u0131lar\u0131 kar\u015f\u0131 kar\u015f\u0131ya getirmi\u015f ve Gaz\u00e2l\u00ee\u2019nin tart\u0131\u015ft\u0131\u011f\u0131 \u00f6nemli meselelerden biri olarak ortaya \u00e7\u0131km\u0131\u015ft\u0131r. D\u00fc\u015f\u00fcnce tarihinin ilk d\u00f6nemlerinden itibaren evrendeki d\u00fczenin de\u011fi\u015fmez bir yasal\u0131l\u0131\u011fa tabi oldu\u011fu d\u00fc\u015f\u00fcncesi b\u00fcy\u00fck \u00f6l\u00e7\u00fcde kabul g\u00f6r\u00fcyordu. Ancak teistik dinlerin tanr\u0131 tasavvuru onlar i\u00e7in s\u00f6z konusu olmad\u0131\u011f\u0131ndan, Tanr\u0131-\u00e2lem ili\u015fkisi s\u00f6z konusu \ufffcTan\u0131t\u0131m Metni<\/p>\n","protected":false},"excerpt":{"rendered":"<p>Daha ilk \u00e7a\u011flarda, \u00f6zellikle Aristoteles felsefesinde \u00f6nemli bir yer i\u015fgal eden nedensellik problemi \u0130sl\u00e2m d\u00fcnyas\u0131nda filozoflarla kel\u00e2mc\u0131lar\u0131 kar\u015f\u0131 kar\u015f\u0131ya getirmi\u015f ve Gaz\u00e2l\u00ee\u2019nin tart\u0131\u015ft\u0131\u011f\u0131 \u00f6nemli meselelerden biri<span class=\"excerpt-hellip\"> [\u2026]<\/span><\/p>\n","protected":false},"featured_media":0,"template":"","meta":{"_monsterinsights_skip_tracking":false,"_monsterinsights_sitenote_active":false,"_monsterinsights_sitenote_note":"","_monsterinsights_sitenote_category":0},"product_brand":[],"product_cat":[12389,12388],"product_tag":[],"class_list":{"0":"post-783460","1":"product","2":"type-product","3":"status-publish","5":"product_cat-diger-felsefe","6":"product_cat-felsefe","7":"pa_tur-kitap","8":"pa_yayinevi-elis-yayinlari","9":"pa_yazar-yasar-turkben","11":"first","12":"instock","13":"sale","14":"shipping-taxable","15":"purchasable","16":"product-type-simple"},"_links":{"self":[{"href":"https:\/\/roveyayinevi.com.tr\/index.php\/wp-json\/wp\/v2\/product\/783460","targetHints":{"allow":["GET"]}}],"collection":[{"href":"https:\/\/roveyayinevi.com.tr\/index.php\/wp-json\/wp\/v2\/product"}],"about":[{"href":"https:\/\/roveyayinevi.com.tr\/index.php\/wp-json\/wp\/v2\/types\/product"}],"wp:attachment":[{"href":"https:\/\/roveyayinevi.com.tr\/index.php\/wp-json\/wp\/v2\/media?parent=783460"}],"wp:term":[{"taxonomy":"product_brand","embeddable":true,"href":"https:\/\/roveyayinevi.com.tr\/index.php\/wp-json\/wp\/v2\/product_brand?post=783460"},{"taxonomy":"product_cat","embeddable":true,"href":"https:\/\/roveyayinevi.com.tr\/index.php\/wp-json\/wp\/v2\/product_cat?post=783460"},{"taxonomy":"product_tag","embeddable":true,"href":"https:\/\/roveyayinevi.com.tr\/index.php\/wp-json\/wp\/v2\/product_tag?post=783460"}],"curies":[{"name":"wp","href":"https:\/\/api.w.org\/{rel}","templated":true}]}}