{"id":783438,"date":"2026-02-26T21:48:32","date_gmt":"2026-02-26T18:48:32","guid":{"rendered":"https:\/\/roveyayinevi.com.tr\/index.php\/urun\/cumhuriyetin-tarihi\/"},"modified":"2026-04-16T02:02:42","modified_gmt":"2026-04-15T23:02:42","slug":"cumhuriyetin-tarihi","status":"publish","type":"product","link":"https:\/\/roveyayinevi.com.tr\/index.php\/urun\/cumhuriyetin-tarihi\/","title":{"rendered":"Cumhuriyetin Tarihi"},"content":{"rendered":"<p>Bu kitap, ya\u015famakta olduklar\u0131m\u0131z\u0131 do\u011fru \u00e7\u00f6z\u00fcmleyebilmek ve ya\u015fayacaklar\u0131m\u0131z i\u00e7in isabetli bir \u00f6ng\u00f6r\u00fcde bulunabilmek i\u00e7in, yakla\u015f\u0131k y\u00fcz y\u0131ld\u0131r ya\u015fad\u0131klar\u0131m\u0131z\u0131 ortaya koyma \u00e7abas\u0131n\u0131n bir \u00fcr\u00fcn\u00fc olmu\u015ftur. Okuyucu bu kitapta, bug\u00fcn\u00fcn T\u00fcrkiyesinde halk\u0131n iradesini temsil eden ve \u00fcst\u00fcnde irade olamad\u0131\u011f\u0131 ifade edilen ve kabul edilen siyasi sistem gere\u011fi b\u00f6ylede olmas\u0131 gereken Meclisin \u00fczerinde irade olamaya \u00e7al\u0131\u015fanlar\u0131n ilk \u00f6rneklerini 23 Nisan 1920de faaliyetine ba\u015flayan Mecliste bulunabilir ve halk\u0131n iradesine m\u00fcdahalenin T\u00fcrkiyede k\u00f6kl\u00fc bir gelene\u011fe sahip oldu\u011funu g\u00f6rebilir; halk\u0131n iradesini ifade bi\u00e7imi olan se\u00e7imlere m\u00fcdahale ederek sonucu istedi\u011fi gibi in\u015fa etmeye \u00e7al\u0131\u015fanlar\u0131n yakla\u015f\u0131k y\u00fcz y\u0131ld\u0131r devlet kurumunun \u00f6nemli noktalar\u0131nda yer ald\u0131klar\u0131n\u0131 fark edebilir; halk\u0131n iradesi s\u00f6ylemine s\u0131ms\u0131k\u0131 sar\u0131lan ancak bu irade kendi iradesini onayl\u0131yorsa kabul eden, yoksa halk\u0131 cahil s\u00fcr\u00fcs\u00fc olarak alg\u0131layan zihniyetin sahiplerinin yine y\u00fczy\u0131l\u0131 a\u015fk\u0131n s\u00fcredir bu \u00fclkede iktidar olduklar\u0131 tespit edilebilir; bu \u00fclkede birilerinin \u00fclkeyi her \u015feyi ile ki\u015fisel mal\u0131 gibi kullanma ve y\u00f6nlendirme zihniyetine sahip oldu\u011funu fark edebilir; b\u00fct\u00fcn manip\u00fclasyonlara ve y\u00f6nlendirmelere ra\u011fmen, halk\u0131n iradesini biraz ortaya koyma tavr\u0131n\u0131 sergiledi\u011fi zaman, bunun hemen ses getirdi\u011finin y\u00fczy\u0131ll\u0131k s\u00fcre\u00e7te bir\u00e7ok \u00f6rne\u011fini bulabilirizHi\u00e7 ku\u015fkusuz T\u00fcrkiyenin yak\u0131n tarihiyle ilgili say\u0131s\u0131z denecek kadar makale ve kitap yay\u0131nlanm\u0131\u015ft\u0131r. Bu durumda, bu \u00e7al\u0131\u015fman\u0131n s\u00fcreci bilmeye katk\u0131s\u0131n\u0131n ne oldu\u011fu sorulabilir. B\u00f6ylesi hakl\u0131 soruya verilebilecek en k\u0131sa cevap, \u00e7al\u0131\u015fman\u0131n konuyu ele \u00f6n yarg\u0131l\u0131 ele almad\u0131\u011f\u0131d\u0131r. Bu \u00e7al\u0131\u015fman\u0131n herhangi bir \u015fekilde \u00f6vg\u00fc ya da s\u00f6vg\u00fc amac\u0131 yoktur. Bu \u00e7al\u0131\u015fman\u0131n ikinci \u00f6nemli \u00f6zelli\u011fi, t\u00fcm s\u00fcreci konu edinme gibi bir amaca sahiptir. <\/p>\n","protected":false},"excerpt":{"rendered":"<p>Bu kitap, ya\u015famakta olduklar\u0131m\u0131z\u0131 do\u011fru \u00e7\u00f6z\u00fcmleyebilmek ve ya\u015fayacaklar\u0131m\u0131z i\u00e7in isabetli bir \u00f6ng\u00f6r\u00fcde bulunabilmek i\u00e7in, yakla\u015f\u0131k y\u00fcz y\u0131ld\u0131r ya\u015fad\u0131klar\u0131m\u0131z\u0131 ortaya koyma \u00e7abas\u0131n\u0131n bir \u00fcr\u00fcn\u00fc olmu\u015ftur. Okuyucu bu<span class=\"excerpt-hellip\"> [\u2026]<\/span><\/p>\n","protected":false},"featured_media":0,"template":"","meta":{"_monsterinsights_skip_tracking":false,"_monsterinsights_sitenote_active":false,"_monsterinsights_sitenote_note":"","_monsterinsights_sitenote_category":0},"product_brand":[],"product_cat":[12304,13493],"product_tag":[],"class_list":{"0":"post-783438","1":"product","2":"type-product","3":"status-publish","5":"product_cat-tarih","6":"product_cat-turkiye-ve-cumhuriyet-tarihi","7":"pa_tur-kitap","8":"pa_yayinevi-pinar-yayinlari","9":"pa_yazar-celaleddin-vatandas","11":"first","12":"instock","13":"sale","14":"shipping-taxable","15":"purchasable","16":"product-type-simple"},"_links":{"self":[{"href":"https:\/\/roveyayinevi.com.tr\/index.php\/wp-json\/wp\/v2\/product\/783438","targetHints":{"allow":["GET"]}}],"collection":[{"href":"https:\/\/roveyayinevi.com.tr\/index.php\/wp-json\/wp\/v2\/product"}],"about":[{"href":"https:\/\/roveyayinevi.com.tr\/index.php\/wp-json\/wp\/v2\/types\/product"}],"wp:attachment":[{"href":"https:\/\/roveyayinevi.com.tr\/index.php\/wp-json\/wp\/v2\/media?parent=783438"}],"wp:term":[{"taxonomy":"product_brand","embeddable":true,"href":"https:\/\/roveyayinevi.com.tr\/index.php\/wp-json\/wp\/v2\/product_brand?post=783438"},{"taxonomy":"product_cat","embeddable":true,"href":"https:\/\/roveyayinevi.com.tr\/index.php\/wp-json\/wp\/v2\/product_cat?post=783438"},{"taxonomy":"product_tag","embeddable":true,"href":"https:\/\/roveyayinevi.com.tr\/index.php\/wp-json\/wp\/v2\/product_tag?post=783438"}],"curies":[{"name":"wp","href":"https:\/\/api.w.org\/{rel}","templated":true}]}}