{"id":783391,"date":"2026-02-26T03:38:18","date_gmt":"2026-02-26T00:38:18","guid":{"rendered":"https:\/\/roveyayinevi.com.tr\/index.php\/urun\/ataturk-cizgi-roman\/"},"modified":"2026-04-15T03:35:44","modified_gmt":"2026-04-15T00:35:44","slug":"ataturk-cizgi-roman","status":"publish","type":"product","link":"https:\/\/roveyayinevi.com.tr\/index.php\/urun\/ataturk-cizgi-roman\/","title":{"rendered":"Atat\u00fcrk (\u00c7izgi Roman)"},"content":{"rendered":"<p>1927 y\u0131l\u0131nda T\u00fcrkiye Cumhuriyeti Cumhurba\u015fkan\u0131 MUSTAFA KEMAL, partisinin mebuslar\u0131n\u0131n \u00f6n\u00fcnde sonradan NUTUK ad\u0131yla me\u015fhur olacak uzun bir konu\u015fma yapt\u0131. Otuz alt\u0131 saatten uzun bir s\u00fcre boyunca, gelece\u011fin ATAT\u00dcRK\u2019\u00fc ulusal bir devletin kurulu\u015f \u00f6yk\u00fcs\u00fcn\u00fc anlatt\u0131. Birinci D\u00fcnya Sava\u015f\u0131\u2019n\u0131n sonunda, bu asker \u0130stanbul h\u00fck\u00fcmetine kar\u015f\u0131 ayakland\u0131 ve Sevr Antla\u015fmas\u0131 uyar\u0131nca \u0130tilaf devletleri taraf\u0131ndan planlanan Osmanl\u0131 \u0130mparatorlu\u011fu\u2019nun par\u00e7alanmas\u0131n\u0131 reddetti. Cumhuriyeti 29 Ekim 1923\u2019te kurarak, T\u00fcrkiye\u2019yi Bat\u0131ya a\u00e7\u0131k, ba\u011f\u0131ms\u0131z ve laik bir \u00fclke haline getirme amac\u0131n\u0131 ilan etti. Bunun i\u00e7in yeni ba\u015fkenti Ankara\u2019dan bir dizi geni\u015f kapsaml\u0131 reform ger\u00e7ekle\u015ftirecekti. <\/p>\n","protected":false},"excerpt":{"rendered":"<p>1927 y\u0131l\u0131nda T\u00fcrkiye Cumhuriyeti Cumhurba\u015fkan\u0131 MUSTAFA KEMAL, partisinin mebuslar\u0131n\u0131n \u00f6n\u00fcnde sonradan NUTUK ad\u0131yla me\u015fhur olacak uzun bir konu\u015fma yapt\u0131. Otuz alt\u0131 saatten uzun bir s\u00fcre boyunca,<span class=\"excerpt-hellip\"> [\u2026]<\/span><\/p>\n","protected":false},"featured_media":0,"template":"","meta":{"_monsterinsights_skip_tracking":false,"_monsterinsights_sitenote_active":false,"_monsterinsights_sitenote_note":"","_monsterinsights_sitenote_category":0},"product_brand":[],"product_cat":[12530,12304],"product_tag":[],"class_list":{"0":"post-783391","1":"product","2":"type-product","3":"status-publish","5":"product_cat-mustafa-kemal-ataturk","6":"product_cat-tarih","7":"pa_cilt-ciltsiz","8":"pa_tur-kitap","9":"pa_yayinevi-alfa-yayinlari","10":"pa_yazar-marie-bardiaux-vaiente","12":"first","13":"instock","14":"sale","15":"shipping-taxable","16":"purchasable","17":"product-type-simple"},"_links":{"self":[{"href":"https:\/\/roveyayinevi.com.tr\/index.php\/wp-json\/wp\/v2\/product\/783391","targetHints":{"allow":["GET"]}}],"collection":[{"href":"https:\/\/roveyayinevi.com.tr\/index.php\/wp-json\/wp\/v2\/product"}],"about":[{"href":"https:\/\/roveyayinevi.com.tr\/index.php\/wp-json\/wp\/v2\/types\/product"}],"wp:attachment":[{"href":"https:\/\/roveyayinevi.com.tr\/index.php\/wp-json\/wp\/v2\/media?parent=783391"}],"wp:term":[{"taxonomy":"product_brand","embeddable":true,"href":"https:\/\/roveyayinevi.com.tr\/index.php\/wp-json\/wp\/v2\/product_brand?post=783391"},{"taxonomy":"product_cat","embeddable":true,"href":"https:\/\/roveyayinevi.com.tr\/index.php\/wp-json\/wp\/v2\/product_cat?post=783391"},{"taxonomy":"product_tag","embeddable":true,"href":"https:\/\/roveyayinevi.com.tr\/index.php\/wp-json\/wp\/v2\/product_tag?post=783391"}],"curies":[{"name":"wp","href":"https:\/\/api.w.org\/{rel}","templated":true}]}}