{"id":783389,"date":"2026-02-26T03:34:11","date_gmt":"2026-02-26T00:34:11","guid":{"rendered":"https:\/\/roveyayinevi.com.tr\/index.php\/urun\/ataturk-kac-yil-yasadi\/"},"modified":"2026-02-27T03:23:34","modified_gmt":"2026-02-27T00:23:34","slug":"ataturk-kac-yil-yasadi","status":"publish","type":"product","link":"https:\/\/roveyayinevi.com.tr\/index.php\/urun\/ataturk-kac-yil-yasadi\/","title":{"rendered":"Atat\u00fcrk Ka\u00e7 Y\u0131l Ya\u015fad\u0131?"},"content":{"rendered":"<p>Kitab\u0131n ad\u0131, \u00e7o\u011funuza garip gelebilir. Tabii ki \u00fclkemizin her ferdi, B\u00fcy\u00fck \u00d6nder Atat\u00fcrk&#8217;\u00fcn 1881 y\u0131l\u0131nda do\u011fdu\u011funu ve 10 Kas\u0131m 1938 y\u0131l\u0131nda vefat etti\u011fini biliyordur. Yani 57 y\u0131l ya\u015fad\u0131\u011f\u0131n\u0131\u2026 Peki hi\u00e7 d\u00fc\u015f\u00fcnd\u00fcn\u00fcz m\u00fc Atat\u00fcrk bu kadar k\u0131sa bir hayat\u0131n acaba ka\u00e7 y\u0131l\u0131n\u0131 kendisi i\u00e7in ya\u015fad\u0131? Mustafa Kemal Atat\u00fcrk 57 y\u0131ll\u0131k \u00f6mr\u00fcn\u00fcn 17 y\u0131l\u0131n\u0131, ilkokul ve disiplinli asker\u00ee e\u011fitime harcad\u0131. 18 y\u0131l\u0131n\u0131, s\u0131cak yatak y\u00fcz\u00fc g\u00f6rmeden sava\u015flarla -bir cepheden di\u011ferine ko\u015farak-, tehdit edilerek, s\u00fcrg\u00fcne g\u00f6nderilerek, hapis yatarak, kendisine \u00e7\u0131kar\u0131lan \u00f6l\u00fcm ferman\u0131yla ve suikast giri\u015fimleriyle, 15 y\u0131l\u0131n\u0131 da Cumhuriyet&#8217;in kurulu\u015fu ve geli\u015fmesi i\u00e7in bir\u00e7ok zorluklarla u\u011fra\u015farak ge\u00e7irdi. \u00d6mr\u00fcnden t\u00fcm bu y\u0131llar\u0131 \u00e7\u0131kar\u0131rsan\u0131z geriye yaln\u0131zca 7 y\u0131l kal\u0131yor. Mustafa Kemal rahat b\u0131rak\u0131lsayd\u0131, acaba bu \u00fclke i\u00e7in daha neler yapard\u0131? Biz sade insanlar bile \u00e7o\u011fu zaman \u201cArt\u0131k bundan sonra ba\u015fkas\u0131 i\u00e7in de\u011fil, kendim i\u00e7in ya\u015fayaca\u011f\u0131m.\u201d deriz. Ancak Atat\u00fcrk bunu hi\u00e7 yapmad\u0131. Hayat\u0131n\u0131, halk\u0131n\u0131 kurtarmaya ve bir \u00fclke kurmaya adad\u0131. \u201cMilleti var olsun, halk\u0131n ba\u011f\u0131ms\u0131z bir \u00fclkesi olsun, alt\u0131nda gururla ya\u015fayaca\u011f\u0131 bir bayra\u011f\u0131 olsun, \u00e7ocuklar\u0131 \u00f6zg\u00fcr olsun.\u201d diye kendi \u00f6mr\u00fcn\u00fc feda etti&#8230; Ayr\u0131ca Atat\u00fcrk, kitapta okudu\u011funuzda g\u00f6rece\u011finiz \u00fczere s\u0131tma, difteri, zat\u00fcrre, kulak egzamas\u0131, b\u00f6brek rahats\u0131zl\u0131\u011f\u0131, idrar yollar\u0131 iltihab\u0131, g\u00f6z rahats\u0131zl\u0131\u011f\u0131, cephelerde yaralanmalar, ate\u015fli hastal\u0131klar, di\u015f problemleri, kaburga kemi\u011fi k\u0131r\u0131\u011f\u0131, kalp krizleri ve karaci\u011fer rahats\u0131zl\u0131\u011f\u0131 gibi bir\u00e7ok hastal\u0131kla u\u011fra\u015ft\u0131. Acaba sa\u011fl\u0131\u011f\u0131 tam yerinde olsayd\u0131, T\u00fcrkiye i\u00e7in daha neler yapard\u0131? Ne kadar \u015fansl\u0131y\u0131z ki d\u00fcnyaya y\u00fczy\u0131lda bir gelen, o da bize nasip olan b\u00fcy\u00fck deha, bir\u00e7ok devrimi ger\u00e7ekle\u015ftirerek T\u00fcrkiye&#8217;nin kurtar\u0131c\u0131s\u0131 oldu. O gittikten sonra hem \u00fclkemizde hem de d\u00fcnyada olanlara \u015f\u00f6yle bir bakarsak Mustafa Kemal Atat\u00fcrk&#8217;\u00fcn, ne b\u00fcy\u00fck bir kahraman ve b\u00fcy\u00fck bir devlet adam\u0131 oldu\u011funu daha iyi anlar\u0131z.<\/p>\n","protected":false},"excerpt":{"rendered":"<p>Kitab\u0131n ad\u0131, \u00e7o\u011funuza garip gelebilir. Tabii ki \u00fclkemizin her ferdi, B\u00fcy\u00fck \u00d6nder Atat\u00fcrk&#8217;\u00fcn 1881 y\u0131l\u0131nda do\u011fdu\u011funu ve 10 Kas\u0131m 1938 y\u0131l\u0131nda vefat etti\u011fini biliyordur. Yani 57<span class=\"excerpt-hellip\"> [\u2026]<\/span><\/p>\n","protected":false},"featured_media":0,"template":"","meta":{"_monsterinsights_skip_tracking":false,"_monsterinsights_sitenote_active":false,"_monsterinsights_sitenote_note":"","_monsterinsights_sitenote_category":0},"product_brand":[],"product_cat":[12530,12304],"product_tag":[],"class_list":{"0":"post-783389","1":"product","2":"type-product","3":"status-publish","5":"product_cat-mustafa-kemal-ataturk","6":"product_cat-tarih","7":"pa_cilt-ciltsiz","8":"pa_tur-kitap","9":"pa_yayinevi-nobel-bilimsel-eserler","10":"pa_yazar-kubilay-celik","12":"first","13":"instock","14":"sale","15":"shipping-taxable","16":"purchasable","17":"product-type-simple"},"_links":{"self":[{"href":"https:\/\/roveyayinevi.com.tr\/index.php\/wp-json\/wp\/v2\/product\/783389","targetHints":{"allow":["GET"]}}],"collection":[{"href":"https:\/\/roveyayinevi.com.tr\/index.php\/wp-json\/wp\/v2\/product"}],"about":[{"href":"https:\/\/roveyayinevi.com.tr\/index.php\/wp-json\/wp\/v2\/types\/product"}],"wp:attachment":[{"href":"https:\/\/roveyayinevi.com.tr\/index.php\/wp-json\/wp\/v2\/media?parent=783389"}],"wp:term":[{"taxonomy":"product_brand","embeddable":true,"href":"https:\/\/roveyayinevi.com.tr\/index.php\/wp-json\/wp\/v2\/product_brand?post=783389"},{"taxonomy":"product_cat","embeddable":true,"href":"https:\/\/roveyayinevi.com.tr\/index.php\/wp-json\/wp\/v2\/product_cat?post=783389"},{"taxonomy":"product_tag","embeddable":true,"href":"https:\/\/roveyayinevi.com.tr\/index.php\/wp-json\/wp\/v2\/product_tag?post=783389"}],"curies":[{"name":"wp","href":"https:\/\/api.w.org\/{rel}","templated":true}]}}