{"id":783383,"date":"2026-02-26T03:12:29","date_gmt":"2026-02-26T00:12:29","guid":{"rendered":"https:\/\/roveyayinevi.com.tr\/index.php\/urun\/mustafa-kemal-ile-yeniden-dogus\/"},"modified":"2026-02-27T03:01:30","modified_gmt":"2026-02-27T00:01:30","slug":"mustafa-kemal-ile-yeniden-dogus","status":"publish","type":"product","link":"https:\/\/roveyayinevi.com.tr\/index.php\/urun\/mustafa-kemal-ile-yeniden-dogus\/","title":{"rendered":"Mustafa Kemal \u0130le Yeniden Do\u011fu\u015f"},"content":{"rendered":"<p>29 Ekim 1933 g\u00fcn\u00fc ne diyordu Atat\u00fcrk: \u201cYurtta\u015flar\u0131m!Az zamanda \u00e7ok ve b\u00fcy\u00fck i\u015fler yapt\u0131k. Bu i\u015flerin en b\u00fcy\u00fc\u011f\u00fc, temeli, T\u00fcrk kahramanl\u0131\u011f\u0131 ve y\u00fcksek T\u00fcrk k\u00fclt\u00fcr\u00fc olan T\u00fcrkiye Cumhuriyeti&#8217;dir. Bundaki muvaffakiyeti, T\u00fcrk milletinin ve onun de\u011ferli ordusunun bir ve beraber olarak, azimk\u00e2rane y\u00fcr\u00fcmesine bor\u00e7luyuz. Fakat yapt\u0131klar\u0131m\u0131z\u0131 asla k\u00e2fi g\u00f6remeyiz; \u00e7\u00fcnk\u00fc daha \u00e7ok ve daha b\u00fcy\u00fck i\u015fler yapmak mecburiyetinde ve azmindeyiz. Yurdumuzu, d\u00fcnyan\u0131n en mamur ve en meden\u00ee memleketleri seviyesine \u00e7\u0131karaca\u011f\u0131z. Milletimizi, en geni\u015f, refah, vas\u0131ta ve kaynaklar\u0131na sahip k\u0131laca\u011f\u0131z. Mill\u00ee k\u00fclt\u00fcr\u00fcm\u00fcz\u00fc, muas\u0131r medeniyet seviyesinin \u00fcst\u00fcne \u00e7\u0131karaca\u011f\u0131z. Bunun i\u00e7in, bizce zaman \u00f6l\u00e7\u00fcs\u00fc, ge\u00e7mi\u015f as\u0131rlar\u0131n gev\u015fetici zihniyetine g\u00f6re de\u011fil, asr\u0131m\u0131z\u0131n s\u00fcrat ve hareket mefhumuna g\u00f6re d\u00fc\u015f\u00fcn\u00fclmelidir. Ge\u00e7en zamana nispetle daha \u00e7ok \u00e7al\u0131\u015faca\u011f\u0131z, daha az zamanda daha b\u00fcy\u00fck i\u015fler ba\u015faraca\u011f\u0131z. Bunda da muvaffak olaca\u011f\u0131m\u0131za \u015f\u00fcphem yoktur.\u201d<\/p>\n","protected":false},"excerpt":{"rendered":"<p>29 Ekim 1933 g\u00fcn\u00fc ne diyordu Atat\u00fcrk: \u201cYurtta\u015flar\u0131m!Az zamanda \u00e7ok ve b\u00fcy\u00fck i\u015fler yapt\u0131k. Bu i\u015flerin en b\u00fcy\u00fc\u011f\u00fc, temeli, T\u00fcrk kahramanl\u0131\u011f\u0131 ve y\u00fcksek T\u00fcrk k\u00fclt\u00fcr\u00fc olan<span class=\"excerpt-hellip\"> [\u2026]<\/span><\/p>\n","protected":false},"featured_media":0,"template":"","meta":{"_monsterinsights_skip_tracking":false,"_monsterinsights_sitenote_active":false,"_monsterinsights_sitenote_note":"","_monsterinsights_sitenote_category":0},"product_brand":[],"product_cat":[12530,12304],"product_tag":[],"class_list":{"0":"post-783383","1":"product","2":"type-product","3":"status-publish","5":"product_cat-mustafa-kemal-ataturk","6":"product_cat-tarih","7":"pa_cilt-ciltsiz","8":"pa_tur-kitap","9":"pa_yayinevi-parola-yayinlari","10":"pa_yazar-s-eris-ulger","12":"first","13":"instock","14":"sale","15":"shipping-taxable","16":"purchasable","17":"product-type-simple"},"_links":{"self":[{"href":"https:\/\/roveyayinevi.com.tr\/index.php\/wp-json\/wp\/v2\/product\/783383","targetHints":{"allow":["GET"]}}],"collection":[{"href":"https:\/\/roveyayinevi.com.tr\/index.php\/wp-json\/wp\/v2\/product"}],"about":[{"href":"https:\/\/roveyayinevi.com.tr\/index.php\/wp-json\/wp\/v2\/types\/product"}],"wp:attachment":[{"href":"https:\/\/roveyayinevi.com.tr\/index.php\/wp-json\/wp\/v2\/media?parent=783383"}],"wp:term":[{"taxonomy":"product_brand","embeddable":true,"href":"https:\/\/roveyayinevi.com.tr\/index.php\/wp-json\/wp\/v2\/product_brand?post=783383"},{"taxonomy":"product_cat","embeddable":true,"href":"https:\/\/roveyayinevi.com.tr\/index.php\/wp-json\/wp\/v2\/product_cat?post=783383"},{"taxonomy":"product_tag","embeddable":true,"href":"https:\/\/roveyayinevi.com.tr\/index.php\/wp-json\/wp\/v2\/product_tag?post=783383"}],"curies":[{"name":"wp","href":"https:\/\/api.w.org\/{rel}","templated":true}]}}