{"id":783376,"date":"2026-02-26T02:56:12","date_gmt":"2026-02-25T23:56:12","guid":{"rendered":"https:\/\/roveyayinevi.com.tr\/index.php\/urun\/mustafa-kemal-ataturk-doneminin-oteki-tarihi-3\/"},"modified":"2026-02-27T02:46:07","modified_gmt":"2026-02-26T23:46:07","slug":"mustafa-kemal-ataturk-doneminin-oteki-tarihi-3","status":"publish","type":"product","link":"https:\/\/roveyayinevi.com.tr\/index.php\/urun\/mustafa-kemal-ataturk-doneminin-oteki-tarihi-3\/","title":{"rendered":"Mustafa Kemal Atat\u00fcrk D\u00f6nemi\u2019nin \u00d6teki Tarihi 3"},"content":{"rendered":"<p>Mustafa Kemal D\u00f6nemi dizisinin 3. ve son kitab\u0131nda 1934-1938 aras\u0131nda parti-devlet b\u00fct\u00fcnle\u015fmesinin ve lider k\u00fclt\u00fcn\u00fcn in\u015fas\u0131 s\u00fcrecindeki \u00f6nemli d\u00f6n\u00fcm noktalar\u0131n\u0131 ele alan Ay\u015fe H\u00fcr, I\u0307ska\u0302n Kanunu\u2019nu ve Trakya Olaylar\u0131n\u0131; Tunceli Kanunu\u2019nu ve Dersim harekatlar\u0131n\u0131; Soyad\u0131 Kanunu\u2019nu ve ard\u0131ndan Mustafa Kemal\u2019in Atat\u00fcrk soyad\u0131n\u0131 al\u0131\u015f\u0131n\u0131; G\u00fcne\u015f Dil Teorisi\u2019nin icad\u0131n\u0131, Dil Kurultaylar\u0131n\u0131 ve Halkevlerini; \u015eark musikisinden Bat\u0131 m\u00fczi\u011fine ge\u00e7me \u00e7abalar\u0131n\u0131; kad\u0131nlara se\u00e7me ve se\u00e7ilme hakk\u0131n\u0131n tan\u0131nmas\u0131n\u0131; Kemalizm ideolojisinin \u015fekillenmesini ve Atat\u00fcrk\u2019\u00fcn Nazi, Nazilerin Atat\u00fcrk alg\u0131s\u0131n\u0131; Balkan Antant\u0131 s\u00fcrecinde Ayasofya\u2019n\u0131n m\u00fcze yap\u0131lmas\u0131n\u0131, Atat\u00fcrk d\u00f6neminin din ve laiklik anlay\u0131\u015f\u0131n\u0131; Atat\u00fcrk\u2019\u00fcn \u00c7ankaya sofralar\u0131n\u0131 ve Cumhuriyet\u2019in bayramlar\u0131n\u0131; \u0130ran\u2019la opera diplomasisini ve Hatay Devleti\u2019nin ilhak\u0131n\u0131; nihayet Atat\u00fcrk\u2019\u00fcn hastal\u0131\u011f\u0131n\u0131, son g\u00fcnlerini, miras\u0131n\u0131 ve 15 y\u0131l s\u00fcren cenaze t\u00f6renini anlat\u0131yor.              \u0130\u00e7indekiler;   \u00b7         1934 \u0130sk\u00e2n Kanunu          \u00b7         1934 Trakya Olaylar\u0131       \u00b7         1934 Soyad\u0131 Kanunu       \u00b7         Atat\u00fcrk Ad\u0131 Nas\u0131l Verildi? \u00b7         Kemalizm \u0130deolojisinin Do\u011fu\u015fu   \u00b7         Kemalistlerin Nazi, Nazilerin Atat\u00fcrk Alg\u0131s\u0131         \u00b7         Atat\u00fcrk, Mehmetler ve Jonnyler  \u00b7         \u0130ran\u2019la Opera Diplomasisi \u00b7         Balkan Antant\u0131 ve Ayasofya\u2019n\u0131n M\u00fcze Yap\u0131lmas\u0131           \u00b7         \u015eark Musikisinden Garp M\u00fczi\u011fine          \u00b7         T\u00fcrk Oca\u011f\u0131\u2019n\u0131n Miras\u00e7\u0131s\u0131: Halkevleri       \u00b7         Cumhuriyet\u2019in Bayramlar\u0131, Kutlamalar\u0131   \u00b7         \u00c7ankaya K\u00f6\u015fk\u00fc ve \u201cSofra Akademisi\u201d    \u00b7         1930\u2019larda Kemalistler \u0130\u00e7in Dersimliler Kimdir?  \u00b7         Tunceli Vilayeti\u2019nin Kurulmas\u0131                 \u00b7         1937 Birinci Dersim Harek\u00e2t\u0131      \u00b7         1937 Karak\u00f6pr\u00fc Facias\u0131   \u00b7         \u0130n\u00f6n\u00fc\u2019n\u00fcn Ba\u015fbakanl\u0131ktan Uzakla\u015ft\u0131r\u0131lmas\u0131        \u00b7         1938 \u0130kinci Dersim Harek\u00e2t\u0131        \u00b7         1937 &#8211; 1938 Y\u0131llar\u0131 Aras\u0131nda \u0130n\u00f6n\u00fc &#8211; Atat\u00fcrk \u0130li\u015fkileri     \u00b7         1938 Donanma Davas\u0131    \u00b7         Sancak\u2019\u0131n Hatay Olmas\u0131 ve \u0130lhak Edilmesi         \u00b7         Atat\u00fcrk\u2019\u00fcn Miras\u0131 ve Vasiyetnamesi        \u00b7         Atat\u00fcrk\u2019\u00fcn Hastal\u0131\u011f\u0131 ve \u00d6l\u00fcm\u00fc \u00b7         Atat\u00fcrk\u2019\u00fcn 15 Y\u0131l S\u00fcren Cenaze T\u00f6reni <\/p>\n","protected":false},"excerpt":{"rendered":"<p>Mustafa Kemal D\u00f6nemi dizisinin 3. ve son kitab\u0131nda 1934-1938 aras\u0131nda parti-devlet b\u00fct\u00fcnle\u015fmesinin ve lider k\u00fclt\u00fcn\u00fcn in\u015fas\u0131 s\u00fcrecindeki \u00f6nemli d\u00f6n\u00fcm noktalar\u0131n\u0131 ele alan Ay\u015fe H\u00fcr, I\u0307ska\u0302n Kanunu\u2019nu<span class=\"excerpt-hellip\"> [\u2026]<\/span><\/p>\n","protected":false},"featured_media":0,"template":"","meta":{"_monsterinsights_skip_tracking":false,"_monsterinsights_sitenote_active":false,"_monsterinsights_sitenote_note":"","_monsterinsights_sitenote_category":0},"product_brand":[],"product_cat":[12530,12304],"product_tag":[],"class_list":{"0":"post-783376","1":"product","2":"type-product","3":"status-publish","5":"product_cat-mustafa-kemal-ataturk","6":"product_cat-tarih","7":"pa_cilt-ciltsiz","8":"pa_tur-kitap","9":"pa_yayinevi-literatur-yayinevi","10":"pa_yazar-ayse-hur","12":"first","13":"instock","14":"sale","15":"shipping-taxable","16":"purchasable","17":"product-type-simple"},"_links":{"self":[{"href":"https:\/\/roveyayinevi.com.tr\/index.php\/wp-json\/wp\/v2\/product\/783376","targetHints":{"allow":["GET"]}}],"collection":[{"href":"https:\/\/roveyayinevi.com.tr\/index.php\/wp-json\/wp\/v2\/product"}],"about":[{"href":"https:\/\/roveyayinevi.com.tr\/index.php\/wp-json\/wp\/v2\/types\/product"}],"wp:attachment":[{"href":"https:\/\/roveyayinevi.com.tr\/index.php\/wp-json\/wp\/v2\/media?parent=783376"}],"wp:term":[{"taxonomy":"product_brand","embeddable":true,"href":"https:\/\/roveyayinevi.com.tr\/index.php\/wp-json\/wp\/v2\/product_brand?post=783376"},{"taxonomy":"product_cat","embeddable":true,"href":"https:\/\/roveyayinevi.com.tr\/index.php\/wp-json\/wp\/v2\/product_cat?post=783376"},{"taxonomy":"product_tag","embeddable":true,"href":"https:\/\/roveyayinevi.com.tr\/index.php\/wp-json\/wp\/v2\/product_tag?post=783376"}],"curies":[{"name":"wp","href":"https:\/\/api.w.org\/{rel}","templated":true}]}}